{"id":7078,"date":"2018-08-03T09:11:18","date_gmt":"2018-08-03T09:11:18","guid":{"rendered":"https:\/\/www.formenteraliving.com\/?page_id=7078"},"modified":"2026-07-08T09:46:45","modified_gmt":"2026-07-08T07:46:45","slug":"inici","status":"publish","type":"page","link":"https:\/\/www.formenteraliving.com\/ca\/","title":{"rendered":"Inici"},"content":{"rendered":"<p>[et_pb_section fb_built=\u00bb1&#8243; fullwidth=\u00bbon\u00bb admin_label=\u00bbSLIDER\u00bb _builder_version=\u00bb4.10.7&#8243; da_disable_devices=\u00bboff|off|off\u00bb global_module=\u00bb13517&#8243; collapsed=\u00bbon\u00bb global_colors_info=\u00bb{}\u00bb da_is_popup=\u00bboff\u00bb da_exit_intent=\u00bboff\u00bb da_has_close=\u00bbon\u00bb da_alt_close=\u00bboff\u00bb da_dark_close=\u00bboff\u00bb da_not_modal=\u00bbon\u00bb da_is_singular=\u00bboff\u00bb da_with_loader=\u00bboff\u00bb da_has_shadow=\u00bbon\u00bb][et_pb_fullwidth_slider _builder_version=\u00bb4.16&#8243; _module_preset=\u00bbdefault\u00bb max_height=\u00bb350px\u00bb auto=\u00bbon\u00bb global_colors_info=\u00bb{}\u00bb][et_pb_slide _builder_version=\u00bb4.16&#8243; _module_preset=\u00bbdefault\u00bb background_image=\u00bbhttps:\/\/formenteraliving.com\/wp-content\/uploads\/2016\/01\/DSC_0034.jpeg\u00bb background_enable_image=\u00bbon\u00bb global_colors_info=\u00bb{}\u00bb sticky_transition=\u00bbon\u00bb][\/et_pb_slide][et_pb_slide _builder_version=\u00bb4.16&#8243; _module_preset=\u00bbdefault\u00bb background_image=\u00bbhttps:\/\/formenteraliving.com\/wp-content\/uploads\/2016\/01\/DSC_0868.jpeg\u00bb background_enable_image=\u00bbon\u00bb global_colors_info=\u00bb{}\u00bb sticky_transition=\u00bbon\u00bb][\/et_pb_slide][et_pb_slide _builder_version=\u00bb4.16&#8243; _module_preset=\u00bbdefault\u00bb background_image=\u00bbhttps:\/\/formenteraliving.com\/wp-content\/uploads\/2016\/01\/DSC_0859.jpeg\u00bb background_enable_image=\u00bbon\u00bb global_colors_info=\u00bb{}\u00bb sticky_transition=\u00bbon\u00bb][\/et_pb_slide][et_pb_slide _builder_version=\u00bb4.16&#8243; _module_preset=\u00bbdefault\u00bb background_image=\u00bbhttps:\/\/formenteraliving.com\/wp-content\/uploads\/2016\/01\/DSC_0652.jpeg\u00bb background_enable_image=\u00bbon\u00bb global_colors_info=\u00bb{}\u00bb sticky_transition=\u00bbon\u00bb][\/et_pb_slide][et_pb_slide _builder_version=\u00bb4.16&#8243; _module_preset=\u00bbdefault\u00bb background_image=\u00bbhttps:\/\/www.formenteraliving.com\/wp-content\/uploads\/2021\/09\/Fachada-principal.jpeg\u00bb background_enable_image=\u00bbon\u00bb global_colors_info=\u00bb{}\u00bb sticky_transition=\u00bbon\u00bb][\/et_pb_slide][\/et_pb_fullwidth_slider][\/et_pb_section][et_pb_section fb_built=\u00bb1&#8243; specialty=\u00bbon\u00bb admin_label=\u00bbBenvenuti\u00bb _builder_version=\u00bb4.16&#8243; background_color=\u00bb#517288&#8243; da_disable_devices=\u00bboff|off|off\u00bb collapsed=\u00bboff\u00bb global_colors_info=\u00bb{}\u00bb da_is_popup=\u00bboff\u00bb da_exit_intent=\u00bboff\u00bb da_has_close=\u00bbon\u00bb da_alt_close=\u00bboff\u00bb da_dark_close=\u00bboff\u00bb da_not_modal=\u00bbon\u00bb da_is_singular=\u00bboff\u00bb da_with_loader=\u00bboff\u00bb da_has_shadow=\u00bbon\u00bb][et_pb_column type=\u00bb1_4&#8243; _builder_version=\u00bb4.16&#8243; custom_padding=\u00bb|||\u00bb global_colors_info=\u00bb{}\u00bb custom_padding__hover=\u00bb|||\u00bb][et_pb_image src=\u00bbhttps:\/\/www.formenteraliving.com\/wp-content\/uploads\/2026\/01\/IMG_6260a.jpg\u00bb title_text=\u00bbIMG_6260a\u00bb show_bottom_space=\u00bboff\u00bb align_tablet=\u00bbcenter\u00bb align_last_edited=\u00bboff|desktop\u00bb _builder_version=\u00bb4.27.5&#8243; animation_style=\u00bbflip\u00bb animation_duration=\u00bb500ms\u00bb border_radii=\u00bbon|10px|10px|10px|10px\u00bb box_shadow_style=\u00bbpreset1&#8243; global_colors_info=\u00bb{}\u00bb][\/et_pb_image][\/et_pb_column][et_pb_column type=\u00bb3_4&#8243; specialty_columns=\u00bb3&#8243; _builder_version=\u00bb4.16&#8243; custom_padding=\u00bb|||\u00bb global_colors_info=\u00bb{}\u00bb custom_padding__hover=\u00bb|||\u00bb][et_pb_row_inner admin_label=\u00bbFila\u00bb _builder_version=\u00bb4.16&#8243; collapsed=\u00bboff\u00bb global_colors_info=\u00bb{}\u00bb][et_pb_column_inner saved_specialty_column_type=\u00bb3_4&#8243; _builder_version=\u00bb4.16&#8243; custom_padding=\u00bb|||\u00bb global_colors_info=\u00bb{}\u00bb custom_padding__hover=\u00bb|||\u00bb][et_pb_text admin_label=\u00bbTexto\u00bb _builder_version=\u00bb4.27.4&#8243; header_text_color=\u00bb#FFFFFF\u00bb global_colors_info=\u00bb{}\u00bb]<\/p>\n<h1>Oceanliving &#8211; el vostre especialista en propietats en venda i lloguer a Formentera. Des del 2007.<\/h1>\n<p>[\/et_pb_text][\/et_pb_column_inner][\/et_pb_row_inner][et_pb_row_inner column_structure=\u00bb1_2,1_2&#8243; admin_label=\u00bbFila\u00bb _builder_version=\u00bb4.16&#8243; collapsed=\u00bboff\u00bb global_colors_info=\u00bb{}\u00bb][et_pb_column_inner type=\u00bb1_2&#8243; saved_specialty_column_type=\u00bb3_4&#8243; _builder_version=\u00bb4.16&#8243; custom_padding=\u00bb|||\u00bb global_colors_info=\u00bb{}\u00bb custom_padding__hover=\u00bb|||\u00bb][et_pb_text _builder_version=\u00bb4.27.4&#8243; text_text_color=\u00bb#FFFFFF\u00bb global_colors_info=\u00bb{}\u00bb]<\/p>\n<p>Oceanliving porta m\u00e9s de 25 anys dedicats a la venda i lloguer d&#8217;immobles de prestigi. Cases amb piscina, cases amb vistes al mar i viles de luxe en Formentera i en el resto de las Islas Baleares.<\/p>\n<p><\/p>\n<p>Oceanliving garanteix als seus clients una assist\u00e8ncia seria, atenta i transparent durant tot el proc\u00e9s de compraventa i posventa.<\/p>\n<p>[\/et_pb_text][\/et_pb_column_inner][et_pb_column_inner type=\u00bb1_2&#8243; saved_specialty_column_type=\u00bb3_4&#8243; _builder_version=\u00bb4.16&#8243; custom_padding=\u00bb|||\u00bb global_colors_info=\u00bb{}\u00bb custom_padding__hover=\u00bb|||\u00bb][et_pb_text _builder_version=\u00bb4.27.4&#8243; text_text_color=\u00bb#FFFFFF\u00bb global_colors_info=\u00bb{}\u00bb]<\/p>\n<p>La nostra ag\u00e8ncia ofereix, a m\u00e9s, una amplia selecci\u00f3 de cases i viles exclusives en lloguer amb serveis sota petici\u00f3, tales com: xef a domicili, traslados privados, reserva de taules als millors restaurants, reserva d&#8217;excursions, lloguer de barres, motos i cotxes.<\/p>\n<p><\/p>\n<p>Deixeu assessorar el nostre resident personal, expert en el sector immobiliari i vacacional.<\/p>\n<p>[\/et_pb_text][\/et_pb_column_inner][\/et_pb_row_inner][et_pb_row_inner column_structure=\u00bb1_3,1_3,1_3&#8243; admin_label=\u00bbFila\u00bb _builder_version=\u00bb4.16&#8243; collapsed=\u00bboff\u00bb global_colors_info=\u00bb{}\u00bb][et_pb_column_inner type=\u00bb1_3&#8243; saved_specialty_column_type=\u00bb3_4&#8243; _builder_version=\u00bb4.16&#8243; custom_padding=\u00bb|||\u00bb global_colors_info=\u00bb{}\u00bb custom_padding__hover=\u00bb|||\u00bb][et_pb_button button_url=\u00bbhttps:\/\/www.formenteraliving.com\/ca\/properties\/transaction\/venda\/\u00bb button_text=\u00bbEN VENDA\u00bb button_alignment=\u00bbcenter\u00bb _builder_version=\u00bb4.21.0&#8243; background_layout=\u00bbdark\u00bb global_colors_info=\u00bb{}\u00bb button_text_size__hover_enabled=\u00bboff\u00bb button_one_text_size__hover_enabled=\u00bboff\u00bb button_two_text_size__hover_enabled=\u00bboff\u00bb button_text_color__hover_enabled=\u00bboff\u00bb button_one_text_color__hover_enabled=\u00bboff\u00bb button_two_text_color__hover_enabled=\u00bboff\u00bb button_border_width__hover_enabled=\u00bboff\u00bb button_one_border_width__hover_enabled=\u00bboff\u00bb button_two_border_width__hover_enabled=\u00bboff\u00bb button_border_color__hover_enabled=\u00bboff\u00bb button_one_border_color__hover_enabled=\u00bboff\u00bb button_two_border_color__hover_enabled=\u00bboff\u00bb button_border_radius__hover_enabled=\u00bboff\u00bb button_one_border_radius__hover_enabled=\u00bboff\u00bb button_two_border_radius__hover_enabled=\u00bboff\u00bb button_letter_spacing__hover_enabled=\u00bboff\u00bb button_one_letter_spacing__hover_enabled=\u00bboff\u00bb button_two_letter_spacing__hover_enabled=\u00bboff\u00bb button_bg_color__hover_enabled=\u00bboff\u00bb button_one_bg_color__hover_enabled=\u00bboff\u00bb button_two_bg_color__hover_enabled=\u00bboff\u00bb][\/et_pb_button][\/et_pb_column_inner][et_pb_column_inner type=\u00bb1_3&#8243; saved_specialty_column_type=\u00bb3_4&#8243; _builder_version=\u00bb4.16&#8243; custom_padding=\u00bb|||\u00bb global_colors_info=\u00bb{}\u00bb custom_padding__hover=\u00bb|||\u00bb][et_pb_button button_url=\u00bbhttps:\/\/www.formenteraliving.com\/ca\/properties\/transaction\/lloguer\/\u00bb button_text=\u00bbEN LLOGUER\u00bb button_alignment=\u00bbcenter\u00bb _builder_version=\u00bb4.21.0&#8243; background_layout=\u00bbdark\u00bb global_colors_info=\u00bb{}\u00bb button_text_size__hover_enabled=\u00bboff\u00bb button_one_text_size__hover_enabled=\u00bboff\u00bb button_two_text_size__hover_enabled=\u00bboff\u00bb button_text_color__hover_enabled=\u00bboff\u00bb button_one_text_color__hover_enabled=\u00bboff\u00bb button_two_text_color__hover_enabled=\u00bboff\u00bb button_border_width__hover_enabled=\u00bboff\u00bb button_one_border_width__hover_enabled=\u00bboff\u00bb button_two_border_width__hover_enabled=\u00bboff\u00bb button_border_color__hover_enabled=\u00bboff\u00bb button_one_border_color__hover_enabled=\u00bboff\u00bb button_two_border_color__hover_enabled=\u00bboff\u00bb button_border_radius__hover_enabled=\u00bboff\u00bb button_one_border_radius__hover_enabled=\u00bboff\u00bb button_two_border_radius__hover_enabled=\u00bboff\u00bb button_letter_spacing__hover_enabled=\u00bboff\u00bb button_one_letter_spacing__hover_enabled=\u00bboff\u00bb button_two_letter_spacing__hover_enabled=\u00bboff\u00bb button_bg_color__hover_enabled=\u00bboff\u00bb button_one_bg_color__hover_enabled=\u00bboff\u00bb button_two_bg_color__hover_enabled=\u00bboff\u00bb][\/et_pb_button][\/et_pb_column_inner][et_pb_column_inner type=\u00bb1_3&#8243; saved_specialty_column_type=\u00bb3_4&#8243; _builder_version=\u00bb4.16&#8243; custom_padding=\u00bb|||\u00bb global_colors_info=\u00bb{}\u00bb custom_padding__hover=\u00bb|||\u00bb][et_pb_button button_url=\u00bbhttps:\/\/www.formenteraliving.com\/ca\/contacte\/\u00bb button_text=\u00bbCONTACTE\u00bb button_alignment=\u00bbcenter\u00bb _builder_version=\u00bb4.21.0&#8243; background_layout=\u00bbdark\u00bb global_colors_info=\u00bb{}\u00bb button_text_size__hover_enabled=\u00bboff\u00bb button_one_text_size__hover_enabled=\u00bboff\u00bb button_two_text_size__hover_enabled=\u00bboff\u00bb button_text_color__hover_enabled=\u00bboff\u00bb button_one_text_color__hover_enabled=\u00bboff\u00bb button_two_text_color__hover_enabled=\u00bboff\u00bb button_border_width__hover_enabled=\u00bboff\u00bb button_one_border_width__hover_enabled=\u00bboff\u00bb button_two_border_width__hover_enabled=\u00bboff\u00bb button_border_color__hover_enabled=\u00bboff\u00bb button_one_border_color__hover_enabled=\u00bboff\u00bb button_two_border_color__hover_enabled=\u00bboff\u00bb button_border_radius__hover_enabled=\u00bboff\u00bb button_one_border_radius__hover_enabled=\u00bboff\u00bb button_two_border_radius__hover_enabled=\u00bboff\u00bb button_letter_spacing__hover_enabled=\u00bboff\u00bb button_one_letter_spacing__hover_enabled=\u00bboff\u00bb button_two_letter_spacing__hover_enabled=\u00bboff\u00bb button_bg_color__hover_enabled=\u00bboff\u00bb button_one_bg_color__hover_enabled=\u00bboff\u00bb button_two_bg_color__hover_enabled=\u00bboff\u00bb][\/et_pb_button][\/et_pb_column_inner][\/et_pb_row_inner][\/et_pb_column][\/et_pb_section][et_pb_section fb_built=\u00bb1&#8243; admin_label=\u00bbProperties\u00bb _builder_version=\u00bb4.16&#8243; custom_padding=\u00bb100px||||false|false\u00bb top_divider_style=\u00bbwave2&#8243; top_divider_color=\u00bb#517288&#8243; da_disable_devices=\u00bboff|off|off\u00bb transparent_background=\u00bboff\u00bb collapsed=\u00bbon\u00bb global_colors_info=\u00bb{}\u00bb da_is_popup=\u00bboff\u00bb da_exit_intent=\u00bboff\u00bb da_has_close=\u00bbon\u00bb da_alt_close=\u00bboff\u00bb da_dark_close=\u00bboff\u00bb da_not_modal=\u00bbon\u00bb da_is_singular=\u00bboff\u00bb da_with_loader=\u00bboff\u00bb da_has_shadow=\u00bbon\u00bb][et_pb_row _builder_version=\u00bb4.16&#8243; background_size=\u00bbinitial\u00bb background_position=\u00bbtop_left\u00bb background_repeat=\u00bbrepeat\u00bb collapsed=\u00bboff\u00bb global_colors_info=\u00bb{}\u00bb][et_pb_column type=\u00bb4_4&#8243; _builder_version=\u00bb4.16&#8243; custom_padding=\u00bb|||\u00bb global_colors_info=\u00bb{}\u00bb custom_padding__hover=\u00bb|||\u00bb][et_pb_text _builder_version=\u00bb4.21.0&#8243; header_text_align=\u00bbcenter\u00bb global_colors_info=\u00bb{}\u00bb]<\/p>\n<h1>Servei de lloguer i venda de cases de Oceanliving<\/h1>\n<p>[\/et_pb_text][\/et_pb_column][\/et_pb_row][et_pb_row column_structure=\u00bb1_2,1_2&#8243; padding_mobile=\u00bbon\u00bb column_padding_mobile=\u00bbon\u00bb admin_label=\u00bbRow\u00bb _builder_version=\u00bb4.16&#8243; background_size=\u00bbinitial\u00bb background_position=\u00bbtop_left\u00bb background_repeat=\u00bbrepeat\u00bb custom_margin=\u00bb0px||0px|\u00bb custom_padding=\u00bb0px||0px|\u00bb collapsed=\u00bboff\u00bb global_colors_info=\u00bb{}\u00bb][et_pb_column type=\u00bb1_2&#8243; _builder_version=\u00bb4.16&#8243; custom_padding=\u00bb0px||0px|\u00bb global_colors_info=\u00bb{}\u00bb custom_padding__hover=\u00bb|||\u00bb][et_pb_blurb title=\u00bbAIX\u00d2 \u00c9S NOM\u00c9S UN EXEMPLE DE L&#039;ESTOC DE CASES DE LES QUE DISPOSEM\u00bb use_icon=\u00bbon\u00bb font_icon=\u00bb&#x62;||divi||400&#8243; icon_color=\u00bb#FFFFFF\u00bb icon_placement=\u00bbleft\u00bb _builder_version=\u00bb4.16&#8243; _module_preset=\u00bbdefault\u00bb header_text_align=\u00bbcenter\u00bb header_text_color=\u00bb#FFFFFF\u00bb background_color=\u00bb#517288&#8243; custom_padding=\u00bb15px|15px|15px|15px|true|true\u00bb border_radii=\u00bbon|10px|10px|10px|10px\u00bb global_colors_info=\u00bb{}\u00bb][\/et_pb_blurb][et_pb_text admin_label=\u00bbText\u00bb _builder_version=\u00bb4.21.0&#8243; text_text_color=\u00bb#ffffff\u00bb background_color=\u00bb#e9dcbf\u00bb background_size=\u00bbinitial\u00bb background_position=\u00bbtop_left\u00bb background_repeat=\u00bbrepeat\u00bb text_orientation=\u00bbcenter\u00bb module_alignment=\u00bbcenter\u00bb custom_padding=\u00bb20px||15px|\u00bb use_border_color=\u00bboff\u00bb global_colors_info=\u00bb{}\u00bb]<\/p>\n<h2>EN LLOGUER<\/h2>\n<p>[\/et_pb_text][et_pb_code _builder_version=\u00bb4.21.0&#8243; _module_preset=\u00bbdefault\u00bb custom_padding=\u00bb0px|0px|0px|0px|true|true\u00bb global_colors_info=\u00bb{}\u00bb]<pee><div class=\"rt_archive\"><div class=\"property-wrapper\">\n<div id=\"property-5114\" class=\"property\">\n\t\n<a href=\"https:\/\/www.formenteraliving.com\/ca\/immoble\/villa-leonor\/\" class=\"entry-featured-image-url\">\n\n\t\t<div class=\"swiper swiper-5114\"><div class=\"swiper-wrapper\"><div class=\"swiper-slide\"><img loading=\"lazy\" decoding=\"async\" width=\"512\" height=\"342\" src=\"https:\/\/www.formenteraliving.com\/wp-content\/uploads\/2017\/06\/Rania-HOME-immagini-5.jpg\" class=\"attachment-512x512 size-512x512\" alt=\"villa -luxe-piscine-formentera\" srcset=\"https:\/\/www.formenteraliving.com\/wp-content\/uploads\/2017\/06\/Rania-HOME-immagini-5-1280x854.jpg 1280w, https:\/\/www.formenteraliving.com\/wp-content\/uploads\/2017\/06\/Rania-HOME-immagini-5-980x654.jpg 980w, https:\/\/www.formenteraliving.com\/wp-content\/uploads\/2017\/06\/Rania-HOME-immagini-5-480x320.jpg 480w\" sizes=\"(min-width: 0px) and (max-width: 480px) 480px, (min-width: 481px) and (max-width: 980px) 980px, (min-width: 981px) and (max-width: 1280px) 1280px, 100vw\" \/><\/div><div class=\"swiper-slide\"><img loading=\"lazy\" decoding=\"async\" width=\"512\" height=\"341\" src=\"https:\/\/www.formenteraliving.com\/wp-content\/uploads\/2017\/06\/Rania-HOME-immagini-6.jpg\" class=\"attachment-512x512 size-512x512\" alt=\"\" srcset=\"https:\/\/www.formenteraliving.com\/wp-content\/uploads\/2017\/06\/Rania-HOME-immagini-6-1280x853.jpg 1280w, https:\/\/www.formenteraliving.com\/wp-content\/uploads\/2017\/06\/Rania-HOME-immagini-6-980x653.jpg 980w, https:\/\/www.formenteraliving.com\/wp-content\/uploads\/2017\/06\/Rania-HOME-immagini-6-480x320.jpg 480w\" sizes=\"(min-width: 0px) and (max-width: 480px) 480px, (min-width: 481px) and (max-width: 980px) 980px, (min-width: 981px) and (max-width: 1280px) 1280px, 100vw\" \/><\/div><div class=\"swiper-slide\"><img loading=\"lazy\" decoding=\"async\" width=\"512\" height=\"341\" src=\"https:\/\/www.formenteraliving.com\/wp-content\/uploads\/2017\/06\/Rania-HOME-immagini-7.jpg\" class=\"attachment-512x512 size-512x512\" alt=\"\" srcset=\"https:\/\/www.formenteraliving.com\/wp-content\/uploads\/2017\/06\/Rania-HOME-immagini-7-1280x853.jpg 1280w, https:\/\/www.formenteraliving.com\/wp-content\/uploads\/2017\/06\/Rania-HOME-immagini-7-980x653.jpg 980w, https:\/\/www.formenteraliving.com\/wp-content\/uploads\/2017\/06\/Rania-HOME-immagini-7-480x320.jpg 480w\" sizes=\"(min-width: 0px) and (max-width: 480px) 480px, (min-width: 481px) and (max-width: 980px) 980px, (min-width: 981px) and (max-width: 1280px) 1280px, 100vw\" \/><\/div><div class=\"swiper-slide\"><img loading=\"lazy\" decoding=\"async\" width=\"512\" height=\"341\" src=\"https:\/\/www.formenteraliving.com\/wp-content\/uploads\/2017\/06\/Rania-HOME-immagini-8.jpg\" class=\"attachment-512x512 size-512x512\" alt=\"\" srcset=\"https:\/\/www.formenteraliving.com\/wp-content\/uploads\/2017\/06\/Rania-HOME-immagini-8-1280x853.jpg 1280w, https:\/\/www.formenteraliving.com\/wp-content\/uploads\/2017\/06\/Rania-HOME-immagini-8-980x653.jpg 980w, https:\/\/www.formenteraliving.com\/wp-content\/uploads\/2017\/06\/Rania-HOME-immagini-8-480x320.jpg 480w\" sizes=\"(min-width: 0px) and (max-width: 480px) 480px, (min-width: 481px) and (max-width: 980px) 980px, (min-width: 981px) and (max-width: 1280px) 1280px, 100vw\" \/><\/div><div class=\"swiper-slide\"><img loading=\"lazy\" decoding=\"async\" width=\"512\" height=\"341\" src=\"https:\/\/www.formenteraliving.com\/wp-content\/uploads\/2017\/06\/Rania-HOME-immagini-9.jpg\" class=\"attachment-512x512 size-512x512\" alt=\"\" srcset=\"https:\/\/www.formenteraliving.com\/wp-content\/uploads\/2017\/06\/Rania-HOME-immagini-9-1280x853.jpg 1280w, https:\/\/www.formenteraliving.com\/wp-content\/uploads\/2017\/06\/Rania-HOME-immagini-9-980x653.jpg 980w, https:\/\/www.formenteraliving.com\/wp-content\/uploads\/2017\/06\/Rania-HOME-immagini-9-480x320.jpg 480w\" sizes=\"(min-width: 0px) and (max-width: 480px) 480px, (min-width: 481px) and (max-width: 980px) 980px, (min-width: 981px) and (max-width: 1280px) 1280px, 100vw\" \/><\/div><div class=\"swiper-slide\"><img loading=\"lazy\" decoding=\"async\" width=\"512\" height=\"341\" src=\"https:\/\/www.formenteraliving.com\/wp-content\/uploads\/2017\/06\/Rania-HOME-immagini-10.jpg\" class=\"attachment-512x512 size-512x512\" alt=\"\" srcset=\"https:\/\/www.formenteraliving.com\/wp-content\/uploads\/2017\/06\/Rania-HOME-immagini-10-1280x853.jpg 1280w, https:\/\/www.formenteraliving.com\/wp-content\/uploads\/2017\/06\/Rania-HOME-immagini-10-980x653.jpg 980w, https:\/\/www.formenteraliving.com\/wp-content\/uploads\/2017\/06\/Rania-HOME-immagini-10-480x320.jpg 480w\" sizes=\"(min-width: 0px) and (max-width: 480px) 480px, (min-width: 481px) and (max-width: 980px) 980px, (min-width: 981px) and (max-width: 1280px) 1280px, 100vw\" \/><\/div><div class=\"swiper-slide\"><img loading=\"lazy\" decoding=\"async\" width=\"512\" height=\"341\" src=\"https:\/\/www.formenteraliving.com\/wp-content\/uploads\/2017\/06\/Rania-HOME-immagini-11.jpg\" class=\"attachment-512x512 size-512x512\" alt=\"\" srcset=\"https:\/\/www.formenteraliving.com\/wp-content\/uploads\/2017\/06\/Rania-HOME-immagini-11-1280x853.jpg 1280w, https:\/\/www.formenteraliving.com\/wp-content\/uploads\/2017\/06\/Rania-HOME-immagini-11-980x653.jpg 980w, https:\/\/www.formenteraliving.com\/wp-content\/uploads\/2017\/06\/Rania-HOME-immagini-11-480x320.jpg 480w\" sizes=\"(min-width: 0px) and (max-width: 480px) 480px, (min-width: 481px) and (max-width: 980px) 980px, (min-width: 981px) and (max-width: 1280px) 1280px, 100vw\" \/><\/div><div class=\"swiper-slide\"><img loading=\"lazy\" decoding=\"async\" width=\"341\" height=\"512\" src=\"https:\/\/www.formenteraliving.com\/wp-content\/uploads\/2017\/06\/Rania-HOME-immagini-12.jpg\" class=\"attachment-512x512 size-512x512\" alt=\"\" srcset=\"https:\/\/www.formenteraliving.com\/wp-content\/uploads\/2017\/06\/Rania-HOME-immagini-12-1280x1920.jpg 1280w, https:\/\/www.formenteraliving.com\/wp-content\/uploads\/2017\/06\/Rania-HOME-immagini-12-980x1470.jpg 980w, https:\/\/www.formenteraliving.com\/wp-content\/uploads\/2017\/06\/Rania-HOME-immagini-12-480x720.jpg 480w\" sizes=\"(min-width: 0px) and (max-width: 480px) 480px, (min-width: 481px) and (max-width: 980px) 980px, (min-width: 981px) and (max-width: 1280px) 1280px, 100vw\" \/><\/div><div class=\"swiper-slide\"><img loading=\"lazy\" decoding=\"async\" width=\"512\" height=\"341\" src=\"https:\/\/www.formenteraliving.com\/wp-content\/uploads\/2017\/06\/Rania-HOME-immagini-13.jpg\" class=\"attachment-512x512 size-512x512\" alt=\"\" srcset=\"https:\/\/www.formenteraliving.com\/wp-content\/uploads\/2017\/06\/Rania-HOME-immagini-13-1280x853.jpg 1280w, https:\/\/www.formenteraliving.com\/wp-content\/uploads\/2017\/06\/Rania-HOME-immagini-13-980x653.jpg 980w, https:\/\/www.formenteraliving.com\/wp-content\/uploads\/2017\/06\/Rania-HOME-immagini-13-480x320.jpg 480w\" sizes=\"(min-width: 0px) and (max-width: 480px) 480px, (min-width: 481px) and (max-width: 980px) 980px, (min-width: 981px) and (max-width: 1280px) 1280px, 100vw\" \/><\/div><div class=\"swiper-slide\"><img loading=\"lazy\" decoding=\"async\" width=\"512\" height=\"341\" src=\"https:\/\/www.formenteraliving.com\/wp-content\/uploads\/2017\/06\/Rania-HOME-immagini-14.jpg\" class=\"attachment-512x512 size-512x512\" alt=\"\" srcset=\"https:\/\/www.formenteraliving.com\/wp-content\/uploads\/2017\/06\/Rania-HOME-immagini-14-1280x853.jpg 1280w, https:\/\/www.formenteraliving.com\/wp-content\/uploads\/2017\/06\/Rania-HOME-immagini-14-980x653.jpg 980w, https:\/\/www.formenteraliving.com\/wp-content\/uploads\/2017\/06\/Rania-HOME-immagini-14-480x320.jpg 480w\" sizes=\"(min-width: 0px) and (max-width: 480px) 480px, (min-width: 481px) and (max-width: 980px) 980px, (min-width: 981px) and (max-width: 1280px) 1280px, 100vw\" \/><\/div><div class=\"swiper-slide\"><img loading=\"lazy\" decoding=\"async\" width=\"512\" height=\"341\" src=\"https:\/\/www.formenteraliving.com\/wp-content\/uploads\/2017\/06\/Rania-HOME-immagini-15.jpg\" class=\"attachment-512x512 size-512x512\" alt=\"\" srcset=\"https:\/\/www.formenteraliving.com\/wp-content\/uploads\/2017\/06\/Rania-HOME-immagini-15-1280x853.jpg 1280w, https:\/\/www.formenteraliving.com\/wp-content\/uploads\/2017\/06\/Rania-HOME-immagini-15-980x653.jpg 980w, https:\/\/www.formenteraliving.com\/wp-content\/uploads\/2017\/06\/Rania-HOME-immagini-15-480x320.jpg 480w\" sizes=\"(min-width: 0px) and (max-width: 480px) 480px, (min-width: 481px) and (max-width: 980px) 980px, (min-width: 981px) and (max-width: 1280px) 1280px, 100vw\" \/><\/div><div class=\"swiper-slide\"><img loading=\"lazy\" decoding=\"async\" width=\"512\" height=\"341\" src=\"https:\/\/www.formenteraliving.com\/wp-content\/uploads\/2017\/06\/Rania-HOME-immagini-16.jpg\" class=\"attachment-512x512 size-512x512\" alt=\"\" srcset=\"https:\/\/www.formenteraliving.com\/wp-content\/uploads\/2017\/06\/Rania-HOME-immagini-16-1280x853.jpg 1280w, https:\/\/www.formenteraliving.com\/wp-content\/uploads\/2017\/06\/Rania-HOME-immagini-16-980x653.jpg 980w, https:\/\/www.formenteraliving.com\/wp-content\/uploads\/2017\/06\/Rania-HOME-immagini-16-480x320.jpg 480w\" sizes=\"(min-width: 0px) and (max-width: 480px) 480px, (min-width: 481px) and (max-width: 980px) 980px, (min-width: 981px) and (max-width: 1280px) 1280px, 100vw\" \/><\/div><div class=\"swiper-slide\"><img loading=\"lazy\" decoding=\"async\" width=\"341\" height=\"512\" src=\"https:\/\/www.formenteraliving.com\/wp-content\/uploads\/2017\/06\/Rania-HOME-immagini-17.jpg\" class=\"attachment-512x512 size-512x512\" alt=\"\" srcset=\"https:\/\/www.formenteraliving.com\/wp-content\/uploads\/2017\/06\/Rania-HOME-immagini-17-1280x1920.jpg 1280w, https:\/\/www.formenteraliving.com\/wp-content\/uploads\/2017\/06\/Rania-HOME-immagini-17-980x1470.jpg 980w, https:\/\/www.formenteraliving.com\/wp-content\/uploads\/2017\/06\/Rania-HOME-immagini-17-480x720.jpg 480w\" sizes=\"(min-width: 0px) and (max-width: 480px) 480px, (min-width: 481px) and (max-width: 980px) 980px, (min-width: 981px) and (max-width: 1280px) 1280px, 100vw\" \/><\/div><div class=\"swiper-slide\"><img loading=\"lazy\" decoding=\"async\" width=\"341\" height=\"512\" src=\"https:\/\/www.formenteraliving.com\/wp-content\/uploads\/2017\/06\/Rania-HOME-immagini-18.jpg\" class=\"attachment-512x512 size-512x512\" alt=\"\" srcset=\"https:\/\/www.formenteraliving.com\/wp-content\/uploads\/2017\/06\/Rania-HOME-immagini-18-1280x1920.jpg 1280w, https:\/\/www.formenteraliving.com\/wp-content\/uploads\/2017\/06\/Rania-HOME-immagini-18-980x1470.jpg 980w, https:\/\/www.formenteraliving.com\/wp-content\/uploads\/2017\/06\/Rania-HOME-immagini-18-480x720.jpg 480w\" sizes=\"(min-width: 0px) and (max-width: 480px) 480px, (min-width: 481px) and (max-width: 980px) 980px, (min-width: 981px) and (max-width: 1280px) 1280px, 100vw\" \/><\/div><div class=\"swiper-slide\"><img loading=\"lazy\" decoding=\"async\" width=\"341\" height=\"512\" src=\"https:\/\/www.formenteraliving.com\/wp-content\/uploads\/2017\/06\/Rania-HOME-immagini-19.jpg\" class=\"attachment-512x512 size-512x512\" alt=\"\" srcset=\"https:\/\/www.formenteraliving.com\/wp-content\/uploads\/2017\/06\/Rania-HOME-immagini-19-1280x1920.jpg 1280w, https:\/\/www.formenteraliving.com\/wp-content\/uploads\/2017\/06\/Rania-HOME-immagini-19-980x1470.jpg 980w, https:\/\/www.formenteraliving.com\/wp-content\/uploads\/2017\/06\/Rania-HOME-immagini-19-480x720.jpg 480w\" sizes=\"(min-width: 0px) and (max-width: 480px) 480px, (min-width: 481px) and (max-width: 980px) 980px, (min-width: 981px) and (max-width: 1280px) 1280px, 100vw\" \/><\/div><div class=\"swiper-slide\"><img loading=\"lazy\" decoding=\"async\" width=\"341\" height=\"512\" src=\"https:\/\/www.formenteraliving.com\/wp-content\/uploads\/2017\/06\/Rania-HOME-immagini-20.jpg\" class=\"attachment-512x512 size-512x512\" alt=\"\" srcset=\"https:\/\/www.formenteraliving.com\/wp-content\/uploads\/2017\/06\/Rania-HOME-immagini-20-1280x1920.jpg 1280w, https:\/\/www.formenteraliving.com\/wp-content\/uploads\/2017\/06\/Rania-HOME-immagini-20-980x1470.jpg 980w, https:\/\/www.formenteraliving.com\/wp-content\/uploads\/2017\/06\/Rania-HOME-immagini-20-480x720.jpg 480w\" sizes=\"(min-width: 0px) and (max-width: 480px) 480px, (min-width: 481px) and (max-width: 980px) 980px, (min-width: 981px) and (max-width: 1280px) 1280px, 100vw\" \/><\/div><div class=\"swiper-slide\"><img loading=\"lazy\" decoding=\"async\" width=\"512\" height=\"341\" src=\"https:\/\/www.formenteraliving.com\/wp-content\/uploads\/2017\/06\/Rania-HOME-immagini-24.jpg\" class=\"attachment-512x512 size-512x512\" alt=\"\" srcset=\"https:\/\/www.formenteraliving.com\/wp-content\/uploads\/2017\/06\/Rania-HOME-immagini-24-1280x853.jpg 1280w, https:\/\/www.formenteraliving.com\/wp-content\/uploads\/2017\/06\/Rania-HOME-immagini-24-980x653.jpg 980w, https:\/\/www.formenteraliving.com\/wp-content\/uploads\/2017\/06\/Rania-HOME-immagini-24-480x320.jpg 480w\" sizes=\"(min-width: 0px) and (max-width: 480px) 480px, (min-width: 481px) and (max-width: 980px) 980px, (min-width: 981px) and (max-width: 1280px) 1280px, 100vw\" \/><\/div><div class=\"swiper-slide\"><img loading=\"lazy\" decoding=\"async\" width=\"512\" height=\"341\" src=\"https:\/\/www.formenteraliving.com\/wp-content\/uploads\/2017\/06\/Rania-HOME-immagini-35.jpg\" class=\"attachment-512x512 size-512x512\" alt=\"\" srcset=\"https:\/\/www.formenteraliving.com\/wp-content\/uploads\/2017\/06\/Rania-HOME-immagini-35-1280x853.jpg 1280w, https:\/\/www.formenteraliving.com\/wp-content\/uploads\/2017\/06\/Rania-HOME-immagini-35-980x653.jpg 980w, https:\/\/www.formenteraliving.com\/wp-content\/uploads\/2017\/06\/Rania-HOME-immagini-35-480x320.jpg 480w\" sizes=\"(min-width: 0px) and (max-width: 480px) 480px, (min-width: 481px) and (max-width: 980px) 980px, (min-width: 981px) and (max-width: 1280px) 1280px, 100vw\" \/><\/div><div class=\"swiper-slide\"><img loading=\"lazy\" decoding=\"async\" width=\"512\" height=\"341\" src=\"https:\/\/www.formenteraliving.com\/wp-content\/uploads\/2017\/06\/Rania-HOME-immagini-36.jpg\" class=\"attachment-512x512 size-512x512\" alt=\"\" srcset=\"https:\/\/www.formenteraliving.com\/wp-content\/uploads\/2017\/06\/Rania-HOME-immagini-36-1280x853.jpg 1280w, https:\/\/www.formenteraliving.com\/wp-content\/uploads\/2017\/06\/Rania-HOME-immagini-36-980x653.jpg 980w, https:\/\/www.formenteraliving.com\/wp-content\/uploads\/2017\/06\/Rania-HOME-immagini-36-480x320.jpg 480w\" sizes=\"(min-width: 0px) and (max-width: 480px) 480px, (min-width: 481px) and (max-width: 980px) 980px, (min-width: 981px) and (max-width: 1280px) 1280px, 100vw\" \/><\/div><div class=\"swiper-slide\"><img loading=\"lazy\" decoding=\"async\" width=\"512\" height=\"341\" src=\"https:\/\/www.formenteraliving.com\/wp-content\/uploads\/2017\/06\/Rania-HOME-immagini-37.jpg\" class=\"attachment-512x512 size-512x512\" alt=\"\" srcset=\"https:\/\/www.formenteraliving.com\/wp-content\/uploads\/2017\/06\/Rania-HOME-immagini-37-1280x853.jpg 1280w, https:\/\/www.formenteraliving.com\/wp-content\/uploads\/2017\/06\/Rania-HOME-immagini-37-980x653.jpg 980w, https:\/\/www.formenteraliving.com\/wp-content\/uploads\/2017\/06\/Rania-HOME-immagini-37-480x320.jpg 480w\" sizes=\"(min-width: 0px) and (max-width: 480px) 480px, (min-width: 481px) and (max-width: 980px) 980px, (min-width: 981px) and (max-width: 1280px) 1280px, 100vw\" \/><\/div><div class=\"swiper-slide\"><img loading=\"lazy\" decoding=\"async\" width=\"341\" height=\"512\" src=\"https:\/\/www.formenteraliving.com\/wp-content\/uploads\/2017\/06\/Rania-HOME-immagini-38.jpg\" class=\"attachment-512x512 size-512x512\" alt=\"\" srcset=\"https:\/\/www.formenteraliving.com\/wp-content\/uploads\/2017\/06\/Rania-HOME-immagini-38-1280x1920.jpg 1280w, https:\/\/www.formenteraliving.com\/wp-content\/uploads\/2017\/06\/Rania-HOME-immagini-38-980x1470.jpg 980w, https:\/\/www.formenteraliving.com\/wp-content\/uploads\/2017\/06\/Rania-HOME-immagini-38-480x720.jpg 480w\" sizes=\"(min-width: 0px) and (max-width: 480px) 480px, (min-width: 481px) and (max-width: 980px) 980px, (min-width: 981px) and (max-width: 1280px) 1280px, 100vw\" \/><\/div><div class=\"swiper-slide\"><img loading=\"lazy\" decoding=\"async\" width=\"512\" height=\"341\" src=\"https:\/\/www.formenteraliving.com\/wp-content\/uploads\/2017\/06\/Rania-HOME-immagini-40.jpg\" class=\"attachment-512x512 size-512x512\" alt=\"\" srcset=\"https:\/\/www.formenteraliving.com\/wp-content\/uploads\/2017\/06\/Rania-HOME-immagini-40-1280x853.jpg 1280w, https:\/\/www.formenteraliving.com\/wp-content\/uploads\/2017\/06\/Rania-HOME-immagini-40-980x653.jpg 980w, https:\/\/www.formenteraliving.com\/wp-content\/uploads\/2017\/06\/Rania-HOME-immagini-40-480x320.jpg 480w\" sizes=\"(min-width: 0px) and (max-width: 480px) 480px, (min-width: 481px) and (max-width: 980px) 980px, (min-width: 981px) and (max-width: 1280px) 1280px, 100vw\" \/><\/div><div class=\"swiper-slide\"><img loading=\"lazy\" decoding=\"async\" width=\"341\" height=\"512\" src=\"https:\/\/www.formenteraliving.com\/wp-content\/uploads\/2017\/06\/Rania-HOME-immagini-41.jpg\" class=\"attachment-512x512 size-512x512\" alt=\"\" srcset=\"https:\/\/www.formenteraliving.com\/wp-content\/uploads\/2017\/06\/Rania-HOME-immagini-41-1280x1920.jpg 1280w, https:\/\/www.formenteraliving.com\/wp-content\/uploads\/2017\/06\/Rania-HOME-immagini-41-980x1470.jpg 980w, https:\/\/www.formenteraliving.com\/wp-content\/uploads\/2017\/06\/Rania-HOME-immagini-41-480x720.jpg 480w\" sizes=\"(min-width: 0px) and (max-width: 480px) 480px, (min-width: 481px) and (max-width: 980px) 980px, (min-width: 981px) and (max-width: 1280px) 1280px, 100vw\" \/><\/div><div class=\"swiper-slide\"><img loading=\"lazy\" decoding=\"async\" width=\"341\" height=\"512\" src=\"https:\/\/www.formenteraliving.com\/wp-content\/uploads\/2017\/06\/Rania-HOME-immagini-42.jpg\" class=\"attachment-512x512 size-512x512\" alt=\"\" srcset=\"https:\/\/www.formenteraliving.com\/wp-content\/uploads\/2017\/06\/Rania-HOME-immagini-42-1280x1920.jpg 1280w, https:\/\/www.formenteraliving.com\/wp-content\/uploads\/2017\/06\/Rania-HOME-immagini-42-980x1470.jpg 980w, https:\/\/www.formenteraliving.com\/wp-content\/uploads\/2017\/06\/Rania-HOME-immagini-42-480x720.jpg 480w\" sizes=\"(min-width: 0px) and (max-width: 480px) 480px, (min-width: 481px) and (max-width: 980px) 980px, (min-width: 981px) and (max-width: 1280px) 1280px, 100vw\" \/><\/div><div class=\"swiper-slide\"><img loading=\"lazy\" decoding=\"async\" width=\"341\" height=\"512\" src=\"https:\/\/www.formenteraliving.com\/wp-content\/uploads\/2017\/06\/Rania-HOME-immagini-43.jpg\" class=\"attachment-512x512 size-512x512\" alt=\"\" srcset=\"https:\/\/www.formenteraliving.com\/wp-content\/uploads\/2017\/06\/Rania-HOME-immagini-43-1280x1920.jpg 1280w, https:\/\/www.formenteraliving.com\/wp-content\/uploads\/2017\/06\/Rania-HOME-immagini-43-980x1470.jpg 980w, https:\/\/www.formenteraliving.com\/wp-content\/uploads\/2017\/06\/Rania-HOME-immagini-43-480x720.jpg 480w\" sizes=\"(min-width: 0px) and (max-width: 480px) 480px, (min-width: 481px) and (max-width: 980px) 980px, (min-width: 981px) and (max-width: 1280px) 1280px, 100vw\" \/><\/div><div class=\"swiper-slide\"><img loading=\"lazy\" decoding=\"async\" width=\"512\" height=\"341\" src=\"https:\/\/www.formenteraliving.com\/wp-content\/uploads\/2017\/06\/Rania-HOME-immagini-44.jpg\" class=\"attachment-512x512 size-512x512\" alt=\"\" srcset=\"https:\/\/www.formenteraliving.com\/wp-content\/uploads\/2017\/06\/Rania-HOME-immagini-44-1280x853.jpg 1280w, https:\/\/www.formenteraliving.com\/wp-content\/uploads\/2017\/06\/Rania-HOME-immagini-44-980x653.jpg 980w, https:\/\/www.formenteraliving.com\/wp-content\/uploads\/2017\/06\/Rania-HOME-immagini-44-480x320.jpg 480w\" sizes=\"(min-width: 0px) and (max-width: 480px) 480px, (min-width: 481px) and (max-width: 980px) 980px, (min-width: 981px) and (max-width: 1280px) 1280px, 100vw\" \/><\/div><div class=\"swiper-slide\"><img loading=\"lazy\" decoding=\"async\" width=\"512\" height=\"341\" src=\"https:\/\/www.formenteraliving.com\/wp-content\/uploads\/2017\/06\/Rania-HOME-immagini-45.jpg\" class=\"attachment-512x512 size-512x512\" alt=\"\" srcset=\"https:\/\/www.formenteraliving.com\/wp-content\/uploads\/2017\/06\/Rania-HOME-immagini-45-1280x853.jpg 1280w, https:\/\/www.formenteraliving.com\/wp-content\/uploads\/2017\/06\/Rania-HOME-immagini-45-980x653.jpg 980w, https:\/\/www.formenteraliving.com\/wp-content\/uploads\/2017\/06\/Rania-HOME-immagini-45-480x320.jpg 480w\" sizes=\"(min-width: 0px) and (max-width: 480px) 480px, (min-width: 481px) and (max-width: 980px) 980px, (min-width: 981px) and (max-width: 1280px) 1280px, 100vw\" \/><\/div><div class=\"swiper-slide\"><img loading=\"lazy\" decoding=\"async\" width=\"341\" height=\"512\" src=\"https:\/\/www.formenteraliving.com\/wp-content\/uploads\/2017\/06\/Rania-HOME-immagini-46.jpg\" class=\"attachment-512x512 size-512x512\" alt=\"\" srcset=\"https:\/\/www.formenteraliving.com\/wp-content\/uploads\/2017\/06\/Rania-HOME-immagini-46-1280x1920.jpg 1280w, https:\/\/www.formenteraliving.com\/wp-content\/uploads\/2017\/06\/Rania-HOME-immagini-46-980x1470.jpg 980w, https:\/\/www.formenteraliving.com\/wp-content\/uploads\/2017\/06\/Rania-HOME-immagini-46-480x720.jpg 480w\" sizes=\"(min-width: 0px) and (max-width: 480px) 480px, (min-width: 481px) and (max-width: 980px) 980px, (min-width: 981px) and (max-width: 1280px) 1280px, 100vw\" \/><\/div><div class=\"swiper-slide\"><img loading=\"lazy\" decoding=\"async\" width=\"512\" height=\"341\" src=\"https:\/\/www.formenteraliving.com\/wp-content\/uploads\/2017\/06\/Rania-HOME-immagini-47.jpg\" class=\"attachment-512x512 size-512x512\" alt=\"\" srcset=\"https:\/\/www.formenteraliving.com\/wp-content\/uploads\/2017\/06\/Rania-HOME-immagini-47-1280x853.jpg 1280w, https:\/\/www.formenteraliving.com\/wp-content\/uploads\/2017\/06\/Rania-HOME-immagini-47-980x653.jpg 980w, https:\/\/www.formenteraliving.com\/wp-content\/uploads\/2017\/06\/Rania-HOME-immagini-47-480x320.jpg 480w\" sizes=\"(min-width: 0px) and (max-width: 480px) 480px, (min-width: 481px) and (max-width: 980px) 980px, (min-width: 981px) and (max-width: 1280px) 1280px, 100vw\" \/><\/div><div class=\"swiper-slide\"><img loading=\"lazy\" decoding=\"async\" width=\"341\" height=\"512\" src=\"https:\/\/www.formenteraliving.com\/wp-content\/uploads\/2017\/06\/Rania-HOME-immagini-48.jpg\" class=\"attachment-512x512 size-512x512\" alt=\"\" srcset=\"https:\/\/www.formenteraliving.com\/wp-content\/uploads\/2017\/06\/Rania-HOME-immagini-48-1280x1920.jpg 1280w, https:\/\/www.formenteraliving.com\/wp-content\/uploads\/2017\/06\/Rania-HOME-immagini-48-980x1470.jpg 980w, https:\/\/www.formenteraliving.com\/wp-content\/uploads\/2017\/06\/Rania-HOME-immagini-48-480x720.jpg 480w\" sizes=\"(min-width: 0px) and (max-width: 480px) 480px, (min-width: 481px) and (max-width: 980px) 980px, (min-width: 981px) and (max-width: 1280px) 1280px, 100vw\" \/><\/div><div class=\"swiper-slide\"><img loading=\"lazy\" decoding=\"async\" width=\"512\" height=\"341\" src=\"https:\/\/www.formenteraliving.com\/wp-content\/uploads\/2017\/06\/Rania-HOME-immagini-49.jpg\" class=\"attachment-512x512 size-512x512\" alt=\"\" srcset=\"https:\/\/www.formenteraliving.com\/wp-content\/uploads\/2017\/06\/Rania-HOME-immagini-49-1280x853.jpg 1280w, https:\/\/www.formenteraliving.com\/wp-content\/uploads\/2017\/06\/Rania-HOME-immagini-49-980x653.jpg 980w, https:\/\/www.formenteraliving.com\/wp-content\/uploads\/2017\/06\/Rania-HOME-immagini-49-480x320.jpg 480w\" sizes=\"(min-width: 0px) and (max-width: 480px) 480px, (min-width: 481px) and (max-width: 980px) 980px, (min-width: 981px) and (max-width: 1280px) 1280px, 100vw\" \/><\/div><div class=\"swiper-slide\"><img loading=\"lazy\" decoding=\"async\" width=\"341\" height=\"512\" src=\"https:\/\/www.formenteraliving.com\/wp-content\/uploads\/2017\/06\/Rania-HOME-immagini-50.jpg\" class=\"attachment-512x512 size-512x512\" alt=\"\" srcset=\"https:\/\/www.formenteraliving.com\/wp-content\/uploads\/2017\/06\/Rania-HOME-immagini-50-1280x1920.jpg 1280w, https:\/\/www.formenteraliving.com\/wp-content\/uploads\/2017\/06\/Rania-HOME-immagini-50-980x1470.jpg 980w, https:\/\/www.formenteraliving.com\/wp-content\/uploads\/2017\/06\/Rania-HOME-immagini-50-480x720.jpg 480w\" sizes=\"(min-width: 0px) and (max-width: 480px) 480px, (min-width: 481px) and (max-width: 980px) 980px, (min-width: 981px) and (max-width: 1280px) 1280px, 100vw\" \/><\/div><div class=\"swiper-slide\"><img loading=\"lazy\" decoding=\"async\" width=\"512\" height=\"341\" src=\"https:\/\/www.formenteraliving.com\/wp-content\/uploads\/2017\/06\/Rania-HOME-immagini-52.jpg\" class=\"attachment-512x512 size-512x512\" alt=\"\" srcset=\"https:\/\/www.formenteraliving.com\/wp-content\/uploads\/2017\/06\/Rania-HOME-immagini-52-1280x853.jpg 1280w, https:\/\/www.formenteraliving.com\/wp-content\/uploads\/2017\/06\/Rania-HOME-immagini-52-980x653.jpg 980w, https:\/\/www.formenteraliving.com\/wp-content\/uploads\/2017\/06\/Rania-HOME-immagini-52-480x320.jpg 480w\" sizes=\"(min-width: 0px) and (max-width: 480px) 480px, (min-width: 481px) and (max-width: 980px) 980px, (min-width: 981px) and (max-width: 1280px) 1280px, 100vw\" \/><\/div><div class=\"swiper-slide\"><img loading=\"lazy\" decoding=\"async\" width=\"512\" height=\"341\" src=\"https:\/\/www.formenteraliving.com\/wp-content\/uploads\/2017\/06\/Rania-HOME-immagini-54.jpg\" class=\"attachment-512x512 size-512x512\" alt=\"\" srcset=\"https:\/\/www.formenteraliving.com\/wp-content\/uploads\/2017\/06\/Rania-HOME-immagini-54-1280x853.jpg 1280w, https:\/\/www.formenteraliving.com\/wp-content\/uploads\/2017\/06\/Rania-HOME-immagini-54-980x653.jpg 980w, https:\/\/www.formenteraliving.com\/wp-content\/uploads\/2017\/06\/Rania-HOME-immagini-54-480x320.jpg 480w\" sizes=\"(min-width: 0px) and (max-width: 480px) 480px, (min-width: 481px) and (max-width: 980px) 980px, (min-width: 981px) and (max-width: 1280px) 1280px, 100vw\" \/><\/div><div class=\"swiper-slide\"><img loading=\"lazy\" decoding=\"async\" width=\"341\" height=\"512\" src=\"https:\/\/www.formenteraliving.com\/wp-content\/uploads\/2017\/06\/Rania-HOME-immagini-55.jpg\" class=\"attachment-512x512 size-512x512\" alt=\"\" srcset=\"https:\/\/www.formenteraliving.com\/wp-content\/uploads\/2017\/06\/Rania-HOME-immagini-55-1280x1920.jpg 1280w, https:\/\/www.formenteraliving.com\/wp-content\/uploads\/2017\/06\/Rania-HOME-immagini-55-980x1470.jpg 980w, https:\/\/www.formenteraliving.com\/wp-content\/uploads\/2017\/06\/Rania-HOME-immagini-55-480x720.jpg 480w\" sizes=\"(min-width: 0px) and (max-width: 480px) 480px, (min-width: 481px) and (max-width: 980px) 980px, (min-width: 981px) and (max-width: 1280px) 1280px, 100vw\" \/><\/div><div class=\"swiper-slide\"><img loading=\"lazy\" decoding=\"async\" width=\"512\" height=\"342\" src=\"https:\/\/www.formenteraliving.com\/wp-content\/uploads\/2017\/06\/Rania-HOME-immagini-5.jpg\" class=\"attachment-512x512 size-512x512\" alt=\"\" srcset=\"https:\/\/www.formenteraliving.com\/wp-content\/uploads\/2017\/06\/Rania-HOME-immagini-5-1280x854.jpg 1280w, https:\/\/www.formenteraliving.com\/wp-content\/uploads\/2017\/06\/Rania-HOME-immagini-5-980x654.jpg 980w, https:\/\/www.formenteraliving.com\/wp-content\/uploads\/2017\/06\/Rania-HOME-immagini-5-480x320.jpg 480w\" sizes=\"(min-width: 0px) and (max-width: 480px) 480px, (min-width: 481px) and (max-width: 980px) 980px, (min-width: 981px) and (max-width: 1280px) 1280px, 100vw\" \/><\/div><\/div><div class=\"swiper-button-next swiper-button-next-5114\"><\/div><div class=\"swiper-button-prev swiper-button-prev-5114\"><\/div><\/div><script>var swiper = new Swiper( \".swiper-5114\", { navigation: { nextEl: \".swiper-button-next-5114\", prevEl: \".swiper-button-prev-5114\", }, });<\/script>\t\n<\/a>\n\t<div class=\"summary entry-summary\">\n\t\t<h2 class=\"entry-title\"><a href=\"https:\/\/www.formenteraliving.com\/ca\/immoble\/villa-leonor\/\">VILLA LEONOR<\/a><\/h2>\n\t\t\n\t\t<div class=\"entry-content\"><p>La vila es troba en plena natura i situada entre dos mars, d&#8217;una banda hi ha la Platja de Mitjorn i per l&#8217;altre costat es troba la zona d&#8217;Es Cal\u00f3.  <a href=\"https:\/\/www.formenteraliving.com\/ca\/immoble\/villa-leonor\/#more-5114\" class=\"more-link\"><span aria-label=\"Continua llegint VILLA LEONOR\">(m\u00e9s&hellip;)<\/span><\/a><\/p>\n<\/div>\n\t\t\n\t\t\n<ul class=\"more-info\">\n\t\t<li class=\"info-label\"><span>Ubicaci\u00f3<\/span><span>Mitjorn<\/span><\/li>\n\t\t\n\t\t<li class=\"info-label\"><span>Capacitat<\/span><span>10<\/span><\/li>\n\t\t\n\t\t\t\n\t\t<li class=\"info-label\"><span>Habitacions<\/span><span>5<\/span><\/li>\n\t\t\n\t\t\n\t<li class=\"info-label\"><span>Preu<\/span><span>Consultar preu<\/span><\/li>\n<\/ul>\t<\/div>\n<\/div>\n<\/div><div class=\"property-wrapper\">\n<div id=\"property-3702\" class=\"property\">\n\t\n<a href=\"https:\/\/www.formenteraliving.com\/ca\/immoble\/can-xicu\/\" class=\"entry-featured-image-url\">\n\n\t\t<div class=\"swiper swiper-3702\"><div class=\"swiper-wrapper\"><div class=\"swiper-slide\"><img loading=\"lazy\" decoding=\"async\" width=\"512\" height=\"341\" src=\"https:\/\/www.formenteraliving.com\/wp-content\/uploads\/2016\/03\/IMG-20140505-WA036.jpg\" class=\"attachment-512x512 size-512x512\" alt=\"\" srcset=\"https:\/\/www.formenteraliving.com\/wp-content\/uploads\/2016\/03\/IMG-20140505-WA036.jpg 800w, https:\/\/www.formenteraliving.com\/wp-content\/uploads\/2016\/03\/IMG-20140505-WA036-300x200.jpg 300w, https:\/\/www.formenteraliving.com\/wp-content\/uploads\/2016\/03\/IMG-20140505-WA036-768x512.jpg 768w\" sizes=\"(max-width: 512px) 100vw, 512px\" \/><\/div><div class=\"swiper-slide\"><img loading=\"lazy\" decoding=\"async\" width=\"512\" height=\"341\" src=\"https:\/\/www.formenteraliving.com\/wp-content\/uploads\/2016\/03\/IMG-20140505-WA041.jpg\" class=\"attachment-512x512 size-512x512\" alt=\"\" srcset=\"https:\/\/www.formenteraliving.com\/wp-content\/uploads\/2016\/03\/IMG-20140505-WA041.jpg 800w, https:\/\/www.formenteraliving.com\/wp-content\/uploads\/2016\/03\/IMG-20140505-WA041-300x200.jpg 300w, https:\/\/www.formenteraliving.com\/wp-content\/uploads\/2016\/03\/IMG-20140505-WA041-768x512.jpg 768w\" sizes=\"(max-width: 512px) 100vw, 512px\" \/><\/div><div class=\"swiper-slide\"><img loading=\"lazy\" decoding=\"async\" width=\"512\" height=\"341\" src=\"https:\/\/www.formenteraliving.com\/wp-content\/uploads\/2016\/03\/IMG-20140505-WA039.jpg\" class=\"attachment-512x512 size-512x512\" alt=\"\" srcset=\"https:\/\/www.formenteraliving.com\/wp-content\/uploads\/2016\/03\/IMG-20140505-WA039.jpg 800w, https:\/\/www.formenteraliving.com\/wp-content\/uploads\/2016\/03\/IMG-20140505-WA039-300x200.jpg 300w, https:\/\/www.formenteraliving.com\/wp-content\/uploads\/2016\/03\/IMG-20140505-WA039-768x512.jpg 768w\" sizes=\"(max-width: 512px) 100vw, 512px\" \/><\/div><div class=\"swiper-slide\"><img loading=\"lazy\" decoding=\"async\" width=\"512\" height=\"341\" src=\"https:\/\/www.formenteraliving.com\/wp-content\/uploads\/2016\/03\/IMG-20140505-WA038.jpg\" class=\"attachment-512x512 size-512x512\" alt=\"\" srcset=\"https:\/\/www.formenteraliving.com\/wp-content\/uploads\/2016\/03\/IMG-20140505-WA038.jpg 800w, https:\/\/www.formenteraliving.com\/wp-content\/uploads\/2016\/03\/IMG-20140505-WA038-300x200.jpg 300w, https:\/\/www.formenteraliving.com\/wp-content\/uploads\/2016\/03\/IMG-20140505-WA038-768x512.jpg 768w\" sizes=\"(max-width: 512px) 100vw, 512px\" \/><\/div><div class=\"swiper-slide\"><img loading=\"lazy\" decoding=\"async\" width=\"512\" height=\"341\" src=\"https:\/\/www.formenteraliving.com\/wp-content\/uploads\/2016\/03\/IMG-20140505-WA037.jpg\" class=\"attachment-512x512 size-512x512\" alt=\"\" srcset=\"https:\/\/www.formenteraliving.com\/wp-content\/uploads\/2016\/03\/IMG-20140505-WA037.jpg 800w, https:\/\/www.formenteraliving.com\/wp-content\/uploads\/2016\/03\/IMG-20140505-WA037-300x200.jpg 300w, https:\/\/www.formenteraliving.com\/wp-content\/uploads\/2016\/03\/IMG-20140505-WA037-768x512.jpg 768w\" sizes=\"(max-width: 512px) 100vw, 512px\" \/><\/div><div class=\"swiper-slide\"><img loading=\"lazy\" decoding=\"async\" width=\"512\" height=\"341\" src=\"https:\/\/www.formenteraliving.com\/wp-content\/uploads\/2016\/03\/IMG-20140505-WA034.jpg\" class=\"attachment-512x512 size-512x512\" alt=\"\" srcset=\"https:\/\/www.formenteraliving.com\/wp-content\/uploads\/2016\/03\/IMG-20140505-WA034.jpg 800w, https:\/\/www.formenteraliving.com\/wp-content\/uploads\/2016\/03\/IMG-20140505-WA034-300x200.jpg 300w, https:\/\/www.formenteraliving.com\/wp-content\/uploads\/2016\/03\/IMG-20140505-WA034-768x512.jpg 768w\" sizes=\"(max-width: 512px) 100vw, 512px\" \/><\/div><div class=\"swiper-slide\"><img loading=\"lazy\" decoding=\"async\" width=\"512\" height=\"341\" src=\"https:\/\/www.formenteraliving.com\/wp-content\/uploads\/2016\/03\/IMG-20140505-WA032.jpg\" class=\"attachment-512x512 size-512x512\" alt=\"\" srcset=\"https:\/\/www.formenteraliving.com\/wp-content\/uploads\/2016\/03\/IMG-20140505-WA032.jpg 800w, https:\/\/www.formenteraliving.com\/wp-content\/uploads\/2016\/03\/IMG-20140505-WA032-300x200.jpg 300w, https:\/\/www.formenteraliving.com\/wp-content\/uploads\/2016\/03\/IMG-20140505-WA032-768x512.jpg 768w\" sizes=\"(max-width: 512px) 100vw, 512px\" \/><\/div><div class=\"swiper-slide\"><img loading=\"lazy\" decoding=\"async\" width=\"512\" height=\"341\" src=\"https:\/\/www.formenteraliving.com\/wp-content\/uploads\/2016\/03\/IMG-20140505-WA031.jpg\" class=\"attachment-512x512 size-512x512\" alt=\"\" srcset=\"https:\/\/www.formenteraliving.com\/wp-content\/uploads\/2016\/03\/IMG-20140505-WA031.jpg 800w, https:\/\/www.formenteraliving.com\/wp-content\/uploads\/2016\/03\/IMG-20140505-WA031-300x200.jpg 300w, https:\/\/www.formenteraliving.com\/wp-content\/uploads\/2016\/03\/IMG-20140505-WA031-768x512.jpg 768w\" sizes=\"(max-width: 512px) 100vw, 512px\" \/><\/div><div class=\"swiper-slide\"><img loading=\"lazy\" decoding=\"async\" width=\"384\" height=\"512\" src=\"https:\/\/www.formenteraliving.com\/wp-content\/uploads\/2016\/03\/IMG-20140505-WA030.jpg\" class=\"attachment-512x512 size-512x512\" alt=\"\" srcset=\"https:\/\/www.formenteraliving.com\/wp-content\/uploads\/2016\/03\/IMG-20140505-WA030.jpg 600w, https:\/\/www.formenteraliving.com\/wp-content\/uploads\/2016\/03\/IMG-20140505-WA030-225x300.jpg 225w\" sizes=\"(max-width: 384px) 100vw, 384px\" \/><\/div><div class=\"swiper-slide\"><img loading=\"lazy\" decoding=\"async\" width=\"384\" height=\"512\" src=\"https:\/\/www.formenteraliving.com\/wp-content\/uploads\/2016\/03\/IMG-20140505-WA029.jpg\" class=\"attachment-512x512 size-512x512\" alt=\"\" srcset=\"https:\/\/www.formenteraliving.com\/wp-content\/uploads\/2016\/03\/IMG-20140505-WA029.jpg 600w, https:\/\/www.formenteraliving.com\/wp-content\/uploads\/2016\/03\/IMG-20140505-WA029-225x300.jpg 225w\" sizes=\"(max-width: 384px) 100vw, 384px\" \/><\/div><div class=\"swiper-slide\"><img loading=\"lazy\" decoding=\"async\" width=\"512\" height=\"384\" src=\"https:\/\/www.formenteraliving.com\/wp-content\/uploads\/2016\/03\/IMG-20140505-WA027.jpg\" class=\"attachment-512x512 size-512x512\" alt=\"\" srcset=\"https:\/\/www.formenteraliving.com\/wp-content\/uploads\/2016\/03\/IMG-20140505-WA027.jpg 800w, https:\/\/www.formenteraliving.com\/wp-content\/uploads\/2016\/03\/IMG-20140505-WA027-300x225.jpg 300w, https:\/\/www.formenteraliving.com\/wp-content\/uploads\/2016\/03\/IMG-20140505-WA027-768x576.jpg 768w\" sizes=\"(max-width: 512px) 100vw, 512px\" \/><\/div><div class=\"swiper-slide\"><img loading=\"lazy\" decoding=\"async\" width=\"512\" height=\"341\" src=\"https:\/\/www.formenteraliving.com\/wp-content\/uploads\/2016\/03\/IMG-20140505-WA023.jpg\" class=\"attachment-512x512 size-512x512\" alt=\"\" srcset=\"https:\/\/www.formenteraliving.com\/wp-content\/uploads\/2016\/03\/IMG-20140505-WA023.jpg 800w, https:\/\/www.formenteraliving.com\/wp-content\/uploads\/2016\/03\/IMG-20140505-WA023-300x200.jpg 300w, https:\/\/www.formenteraliving.com\/wp-content\/uploads\/2016\/03\/IMG-20140505-WA023-768x512.jpg 768w\" sizes=\"(max-width: 512px) 100vw, 512px\" \/><\/div><div class=\"swiper-slide\"><img loading=\"lazy\" decoding=\"async\" width=\"512\" height=\"341\" src=\"https:\/\/www.formenteraliving.com\/wp-content\/uploads\/2016\/03\/IMG-20140505-WA013.jpg\" class=\"attachment-512x512 size-512x512\" alt=\"\" srcset=\"https:\/\/www.formenteraliving.com\/wp-content\/uploads\/2016\/03\/IMG-20140505-WA013.jpg 800w, https:\/\/www.formenteraliving.com\/wp-content\/uploads\/2016\/03\/IMG-20140505-WA013-300x200.jpg 300w, https:\/\/www.formenteraliving.com\/wp-content\/uploads\/2016\/03\/IMG-20140505-WA013-768x512.jpg 768w\" sizes=\"(max-width: 512px) 100vw, 512px\" \/><\/div><div class=\"swiper-slide\"><img loading=\"lazy\" decoding=\"async\" width=\"512\" height=\"341\" src=\"https:\/\/www.formenteraliving.com\/wp-content\/uploads\/2016\/03\/IMG-20140505-WA012.jpg\" class=\"attachment-512x512 size-512x512\" alt=\"\" srcset=\"https:\/\/www.formenteraliving.com\/wp-content\/uploads\/2016\/03\/IMG-20140505-WA012.jpg 800w, https:\/\/www.formenteraliving.com\/wp-content\/uploads\/2016\/03\/IMG-20140505-WA012-300x200.jpg 300w, https:\/\/www.formenteraliving.com\/wp-content\/uploads\/2016\/03\/IMG-20140505-WA012-768x512.jpg 768w\" sizes=\"(max-width: 512px) 100vw, 512px\" \/><\/div><div class=\"swiper-slide\"><img loading=\"lazy\" decoding=\"async\" width=\"512\" height=\"341\" src=\"https:\/\/www.formenteraliving.com\/wp-content\/uploads\/2016\/03\/IMG-20140505-WA006.jpg\" class=\"attachment-512x512 size-512x512\" alt=\"\" srcset=\"https:\/\/www.formenteraliving.com\/wp-content\/uploads\/2016\/03\/IMG-20140505-WA006.jpg 800w, https:\/\/www.formenteraliving.com\/wp-content\/uploads\/2016\/03\/IMG-20140505-WA006-300x200.jpg 300w, https:\/\/www.formenteraliving.com\/wp-content\/uploads\/2016\/03\/IMG-20140505-WA006-768x512.jpg 768w\" sizes=\"(max-width: 512px) 100vw, 512px\" \/><\/div><div class=\"swiper-slide\"><img loading=\"lazy\" decoding=\"async\" width=\"512\" height=\"341\" src=\"https:\/\/www.formenteraliving.com\/wp-content\/uploads\/2016\/03\/IMG-20140505-WA049.jpg\" class=\"attachment-512x512 size-512x512\" alt=\"\" srcset=\"https:\/\/www.formenteraliving.com\/wp-content\/uploads\/2016\/03\/IMG-20140505-WA049.jpg 800w, https:\/\/www.formenteraliving.com\/wp-content\/uploads\/2016\/03\/IMG-20140505-WA049-300x200.jpg 300w, https:\/\/www.formenteraliving.com\/wp-content\/uploads\/2016\/03\/IMG-20140505-WA049-768x512.jpg 768w\" sizes=\"(max-width: 512px) 100vw, 512px\" \/><\/div><div class=\"swiper-slide\"><img loading=\"lazy\" decoding=\"async\" width=\"512\" height=\"341\" src=\"https:\/\/www.formenteraliving.com\/wp-content\/uploads\/2016\/03\/IMG-20140505-WA048.jpg\" class=\"attachment-512x512 size-512x512\" alt=\"\" srcset=\"https:\/\/www.formenteraliving.com\/wp-content\/uploads\/2016\/03\/IMG-20140505-WA048.jpg 800w, https:\/\/www.formenteraliving.com\/wp-content\/uploads\/2016\/03\/IMG-20140505-WA048-300x200.jpg 300w, https:\/\/www.formenteraliving.com\/wp-content\/uploads\/2016\/03\/IMG-20140505-WA048-768x512.jpg 768w\" sizes=\"(max-width: 512px) 100vw, 512px\" \/><\/div><div class=\"swiper-slide\"><img loading=\"lazy\" decoding=\"async\" width=\"512\" height=\"384\" src=\"https:\/\/www.formenteraliving.com\/wp-content\/uploads\/2016\/03\/IMG-20140505-WA047.jpg\" class=\"attachment-512x512 size-512x512\" alt=\"\" srcset=\"https:\/\/www.formenteraliving.com\/wp-content\/uploads\/2016\/03\/IMG-20140505-WA047.jpg 800w, https:\/\/www.formenteraliving.com\/wp-content\/uploads\/2016\/03\/IMG-20140505-WA047-300x225.jpg 300w, https:\/\/www.formenteraliving.com\/wp-content\/uploads\/2016\/03\/IMG-20140505-WA047-768x576.jpg 768w\" sizes=\"(max-width: 512px) 100vw, 512px\" \/><\/div><div class=\"swiper-slide\"><img loading=\"lazy\" decoding=\"async\" width=\"512\" height=\"341\" src=\"https:\/\/www.formenteraliving.com\/wp-content\/uploads\/2016\/03\/IMG-20140505-WA046.jpg\" class=\"attachment-512x512 size-512x512\" alt=\"\" srcset=\"https:\/\/www.formenteraliving.com\/wp-content\/uploads\/2016\/03\/IMG-20140505-WA046.jpg 800w, https:\/\/www.formenteraliving.com\/wp-content\/uploads\/2016\/03\/IMG-20140505-WA046-300x200.jpg 300w, https:\/\/www.formenteraliving.com\/wp-content\/uploads\/2016\/03\/IMG-20140505-WA046-768x512.jpg 768w\" sizes=\"(max-width: 512px) 100vw, 512px\" \/><\/div><div class=\"swiper-slide\"><img loading=\"lazy\" decoding=\"async\" width=\"512\" height=\"341\" src=\"https:\/\/www.formenteraliving.com\/wp-content\/uploads\/2016\/03\/IMG-20140505-WA045.jpg\" class=\"attachment-512x512 size-512x512\" alt=\"\" srcset=\"https:\/\/www.formenteraliving.com\/wp-content\/uploads\/2016\/03\/IMG-20140505-WA045.jpg 800w, https:\/\/www.formenteraliving.com\/wp-content\/uploads\/2016\/03\/IMG-20140505-WA045-300x200.jpg 300w, https:\/\/www.formenteraliving.com\/wp-content\/uploads\/2016\/03\/IMG-20140505-WA045-768x512.jpg 768w\" sizes=\"(max-width: 512px) 100vw, 512px\" \/><\/div><div class=\"swiper-slide\"><img loading=\"lazy\" decoding=\"async\" width=\"512\" height=\"341\" src=\"https:\/\/www.formenteraliving.com\/wp-content\/uploads\/2016\/03\/IMG-20140505-WA043.jpg\" class=\"attachment-512x512 size-512x512\" alt=\"\" srcset=\"https:\/\/www.formenteraliving.com\/wp-content\/uploads\/2016\/03\/IMG-20140505-WA043.jpg 800w, https:\/\/www.formenteraliving.com\/wp-content\/uploads\/2016\/03\/IMG-20140505-WA043-300x200.jpg 300w, https:\/\/www.formenteraliving.com\/wp-content\/uploads\/2016\/03\/IMG-20140505-WA043-768x512.jpg 768w\" sizes=\"(max-width: 512px) 100vw, 512px\" \/><\/div><div class=\"swiper-slide\"><img loading=\"lazy\" decoding=\"async\" width=\"512\" height=\"341\" src=\"https:\/\/www.formenteraliving.com\/wp-content\/uploads\/2016\/03\/IMG-20140505-WA042.jpg\" class=\"attachment-512x512 size-512x512\" alt=\"\" srcset=\"https:\/\/www.formenteraliving.com\/wp-content\/uploads\/2016\/03\/IMG-20140505-WA042.jpg 800w, https:\/\/www.formenteraliving.com\/wp-content\/uploads\/2016\/03\/IMG-20140505-WA042-300x200.jpg 300w, https:\/\/www.formenteraliving.com\/wp-content\/uploads\/2016\/03\/IMG-20140505-WA042-768x512.jpg 768w\" sizes=\"(max-width: 512px) 100vw, 512px\" \/><\/div><\/div><div class=\"swiper-button-next swiper-button-next-3702\"><\/div><div class=\"swiper-button-prev swiper-button-prev-3702\"><\/div><\/div><script>var swiper = new Swiper( \".swiper-3702\", { navigation: { nextEl: \".swiper-button-next-3702\", prevEl: \".swiper-button-prev-3702\", }, });<\/script>\t\n<\/a>\n\t<div class=\"summary entry-summary\">\n\t\t<h2 class=\"entry-title\"><a href=\"https:\/\/www.formenteraliving.com\/ca\/immoble\/can-xicu\/\">CAN XICU<\/a><\/h2>\n\t\t\n\t\t<div class=\"entry-content\"><p>Bonica finca t\u00edpica de l&#8217;illa reformada fa uns anys, situada en una zona molt natural i tranquil \u00b7 la a nom\u00e9s 8 minuts de la capital S.Francisco<br \/>\nLa casa consta d&#8217;una part principal amb 2 habitacions dobles, bany amb dutxa, sal\u00f3 menjador amb cuina a vista i terrassa<br \/>\nA uns metres de la casa hi trobem la dep\u00e9ndanse amb habitaci\u00f3 doble i bany amb dutxa<br \/>\nTv sat, WI FI, aire condicionat, rentavaixelles i rentadora<\/p>\n<\/div>\n\t\t\n\t\t\n<ul class=\"more-info\">\n\t\t<li class=\"info-label\"><span>Ubicaci\u00f3<\/span><span>Can Parra<\/span><\/li>\n\t\t\n\t\t<li class=\"info-label\"><span>Capacitat<\/span><span>6<\/span><\/li>\n\t\t\n\t\t\t\n\t\t\n\t\t\n\t<li class=\"info-label\"><span>Preu<\/span><span>Consultar preu<\/span><\/li>\n<\/ul>\t<\/div>\n<\/div>\n<\/div><div class=\"property-wrapper\">\n<div id=\"property-18584\" class=\"property\">\n\t\n<a href=\"https:\/\/www.formenteraliving.com\/ca\/immoble\/ca-na-marina-casa-in-affitto-a-formentera\/\" class=\"entry-featured-image-url\">\n\n\t\t<div class=\"swiper swiper-18584\"><div class=\"swiper-wrapper\"><div class=\"swiper-slide\"><img loading=\"lazy\" decoding=\"async\" width=\"512\" height=\"384\" src=\"https:\/\/www.formenteraliving.com\/wp-content\/uploads\/2022\/07\/casa_alquiler_formentera_na_marina_016.jpg\" class=\"attachment-512x512 size-512x512\" alt=\"Ca Na Marina... Casa de lloguer a Formentera...\" \/><\/div><div class=\"swiper-slide\"><img loading=\"lazy\" decoding=\"async\" width=\"512\" height=\"341\" src=\"https:\/\/www.formenteraliving.com\/wp-content\/uploads\/2022\/07\/casa_alquiler_formentera_na_marina_001.jpg\" class=\"attachment-512x512 size-512x512\" alt=\"Ca Na Maria... Casa in affitto a Formentera...\" \/><\/div><div class=\"swiper-slide\"><img loading=\"lazy\" decoding=\"async\" width=\"512\" height=\"451\" src=\"https:\/\/www.formenteraliving.com\/wp-content\/uploads\/2022\/07\/casa_alquiler_formentera_na_marina_002.jpg\" class=\"attachment-512x512 size-512x512\" alt=\"Ca Na Maria... Casa in affitto a Formentera...\" \/><\/div><div class=\"swiper-slide\"><img loading=\"lazy\" decoding=\"async\" width=\"341\" height=\"512\" src=\"https:\/\/www.formenteraliving.com\/wp-content\/uploads\/2022\/07\/casa_alquiler_formentera_na_marina_003.jpg\" class=\"attachment-512x512 size-512x512\" alt=\"Ca Na Maria... Casa in affitto a Formentera...\" \/><\/div><div class=\"swiper-slide\"><img loading=\"lazy\" decoding=\"async\" width=\"341\" height=\"512\" src=\"https:\/\/www.formenteraliving.com\/wp-content\/uploads\/2022\/07\/casa_alquiler_formentera_na_marina_004.jpg\" class=\"attachment-512x512 size-512x512\" alt=\"Ca Na Maria... Casa in affitto a Formentera...\" \/><\/div><div class=\"swiper-slide\"><img loading=\"lazy\" decoding=\"async\" width=\"341\" height=\"512\" src=\"https:\/\/www.formenteraliving.com\/wp-content\/uploads\/2022\/07\/casa_alquiler_formentera_na_marina_005.jpg\" class=\"attachment-512x512 size-512x512\" alt=\"Ca Na Maria... Casa in affitto a Formentera...\" \/><\/div><div class=\"swiper-slide\"><img loading=\"lazy\" decoding=\"async\" width=\"512\" height=\"341\" src=\"https:\/\/www.formenteraliving.com\/wp-content\/uploads\/2022\/07\/casa_alquiler_formentera_na_marina_006.jpg\" class=\"attachment-512x512 size-512x512\" alt=\"Ca Na Maria... Casa in affitto a Formentera...\" \/><\/div><div class=\"swiper-slide\"><img loading=\"lazy\" decoding=\"async\" width=\"341\" height=\"512\" src=\"https:\/\/www.formenteraliving.com\/wp-content\/uploads\/2022\/07\/casa_alquiler_formentera_na_marina_007.jpg\" class=\"attachment-512x512 size-512x512\" alt=\"Ca Na Maria... Casa in affitto a Formentera...\" \/><\/div><div class=\"swiper-slide\"><img loading=\"lazy\" decoding=\"async\" width=\"512\" height=\"341\" src=\"https:\/\/www.formenteraliving.com\/wp-content\/uploads\/2022\/07\/casa_alquiler_formentera_na_marina_008.jpg\" class=\"attachment-512x512 size-512x512\" alt=\"Ca Na Maria... Casa in affitto a Formentera...\" \/><\/div><div class=\"swiper-slide\"><img loading=\"lazy\" decoding=\"async\" width=\"512\" height=\"341\" src=\"https:\/\/www.formenteraliving.com\/wp-content\/uploads\/2022\/07\/casa_alquiler_formentera_na_marina_009.jpg\" class=\"attachment-512x512 size-512x512\" alt=\"Ca Na Maria... Casa in affitto a Formentera...\" \/><\/div><div class=\"swiper-slide\"><img loading=\"lazy\" decoding=\"async\" width=\"512\" height=\"341\" src=\"https:\/\/www.formenteraliving.com\/wp-content\/uploads\/2022\/07\/casa_alquiler_formentera_na_marina_010.jpg\" class=\"attachment-512x512 size-512x512\" alt=\"Ca Na Maria... Casa in affitto a Formentera...\" \/><\/div><div class=\"swiper-slide\"><img loading=\"lazy\" decoding=\"async\" width=\"341\" height=\"512\" src=\"https:\/\/www.formenteraliving.com\/wp-content\/uploads\/2022\/07\/casa_alquiler_formentera_na_marina_011.jpg\" class=\"attachment-512x512 size-512x512\" alt=\"Ca Na Maria... Casa in affitto a Formentera...\" \/><\/div><div class=\"swiper-slide\"><img loading=\"lazy\" decoding=\"async\" width=\"341\" height=\"512\" src=\"https:\/\/www.formenteraliving.com\/wp-content\/uploads\/2022\/07\/casa_alquiler_formentera_na_marina_012.jpg\" class=\"attachment-512x512 size-512x512\" alt=\"Ca Na Maria... Casa in affitto a Formentera...\" \/><\/div><div class=\"swiper-slide\"><img loading=\"lazy\" decoding=\"async\" width=\"341\" height=\"512\" src=\"https:\/\/www.formenteraliving.com\/wp-content\/uploads\/2022\/07\/casa_alquiler_formentera_na_marina_013.jpg\" class=\"attachment-512x512 size-512x512\" alt=\"Ca Na Maria... Casa in affitto a Formentera...\" \/><\/div><div class=\"swiper-slide\"><img loading=\"lazy\" decoding=\"async\" width=\"512\" height=\"341\" src=\"https:\/\/www.formenteraliving.com\/wp-content\/uploads\/2022\/07\/casa_alquiler_formentera_na_marina_014.jpg\" class=\"attachment-512x512 size-512x512\" alt=\"Ca Na Maria... Casa in affitto a Formentera...\" \/><\/div><div class=\"swiper-slide\"><img loading=\"lazy\" decoding=\"async\" width=\"384\" height=\"512\" src=\"https:\/\/www.formenteraliving.com\/wp-content\/uploads\/2022\/07\/casa_alquiler_formentera_na_marina_015.jpg\" class=\"attachment-512x512 size-512x512\" alt=\"Ca Na Maria... Casa in affitto a Formentera...\" \/><\/div><div class=\"swiper-slide\"><img loading=\"lazy\" decoding=\"async\" width=\"512\" height=\"384\" src=\"https:\/\/www.formenteraliving.com\/wp-content\/uploads\/2022\/07\/casa_alquiler_formentera_na_marina_016.jpg\" class=\"attachment-512x512 size-512x512\" alt=\"villa in affitto a con piscina formentera...\" \/><\/div><div class=\"swiper-slide\"><img loading=\"lazy\" decoding=\"async\" width=\"512\" height=\"384\" src=\"https:\/\/www.formenteraliving.com\/wp-content\/uploads\/2022\/07\/casa_alquiler_formentera_na_marina_017.jpg\" class=\"attachment-512x512 size-512x512\" alt=\"Ca Na Maria... Casa in affitto a Formentera...\" \/><\/div><div class=\"swiper-slide\"><img loading=\"lazy\" decoding=\"async\" width=\"512\" height=\"384\" src=\"https:\/\/www.formenteraliving.com\/wp-content\/uploads\/2022\/07\/casa_alquiler_formentera_na_marina_018.jpg\" class=\"attachment-512x512 size-512x512\" alt=\"Ca Na Maria... Casa in affitto a Formentera...\" \/><\/div><div class=\"swiper-slide\"><img loading=\"lazy\" decoding=\"async\" width=\"384\" height=\"512\" src=\"https:\/\/www.formenteraliving.com\/wp-content\/uploads\/2022\/07\/casa_alquiler_formentera_na_marina_019.jpg\" class=\"attachment-512x512 size-512x512\" alt=\"Ca Na Maria... Casa in affitto a Formentera...\" \/><\/div><div class=\"swiper-slide\"><img loading=\"lazy\" decoding=\"async\" width=\"384\" height=\"512\" src=\"https:\/\/www.formenteraliving.com\/wp-content\/uploads\/2022\/07\/casa_alquiler_formentera_na_marina_020.jpg\" class=\"attachment-512x512 size-512x512\" alt=\"Ca Na Maria... Casa in affitto a Formentera...\" \/><\/div><div class=\"swiper-slide\"><img loading=\"lazy\" decoding=\"async\" width=\"384\" height=\"512\" src=\"https:\/\/www.formenteraliving.com\/wp-content\/uploads\/2022\/07\/casa_alquiler_formentera_na_marina_021.jpg\" class=\"attachment-512x512 size-512x512\" alt=\"Ca Na Maria... Casa in affitto a Formentera...\" \/><\/div><div class=\"swiper-slide\"><img loading=\"lazy\" decoding=\"async\" width=\"384\" height=\"512\" src=\"https:\/\/www.formenteraliving.com\/wp-content\/uploads\/2022\/07\/casa_alquiler_formentera_na_marina_022.jpg\" class=\"attachment-512x512 size-512x512\" alt=\"Ca Na Maria... Casa in affitto a Formentera...\" \/><\/div><div class=\"swiper-slide\"><img loading=\"lazy\" decoding=\"async\" width=\"384\" height=\"512\" src=\"https:\/\/www.formenteraliving.com\/wp-content\/uploads\/2022\/07\/casa_alquiler_formentera_na_marina_023.jpg\" class=\"attachment-512x512 size-512x512\" alt=\"Ca Na Maria... Casa in affitto a Formentera...\" \/><\/div><div class=\"swiper-slide\"><img loading=\"lazy\" decoding=\"async\" width=\"384\" height=\"512\" src=\"https:\/\/www.formenteraliving.com\/wp-content\/uploads\/2022\/07\/casa_alquiler_formentera_na_marina_024.jpg\" class=\"attachment-512x512 size-512x512\" alt=\"Ca Na Maria... Casa in affitto a Formentera...\" \/><\/div><div class=\"swiper-slide\"><img loading=\"lazy\" decoding=\"async\" width=\"384\" height=\"512\" src=\"https:\/\/www.formenteraliving.com\/wp-content\/uploads\/2022\/07\/casa_alquiler_formentera_na_marina_025.jpg\" class=\"attachment-512x512 size-512x512\" alt=\"Ca Na Maria... Casa in affitto a Formentera...\" \/><\/div><div class=\"swiper-slide\"><img loading=\"lazy\" decoding=\"async\" width=\"384\" height=\"512\" src=\"https:\/\/www.formenteraliving.com\/wp-content\/uploads\/2022\/07\/casa_alquiler_formentera_na_marina_026.jpg\" class=\"attachment-512x512 size-512x512\" alt=\"Ca Na Maria... Casa in affitto a Formentera...\" \/><\/div><div class=\"swiper-slide\"><img loading=\"lazy\" decoding=\"async\" width=\"384\" height=\"512\" src=\"https:\/\/www.formenteraliving.com\/wp-content\/uploads\/2022\/07\/casa_alquiler_formentera_na_marina_027.jpg\" class=\"attachment-512x512 size-512x512\" alt=\"Ca Na Maria... Casa in affitto a Formentera...\" \/><\/div><div class=\"swiper-slide\"><img loading=\"lazy\" decoding=\"async\" width=\"384\" height=\"512\" src=\"https:\/\/www.formenteraliving.com\/wp-content\/uploads\/2022\/07\/casa_alquiler_formentera_na_marina_028.jpg\" class=\"attachment-512x512 size-512x512\" alt=\"Ca Na Maria... Casa in affitto a Formentera...\" \/><\/div><div class=\"swiper-slide\"><img loading=\"lazy\" decoding=\"async\" width=\"384\" height=\"512\" src=\"https:\/\/www.formenteraliving.com\/wp-content\/uploads\/2022\/07\/casa_alquiler_formentera_na_marina_029.jpg\" class=\"attachment-512x512 size-512x512\" alt=\"Ca Na Maria... Casa in affitto a Formentera...\" \/><\/div><div class=\"swiper-slide\"><img loading=\"lazy\" decoding=\"async\" width=\"384\" height=\"512\" src=\"https:\/\/www.formenteraliving.com\/wp-content\/uploads\/2022\/07\/casa_alquiler_formentera_na_marina_030.jpg\" class=\"attachment-512x512 size-512x512\" alt=\"Ca Na Maria... Casa in affitto a Formentera...\" \/><\/div><div class=\"swiper-slide\"><img loading=\"lazy\" decoding=\"async\" width=\"384\" height=\"512\" src=\"https:\/\/www.formenteraliving.com\/wp-content\/uploads\/2022\/07\/casa_alquiler_formentera_na_marina_031.jpg\" class=\"attachment-512x512 size-512x512\" alt=\"Ca Na Maria... Casa in affitto a Formentera...\" \/><\/div><div class=\"swiper-slide\"><img loading=\"lazy\" decoding=\"async\" width=\"384\" height=\"512\" src=\"https:\/\/www.formenteraliving.com\/wp-content\/uploads\/2022\/07\/casa_alquiler_formentera_na_marina_032.jpg\" class=\"attachment-512x512 size-512x512\" alt=\"Ca Na Maria... Casa in affitto a Formentera...\" \/><\/div><div class=\"swiper-slide\"><img loading=\"lazy\" decoding=\"async\" width=\"384\" height=\"512\" src=\"https:\/\/www.formenteraliving.com\/wp-content\/uploads\/2022\/07\/casa_alquiler_formentera_na_marina_033.jpg\" class=\"attachment-512x512 size-512x512\" alt=\"Ca Na Maria... Casa in affitto a Formentera...\" \/><\/div><div class=\"swiper-slide\"><img loading=\"lazy\" decoding=\"async\" width=\"384\" height=\"512\" src=\"https:\/\/www.formenteraliving.com\/wp-content\/uploads\/2022\/07\/casa_alquiler_formentera_na_marina_034.jpg\" class=\"attachment-512x512 size-512x512\" alt=\"Ca Na Maria... Casa in affitto a Formentera...\" \/><\/div><div class=\"swiper-slide\"><img loading=\"lazy\" decoding=\"async\" width=\"384\" height=\"512\" src=\"https:\/\/www.formenteraliving.com\/wp-content\/uploads\/2022\/07\/casa_alquiler_formentera_na_marina_035.jpg\" class=\"attachment-512x512 size-512x512\" alt=\"Ca Na Maria... Casa in affitto a Formentera...\" \/><\/div><div class=\"swiper-slide\"><img loading=\"lazy\" decoding=\"async\" width=\"384\" height=\"512\" src=\"https:\/\/www.formenteraliving.com\/wp-content\/uploads\/2022\/07\/casa_alquiler_formentera_na_marina_036.jpg\" class=\"attachment-512x512 size-512x512\" alt=\"Ca Na Maria... Casa in affitto a Formentera...\" \/><\/div><div class=\"swiper-slide\"><img loading=\"lazy\" decoding=\"async\" width=\"457\" height=\"512\" src=\"https:\/\/www.formenteraliving.com\/wp-content\/uploads\/2022\/07\/casa_alquiler_formentera_na_marina_037.jpg\" class=\"attachment-512x512 size-512x512\" alt=\"Ca Na Maria... Casa in affitto a Formentera...\" \/><\/div><\/div><div class=\"swiper-button-next swiper-button-next-18584\"><\/div><div class=\"swiper-button-prev swiper-button-prev-18584\"><\/div><\/div><script>var swiper = new Swiper( \".swiper-18584\", { navigation: { nextEl: \".swiper-button-next-18584\", prevEl: \".swiper-button-prev-18584\", }, });<\/script>\t\n<\/a>\n\t<div class=\"summary entry-summary\">\n\t\t<h2 class=\"entry-title\"><a href=\"https:\/\/www.formenteraliving.com\/ca\/immoble\/ca-na-marina-casa-in-affitto-a-formentera\/\">Ca Na Marina. Casa de lloguer a Formentera<\/a><\/h2>\n\t\t\n\t\t<div class=\"entry-content\"><p>Vila amb piscina i amb vistes panor\u00e0miques amb posta de sol. Vila molt aut\u00e8ntica, moblada amb amor i bon gust.  <a href=\"https:\/\/www.formenteraliving.com\/ca\/immoble\/ca-na-marina-casa-in-affitto-a-formentera\/#more-18584\" class=\"more-link\"><span aria-label=\"Continua llegint Ca Na Marina. Casa de lloguer a Formentera\">(m\u00e9s&hellip;)<\/span><\/a><\/p>\n<\/div>\n\t\t\n\t\t\n<ul class=\"more-info\">\n\t\t<li class=\"info-label\"><span>Ubicaci\u00f3<\/span><span>Porto Saler<\/span><\/li>\n\t\t\n\t\t<li class=\"info-label\"><span>Capacitat<\/span><span>8<\/span><\/li>\n\t\t\n\t\t\t\n\t\t<li class=\"info-label\"><span>Habitacions<\/span><span>4<\/span><\/li>\n\t\t\n\t\t\n\t<li class=\"info-label\"><span>Preu<\/span><span>8.500\/setmana<\/span><\/li>\n<\/ul>\t<\/div>\n<\/div>\n<\/div><div class=\"property-wrapper\">\n<div id=\"property-24457\" class=\"property\">\n\t\n<a href=\"https:\/\/www.formenteraliving.com\/ca\/immoble\/can-ksar-b-et-6539-4-pers\/\" class=\"entry-featured-image-url\">\n\n\t\t<div class=\"swiper swiper-24457\"><div class=\"swiper-wrapper\"><div class=\"swiper-slide\"><img loading=\"lazy\" decoding=\"async\" width=\"512\" height=\"340\" src=\"https:\/\/www.formenteraliving.com\/wp-content\/uploads\/2016\/05\/DSC_1059.jpg\" class=\"attachment-512x512 size-512x512\" alt=\"vista mare Can Ksar B\" srcset=\"https:\/\/www.formenteraliving.com\/wp-content\/uploads\/2016\/05\/DSC_1059.jpg 1500w, https:\/\/www.formenteraliving.com\/wp-content\/uploads\/2016\/05\/DSC_1059-300x199.jpg 300w, https:\/\/www.formenteraliving.com\/wp-content\/uploads\/2016\/05\/DSC_1059-768x509.jpg 768w, https:\/\/www.formenteraliving.com\/wp-content\/uploads\/2016\/05\/DSC_1059-1024x679.jpg 1024w, https:\/\/www.formenteraliving.com\/wp-content\/uploads\/2016\/05\/DSC_1059-1080x716.jpg 1080w\" sizes=\"(max-width: 512px) 100vw, 512px\" \/><\/div><div class=\"swiper-slide\"><img loading=\"lazy\" decoding=\"async\" width=\"512\" height=\"340\" src=\"https:\/\/www.formenteraliving.com\/wp-content\/uploads\/2016\/05\/DSC_0194.jpg\" class=\"attachment-512x512 size-512x512\" alt=\"Vista mare Can Ksar B...\" srcset=\"https:\/\/www.formenteraliving.com\/wp-content\/uploads\/2016\/05\/DSC_0194.jpg 1500w, https:\/\/www.formenteraliving.com\/wp-content\/uploads\/2016\/05\/DSC_0194-300x199.jpg 300w, https:\/\/www.formenteraliving.com\/wp-content\/uploads\/2016\/05\/DSC_0194-768x509.jpg 768w, https:\/\/www.formenteraliving.com\/wp-content\/uploads\/2016\/05\/DSC_0194-1024x679.jpg 1024w, https:\/\/www.formenteraliving.com\/wp-content\/uploads\/2016\/05\/DSC_0194-1080x716.jpg 1080w\" sizes=\"(max-width: 512px) 100vw, 512px\" \/><\/div><div class=\"swiper-slide\"><img loading=\"lazy\" decoding=\"async\" width=\"512\" height=\"340\" src=\"https:\/\/www.formenteraliving.com\/wp-content\/uploads\/2016\/05\/DSC_0195.jpg\" class=\"attachment-512x512 size-512x512\" alt=\"Vista mare Can Ksar B...\" srcset=\"https:\/\/www.formenteraliving.com\/wp-content\/uploads\/2016\/05\/DSC_0195.jpg 1500w, https:\/\/www.formenteraliving.com\/wp-content\/uploads\/2016\/05\/DSC_0195-300x199.jpg 300w, https:\/\/www.formenteraliving.com\/wp-content\/uploads\/2016\/05\/DSC_0195-768x509.jpg 768w, https:\/\/www.formenteraliving.com\/wp-content\/uploads\/2016\/05\/DSC_0195-1024x679.jpg 1024w, https:\/\/www.formenteraliving.com\/wp-content\/uploads\/2016\/05\/DSC_0195-1080x716.jpg 1080w\" sizes=\"(max-width: 512px) 100vw, 512px\" \/><\/div><div class=\"swiper-slide\"><img loading=\"lazy\" decoding=\"async\" width=\"512\" height=\"340\" src=\"https:\/\/www.formenteraliving.com\/wp-content\/uploads\/2016\/05\/DSC_0247.jpg\" class=\"attachment-512x512 size-512x512\" alt=\"Vista mare Can Ksar B...\" srcset=\"https:\/\/www.formenteraliving.com\/wp-content\/uploads\/2016\/05\/DSC_0247.jpg 1500w, https:\/\/www.formenteraliving.com\/wp-content\/uploads\/2016\/05\/DSC_0247-300x199.jpg 300w, https:\/\/www.formenteraliving.com\/wp-content\/uploads\/2016\/05\/DSC_0247-768x510.jpg 768w, https:\/\/www.formenteraliving.com\/wp-content\/uploads\/2016\/05\/DSC_0247-1024x681.jpg 1024w, https:\/\/www.formenteraliving.com\/wp-content\/uploads\/2016\/05\/DSC_0247-1080x718.jpg 1080w\" sizes=\"(max-width: 512px) 100vw, 512px\" \/><\/div><div class=\"swiper-slide\"><img loading=\"lazy\" decoding=\"async\" width=\"512\" height=\"340\" src=\"https:\/\/www.formenteraliving.com\/wp-content\/uploads\/2016\/05\/DSC_0248.jpg\" class=\"attachment-512x512 size-512x512\" alt=\"Vista mare Can Ksar B...\" srcset=\"https:\/\/www.formenteraliving.com\/wp-content\/uploads\/2016\/05\/DSC_0248.jpg 1500w, https:\/\/www.formenteraliving.com\/wp-content\/uploads\/2016\/05\/DSC_0248-300x199.jpg 300w, https:\/\/www.formenteraliving.com\/wp-content\/uploads\/2016\/05\/DSC_0248-768x510.jpg 768w, https:\/\/www.formenteraliving.com\/wp-content\/uploads\/2016\/05\/DSC_0248-1024x681.jpg 1024w, https:\/\/www.formenteraliving.com\/wp-content\/uploads\/2016\/05\/DSC_0248-1080x718.jpg 1080w\" sizes=\"(max-width: 512px) 100vw, 512px\" \/><\/div><div class=\"swiper-slide\"><img loading=\"lazy\" decoding=\"async\" width=\"512\" height=\"340\" src=\"https:\/\/www.formenteraliving.com\/wp-content\/uploads\/2016\/05\/DSC_0249.jpg\" class=\"attachment-512x512 size-512x512\" alt=\"Vista mare Can Ksar B...\" srcset=\"https:\/\/www.formenteraliving.com\/wp-content\/uploads\/2016\/05\/DSC_0249.jpg 1500w, https:\/\/www.formenteraliving.com\/wp-content\/uploads\/2016\/05\/DSC_0249-300x199.jpg 300w, https:\/\/www.formenteraliving.com\/wp-content\/uploads\/2016\/05\/DSC_0249-768x510.jpg 768w, https:\/\/www.formenteraliving.com\/wp-content\/uploads\/2016\/05\/DSC_0249-1024x681.jpg 1024w, https:\/\/www.formenteraliving.com\/wp-content\/uploads\/2016\/05\/DSC_0249-1080x718.jpg 1080w\" sizes=\"(max-width: 512px) 100vw, 512px\" \/><\/div><div class=\"swiper-slide\"><img loading=\"lazy\" decoding=\"async\" width=\"512\" height=\"340\" src=\"https:\/\/www.formenteraliving.com\/wp-content\/uploads\/2016\/05\/DSC_0251.jpg\" class=\"attachment-512x512 size-512x512\" alt=\"Vista mare Can Ksar B...\" srcset=\"https:\/\/www.formenteraliving.com\/wp-content\/uploads\/2016\/05\/DSC_0251.jpg 1500w, https:\/\/www.formenteraliving.com\/wp-content\/uploads\/2016\/05\/DSC_0251-300x199.jpg 300w, https:\/\/www.formenteraliving.com\/wp-content\/uploads\/2016\/05\/DSC_0251-768x510.jpg 768w, https:\/\/www.formenteraliving.com\/wp-content\/uploads\/2016\/05\/DSC_0251-1024x681.jpg 1024w, https:\/\/www.formenteraliving.com\/wp-content\/uploads\/2016\/05\/DSC_0251-1080x718.jpg 1080w\" sizes=\"(max-width: 512px) 100vw, 512px\" \/><\/div><div class=\"swiper-slide\"><img loading=\"lazy\" decoding=\"async\" width=\"512\" height=\"340\" src=\"https:\/\/www.formenteraliving.com\/wp-content\/uploads\/2016\/05\/DSC_0252.jpg\" class=\"attachment-512x512 size-512x512\" alt=\"Vista mare Can Ksar B...\" srcset=\"https:\/\/www.formenteraliving.com\/wp-content\/uploads\/2016\/05\/DSC_0252.jpg 1500w, https:\/\/www.formenteraliving.com\/wp-content\/uploads\/2016\/05\/DSC_0252-300x199.jpg 300w, https:\/\/www.formenteraliving.com\/wp-content\/uploads\/2016\/05\/DSC_0252-768x510.jpg 768w, https:\/\/www.formenteraliving.com\/wp-content\/uploads\/2016\/05\/DSC_0252-1024x681.jpg 1024w, https:\/\/www.formenteraliving.com\/wp-content\/uploads\/2016\/05\/DSC_0252-1080x718.jpg 1080w\" sizes=\"(max-width: 512px) 100vw, 512px\" \/><\/div><div class=\"swiper-slide\"><img loading=\"lazy\" decoding=\"async\" width=\"512\" height=\"340\" src=\"https:\/\/www.formenteraliving.com\/wp-content\/uploads\/2016\/05\/DSC_0253.jpg\" class=\"attachment-512x512 size-512x512\" alt=\"Vista mare Can Ksar B...\" srcset=\"https:\/\/www.formenteraliving.com\/wp-content\/uploads\/2016\/05\/DSC_0253.jpg 1500w, https:\/\/www.formenteraliving.com\/wp-content\/uploads\/2016\/05\/DSC_0253-300x199.jpg 300w, https:\/\/www.formenteraliving.com\/wp-content\/uploads\/2016\/05\/DSC_0253-768x510.jpg 768w, https:\/\/www.formenteraliving.com\/wp-content\/uploads\/2016\/05\/DSC_0253-1024x681.jpg 1024w, https:\/\/www.formenteraliving.com\/wp-content\/uploads\/2016\/05\/DSC_0253-1080x718.jpg 1080w\" sizes=\"(max-width: 512px) 100vw, 512px\" \/><\/div><div class=\"swiper-slide\"><img loading=\"lazy\" decoding=\"async\" width=\"512\" height=\"340\" src=\"https:\/\/www.formenteraliving.com\/wp-content\/uploads\/2016\/05\/DSC_0718.jpg\" class=\"attachment-512x512 size-512x512\" alt=\"Vista mare Can Ksar B...\" srcset=\"https:\/\/www.formenteraliving.com\/wp-content\/uploads\/2016\/05\/DSC_0718.jpg 1500w, https:\/\/www.formenteraliving.com\/wp-content\/uploads\/2016\/05\/DSC_0718-300x199.jpg 300w, https:\/\/www.formenteraliving.com\/wp-content\/uploads\/2016\/05\/DSC_0718-768x509.jpg 768w, https:\/\/www.formenteraliving.com\/wp-content\/uploads\/2016\/05\/DSC_0718-1024x679.jpg 1024w, https:\/\/www.formenteraliving.com\/wp-content\/uploads\/2016\/05\/DSC_0718-1080x716.jpg 1080w\" sizes=\"(max-width: 512px) 100vw, 512px\" \/><\/div><div class=\"swiper-slide\"><img loading=\"lazy\" decoding=\"async\" width=\"512\" height=\"340\" src=\"https:\/\/www.formenteraliving.com\/wp-content\/uploads\/2016\/05\/DSC_0722.jpg\" class=\"attachment-512x512 size-512x512\" alt=\"Vista mare Can Ksar B...\" srcset=\"https:\/\/www.formenteraliving.com\/wp-content\/uploads\/2016\/05\/DSC_0722.jpg 1500w, https:\/\/www.formenteraliving.com\/wp-content\/uploads\/2016\/05\/DSC_0722-300x199.jpg 300w, https:\/\/www.formenteraliving.com\/wp-content\/uploads\/2016\/05\/DSC_0722-768x509.jpg 768w, https:\/\/www.formenteraliving.com\/wp-content\/uploads\/2016\/05\/DSC_0722-1024x679.jpg 1024w, https:\/\/www.formenteraliving.com\/wp-content\/uploads\/2016\/05\/DSC_0722-1080x716.jpg 1080w\" sizes=\"(max-width: 512px) 100vw, 512px\" \/><\/div><div class=\"swiper-slide\"><img loading=\"lazy\" decoding=\"async\" width=\"512\" height=\"340\" src=\"https:\/\/www.formenteraliving.com\/wp-content\/uploads\/2016\/05\/DSC_0728.jpg\" class=\"attachment-512x512 size-512x512\" alt=\"Vista mare Can Ksar B...\" srcset=\"https:\/\/www.formenteraliving.com\/wp-content\/uploads\/2016\/05\/DSC_0728.jpg 1500w, https:\/\/www.formenteraliving.com\/wp-content\/uploads\/2016\/05\/DSC_0728-300x199.jpg 300w, https:\/\/www.formenteraliving.com\/wp-content\/uploads\/2016\/05\/DSC_0728-768x509.jpg 768w, https:\/\/www.formenteraliving.com\/wp-content\/uploads\/2016\/05\/DSC_0728-1024x679.jpg 1024w, https:\/\/www.formenteraliving.com\/wp-content\/uploads\/2016\/05\/DSC_0728-1080x716.jpg 1080w\" sizes=\"(max-width: 512px) 100vw, 512px\" \/><\/div><div class=\"swiper-slide\"><img loading=\"lazy\" decoding=\"async\" width=\"340\" height=\"512\" src=\"https:\/\/www.formenteraliving.com\/wp-content\/uploads\/2016\/05\/DSC_1053.jpg\" class=\"attachment-512x512 size-512x512\" alt=\"Vista mare Can Ksar B...\" srcset=\"https:\/\/www.formenteraliving.com\/wp-content\/uploads\/2016\/05\/DSC_1053.jpg 995w, https:\/\/www.formenteraliving.com\/wp-content\/uploads\/2016\/05\/DSC_1053-199x300.jpg 199w, https:\/\/www.formenteraliving.com\/wp-content\/uploads\/2016\/05\/DSC_1053-768x1158.jpg 768w, https:\/\/www.formenteraliving.com\/wp-content\/uploads\/2016\/05\/DSC_1053-679x1024.jpg 679w\" sizes=\"(max-width: 340px) 100vw, 340px\" \/><\/div><div class=\"swiper-slide\"><img loading=\"lazy\" decoding=\"async\" width=\"512\" height=\"340\" src=\"https:\/\/www.formenteraliving.com\/wp-content\/uploads\/2016\/05\/DSC_1054.jpg\" class=\"attachment-512x512 size-512x512\" alt=\"Vista mare Can Ksar B...\" srcset=\"https:\/\/www.formenteraliving.com\/wp-content\/uploads\/2016\/05\/DSC_1054.jpg 1500w, https:\/\/www.formenteraliving.com\/wp-content\/uploads\/2016\/05\/DSC_1054-300x199.jpg 300w, https:\/\/www.formenteraliving.com\/wp-content\/uploads\/2016\/05\/DSC_1054-768x509.jpg 768w, https:\/\/www.formenteraliving.com\/wp-content\/uploads\/2016\/05\/DSC_1054-1024x679.jpg 1024w, https:\/\/www.formenteraliving.com\/wp-content\/uploads\/2016\/05\/DSC_1054-1080x716.jpg 1080w\" sizes=\"(max-width: 512px) 100vw, 512px\" \/><\/div><div class=\"swiper-slide\"><img loading=\"lazy\" decoding=\"async\" width=\"512\" height=\"340\" src=\"https:\/\/www.formenteraliving.com\/wp-content\/uploads\/2016\/05\/DSC_1058.jpg\" class=\"attachment-512x512 size-512x512\" alt=\"Vista mare Can Ksar B...\" srcset=\"https:\/\/www.formenteraliving.com\/wp-content\/uploads\/2016\/05\/DSC_1058.jpg 1500w, https:\/\/www.formenteraliving.com\/wp-content\/uploads\/2016\/05\/DSC_1058-300x199.jpg 300w, https:\/\/www.formenteraliving.com\/wp-content\/uploads\/2016\/05\/DSC_1058-768x509.jpg 768w, https:\/\/www.formenteraliving.com\/wp-content\/uploads\/2016\/05\/DSC_1058-1024x679.jpg 1024w, https:\/\/www.formenteraliving.com\/wp-content\/uploads\/2016\/05\/DSC_1058-1080x716.jpg 1080w\" sizes=\"(max-width: 512px) 100vw, 512px\" \/><\/div><div class=\"swiper-slide\"><img loading=\"lazy\" decoding=\"async\" width=\"512\" height=\"340\" src=\"https:\/\/www.formenteraliving.com\/wp-content\/uploads\/2016\/05\/DSC_1059.jpg\" class=\"attachment-512x512 size-512x512\" alt=\"Vista mare Can Ksar B...\" srcset=\"https:\/\/www.formenteraliving.com\/wp-content\/uploads\/2016\/05\/DSC_1059.jpg 1500w, https:\/\/www.formenteraliving.com\/wp-content\/uploads\/2016\/05\/DSC_1059-300x199.jpg 300w, https:\/\/www.formenteraliving.com\/wp-content\/uploads\/2016\/05\/DSC_1059-768x509.jpg 768w, https:\/\/www.formenteraliving.com\/wp-content\/uploads\/2016\/05\/DSC_1059-1024x679.jpg 1024w, https:\/\/www.formenteraliving.com\/wp-content\/uploads\/2016\/05\/DSC_1059-1080x716.jpg 1080w\" sizes=\"(max-width: 512px) 100vw, 512px\" \/><\/div><div class=\"swiper-slide\"><img loading=\"lazy\" decoding=\"async\" width=\"512\" height=\"384\" src=\"https:\/\/www.formenteraliving.com\/wp-content\/uploads\/2026\/02\/canksar_001.jpg\" class=\"attachment-512x512 size-512x512\" alt=\"Vista mare Can Ksar B...\" \/><\/div><div class=\"swiper-slide\"><img loading=\"lazy\" decoding=\"async\" width=\"512\" height=\"384\" src=\"https:\/\/www.formenteraliving.com\/wp-content\/uploads\/2026\/02\/canksar_002.jpg\" class=\"attachment-512x512 size-512x512\" alt=\"Vista mare Can Ksar B...\" \/><\/div><div class=\"swiper-slide\"><img loading=\"lazy\" decoding=\"async\" width=\"512\" height=\"384\" src=\"https:\/\/www.formenteraliving.com\/wp-content\/uploads\/2026\/02\/canksar_003.jpg\" class=\"attachment-512x512 size-512x512\" alt=\"Vista mare Can Ksar B...\" \/><\/div><div class=\"swiper-slide\"><img loading=\"lazy\" decoding=\"async\" width=\"512\" height=\"384\" src=\"https:\/\/www.formenteraliving.com\/wp-content\/uploads\/2026\/02\/canksar_004.jpg\" class=\"attachment-512x512 size-512x512\" alt=\"Vista mare Can Ksar B...\" \/><\/div><div class=\"swiper-slide\"><img loading=\"lazy\" decoding=\"async\" width=\"512\" height=\"384\" src=\"https:\/\/www.formenteraliving.com\/wp-content\/uploads\/2026\/02\/canksar_005.jpg\" class=\"attachment-512x512 size-512x512\" alt=\"Vista mare Can Ksar B...\" \/><\/div><div class=\"swiper-slide\"><img loading=\"lazy\" decoding=\"async\" width=\"512\" height=\"384\" src=\"https:\/\/www.formenteraliving.com\/wp-content\/uploads\/2026\/02\/canksar_006.jpg\" class=\"attachment-512x512 size-512x512\" alt=\"Vista mare Can Ksar B...\" \/><\/div><div class=\"swiper-slide\"><img loading=\"lazy\" decoding=\"async\" width=\"512\" height=\"384\" src=\"https:\/\/www.formenteraliving.com\/wp-content\/uploads\/2026\/02\/canksar_007.jpg\" class=\"attachment-512x512 size-512x512\" alt=\"Vista mare Can Ksar B...\" srcset=\"https:\/\/www.formenteraliving.com\/wp-content\/uploads\/2026\/02\/canksar_007.jpg 512w, https:\/\/www.formenteraliving.com\/wp-content\/uploads\/2026\/02\/canksar_007-480x360.jpg 480w\" sizes=\"(min-width: 0px) and (max-width: 480px) 480px, (min-width: 481px) 512px, 100vw\" \/><\/div><div class=\"swiper-slide\"><img loading=\"lazy\" decoding=\"async\" width=\"512\" height=\"384\" src=\"https:\/\/www.formenteraliving.com\/wp-content\/uploads\/2026\/02\/canksar_008.jpg\" class=\"attachment-512x512 size-512x512\" alt=\"Vista mare Can Ksar B...\" srcset=\"https:\/\/www.formenteraliving.com\/wp-content\/uploads\/2026\/02\/canksar_008.jpg 512w, https:\/\/www.formenteraliving.com\/wp-content\/uploads\/2026\/02\/canksar_008-480x360.jpg 480w\" sizes=\"(min-width: 0px) and (max-width: 480px) 480px, (min-width: 481px) 512px, 100vw\" \/><\/div><div class=\"swiper-slide\"><img loading=\"lazy\" decoding=\"async\" width=\"512\" height=\"384\" src=\"https:\/\/www.formenteraliving.com\/wp-content\/uploads\/2026\/02\/canksar_009.jpg\" class=\"attachment-512x512 size-512x512\" alt=\"Vista mare Can Ksar B...\" srcset=\"https:\/\/www.formenteraliving.com\/wp-content\/uploads\/2026\/02\/canksar_009.jpg 512w, https:\/\/www.formenteraliving.com\/wp-content\/uploads\/2026\/02\/canksar_009-480x360.jpg 480w\" sizes=\"(min-width: 0px) and (max-width: 480px) 480px, (min-width: 481px) 512px, 100vw\" \/><\/div><\/div><div class=\"swiper-button-next swiper-button-next-24457\"><\/div><div class=\"swiper-button-prev swiper-button-prev-24457\"><\/div><\/div><script>var swiper = new Swiper( \".swiper-24457\", { navigation: { nextEl: \".swiper-button-next-24457\", prevEl: \".swiper-button-prev-24457\", }, });<\/script>\t\n<\/a>\n\t<div class=\"summary entry-summary\">\n\t\t<h2 class=\"entry-title\"><a href=\"https:\/\/www.formenteraliving.com\/ca\/immoble\/can-ksar-b-et-6539-4-pers\/\">Casa amb vistes al mar Formentera<\/a><\/h2>\n\t\t\n\t\t<div class=\"entry-content\"><h5>Casa amb impressionants vistas al mar Formentera<\/h5>\n<h5>CAN KSAR B \/ ET \u2013 6539 (4 Pers)<\/h5>\n<p>Preciosa casa amb impressionants vistes al mar! Gaudeix d&#8217;un aperitiu a la terrassa d&#8217;aquesta casa de vacances i deixa&#8217;t seduir pel panorama! La casa est\u00e0 moblada amb gust mediterrani. Grans finestres i portes panor\u00e0miques creen un ambient llumin\u00f3s i agradable, garantint unes vistes incre\u00efbles des de tots els racons. <a href=\"https:\/\/www.formenteraliving.com\/ca\/immoble\/can-ksar-b-et-6539-4-pers\/#more-24457\" class=\"more-link\"><span aria-label=\"Continua llegint Casa amb vistes al mar Formentera\">(m\u00e9s&hellip;)<\/span><\/a><\/p>\n<\/div>\n\t\t\n\t\t\n<ul class=\"more-info\">\n\t\t<li class=\"info-label\"><span>Ubicaci\u00f3<\/span><span>CALA EMBASTER<\/span><\/li>\n\t\t\n\t\t<li class=\"info-label\"><span>Capacitat<\/span><span>4<\/span><\/li>\n\t\t\n\t\t\t\n\t\t<li class=\"info-label\"><span>Habitacions<\/span><span>2<\/span><\/li>\n\t\t\n\t\t\n\t<li class=\"info-label\"><span>Preu<\/span><span>Consultar<\/span><\/li>\n<\/ul>\t<\/div>\n<\/div>\n<\/div><\/div><\/pee><!\u2013- [et_pb_br_holder] -\u2013><!-- [et_pb_line_break_holder] -->[\/et_pb_code][et_pb_cta button_url=\u00bbhttps:\/\/www.formenteraliving.com\/ca\/properties\/transaction\/lloguer\/?property-location=formentera\u00bb button_text=\u00bbVEURE M\u00c9S IMMOBLES EN LLOGUER\u00bb admin_label=\u00bbCall To Action\u00bb _builder_version=\u00bb4.21.0&#8243; body_text_color=\u00bb#000000&#8243; use_background_color=\u00bboff\u00bb background_size=\u00bbinitial\u00bb background_position=\u00bbtop_left\u00bb background_repeat=\u00bbrepeat\u00bb custom_button=\u00bbon\u00bb button_text_color=\u00bb#ffffff\u00bb button_bg_color=\u00bb#517288&#8243; button_border_width=\u00bb0&#8243; button_border_radius=\u00bb10&#8243; button_icon=\u00bb&#x54;||divi||400&#8243; button_icon_color=\u00bb#ffffff\u00bb button_icon_placement=\u00bbleft\u00bb button_on_hover=\u00bboff\u00bb button_border_color_hover=\u00bbrgba(255,255,255,0)\u00bb button_border_radius_hover=\u00bb10&#8243; button_bg_color_hover=\u00bbrgba(81,114,136,0.5)\u00bb use_border_color=\u00bboff\u00bb global_colors_info=\u00bb{}\u00bb button_text_size__hover_enabled=\u00bboff\u00bb button_one_text_size__hover_enabled=\u00bboff\u00bb button_two_text_size__hover_enabled=\u00bboff\u00bb button_text_color__hover_enabled=\u00bboff\u00bb button_one_text_color__hover_enabled=\u00bboff\u00bb button_two_text_color__hover_enabled=\u00bboff\u00bb button_border_width__hover_enabled=\u00bboff\u00bb button_one_border_width__hover_enabled=\u00bboff\u00bb button_two_border_width__hover_enabled=\u00bboff\u00bb button_border_color__hover_enabled=\u00bbon\u00bb button_border_color__hover=\u00bbrgba(255,255,255,0)\u00bb button_one_border_color__hover_enabled=\u00bboff\u00bb button_two_border_color__hover_enabled=\u00bboff\u00bb button_border_radius__hover_enabled=\u00bbon\u00bb button_border_radius__hover=\u00bb10&#8243; button_one_border_radius__hover_enabled=\u00bboff\u00bb button_two_border_radius__hover_enabled=\u00bboff\u00bb button_letter_spacing__hover_enabled=\u00bboff\u00bb button_one_letter_spacing__hover_enabled=\u00bboff\u00bb button_two_letter_spacing__hover_enabled=\u00bboff\u00bb button_bg_color__hover_enabled=\u00bbon\u00bb button_bg_color__hover=\u00bbrgba(81,114,136,0.5)\u00bb button_one_bg_color__hover_enabled=\u00bboff\u00bb button_two_bg_color__hover_enabled=\u00bboff\u00bb][\/et_pb_cta][\/et_pb_column][et_pb_column type=\u00bb1_2&#8243; _builder_version=\u00bb4.16&#8243; custom_padding=\u00bb0px||0px|\u00bb global_colors_info=\u00bb{}\u00bb custom_padding__hover=\u00bb|||\u00bb][et_pb_blurb title=\u00bbENVIA AQU\u00cd LA TEVA PETICI\u00d3\u2026 I US ENVIAREM VARIES SOLUCIONS\u00bb use_icon=\u00bbon\u00bb font_icon=\u00bb&#x77;||divi||400&#8243; icon_color=\u00bb#FFFFFF\u00bb icon_placement=\u00bbleft\u00bb _builder_version=\u00bb4.16&#8243; _module_preset=\u00bbdefault\u00bb header_text_align=\u00bbcenter\u00bb header_text_color=\u00bb#FFFFFF\u00bb background_color=\u00bb#99885d\u00bb text_orientation=\u00bbcenter\u00bb custom_padding=\u00bb15px|15px|15px|15px|true|true\u00bb link_option_url=\u00bbhttps:\/\/www.formenteraliving.com\/ca\/contacte\/\u00bb border_radii=\u00bbon|10px|10px|10px|10px\u00bb global_colors_info=\u00bb{}\u00bb][\/et_pb_blurb][et_pb_text admin_label=\u00bbText\u00bb _builder_version=\u00bb4.21.0&#8243; text_text_color=\u00bb#ffffff\u00bb background_color=\u00bb#e9dcbf\u00bb background_size=\u00bbinitial\u00bb background_position=\u00bbtop_left\u00bb background_repeat=\u00bbrepeat\u00bb text_orientation=\u00bbcenter\u00bb module_alignment=\u00bbcenter\u00bb custom_padding=\u00bb20px||15px|\u00bb use_border_color=\u00bboff\u00bb global_colors_info=\u00bb{}\u00bb]<\/p>\n<h2>EN VENDA<\/h2>\n<p>[\/et_pb_text][et_pb_code admin_label=\u00bbCode\u00bb _builder_version=\u00bb4.21.0&#8243; global_colors_info=\u00bb{}\u00bb]<pee><div class=\"rt_archive\"><div class=\"property-wrapper\">\n<div id=\"property-23755\" class=\"property\">\n\t\n<a href=\"https:\/\/www.formenteraliving.com\/ca\/immoble\/casa-en-venda-fomentera\/\" class=\"entry-featured-image-url\">\n\n\t\t<div class=\"swiper swiper-23755\"><div class=\"swiper-wrapper\"><div class=\"swiper-slide\"><img loading=\"lazy\" decoding=\"async\" width=\"512\" height=\"352\" src=\"https:\/\/www.formenteraliving.com\/wp-content\/uploads\/2025\/06\/IMG_4123_web-1.jpg\" class=\"attachment-512x512 size-512x512\" alt=\"\" \/><\/div><div class=\"swiper-slide\"><img loading=\"lazy\" decoding=\"async\" width=\"512\" height=\"352\" src=\"https:\/\/www.formenteraliving.com\/wp-content\/uploads\/2025\/06\/IMG_4123_web-1.jpg\" class=\"attachment-512x512 size-512x512\" alt=\"\" \/><\/div><div class=\"swiper-slide\"><img loading=\"lazy\" decoding=\"async\" width=\"512\" height=\"384\" src=\"https:\/\/www.formenteraliving.com\/wp-content\/uploads\/2025\/06\/5-scaled.jpg\" class=\"attachment-512x512 size-512x512\" alt=\"\" \/><\/div><div class=\"swiper-slide\"><img loading=\"lazy\" decoding=\"async\" width=\"512\" height=\"384\" src=\"https:\/\/www.formenteraliving.com\/wp-content\/uploads\/2025\/06\/DR-01-scaled.jpg\" class=\"attachment-512x512 size-512x512\" alt=\"\" \/><\/div><div class=\"swiper-slide\"><img loading=\"lazy\" decoding=\"async\" width=\"512\" height=\"384\" src=\"https:\/\/www.formenteraliving.com\/wp-content\/uploads\/2025\/06\/DR-02-scaled.jpg\" class=\"attachment-512x512 size-512x512\" alt=\"\" \/><\/div><div class=\"swiper-slide\"><img loading=\"lazy\" decoding=\"async\" width=\"512\" height=\"384\" src=\"https:\/\/www.formenteraliving.com\/wp-content\/uploads\/2025\/06\/DR-03-scaled.jpg\" class=\"attachment-512x512 size-512x512\" alt=\"\" \/><\/div><div class=\"swiper-slide\"><img loading=\"lazy\" decoding=\"async\" width=\"512\" height=\"384\" src=\"https:\/\/www.formenteraliving.com\/wp-content\/uploads\/2025\/06\/DR-04-scaled.jpg\" class=\"attachment-512x512 size-512x512\" alt=\"\" \/><\/div><div class=\"swiper-slide\"><img loading=\"lazy\" decoding=\"async\" width=\"512\" height=\"384\" src=\"https:\/\/www.formenteraliving.com\/wp-content\/uploads\/2025\/06\/IC-6-scaled.jpg\" class=\"attachment-512x512 size-512x512\" alt=\"\" \/><\/div><div class=\"swiper-slide\"><img loading=\"lazy\" decoding=\"async\" width=\"512\" height=\"293\" src=\"https:\/\/www.formenteraliving.com\/wp-content\/uploads\/2025\/06\/IMG_5631.jpg\" class=\"attachment-512x512 size-512x512\" alt=\"\" \/><\/div><div class=\"swiper-slide\"><img loading=\"lazy\" decoding=\"async\" width=\"512\" height=\"294\" src=\"https:\/\/www.formenteraliving.com\/wp-content\/uploads\/2025\/06\/IMG_5632.jpg\" class=\"attachment-512x512 size-512x512\" alt=\"vista ibiza\" \/><\/div><div class=\"swiper-slide\"><img loading=\"lazy\" decoding=\"async\" width=\"512\" height=\"296\" src=\"https:\/\/www.formenteraliving.com\/wp-content\/uploads\/2025\/06\/IMG_5633.jpg\" class=\"attachment-512x512 size-512x512\" alt=\"\" \/><\/div><div class=\"swiper-slide\"><img loading=\"lazy\" decoding=\"async\" width=\"512\" height=\"296\" src=\"https:\/\/www.formenteraliving.com\/wp-content\/uploads\/2025\/06\/IMG_5636.jpg\" class=\"attachment-512x512 size-512x512\" alt=\"haus zu verkaufen formentera\" \/><\/div><div class=\"swiper-slide\"><img loading=\"lazy\" decoding=\"async\" width=\"512\" height=\"236\" src=\"https:\/\/www.formenteraliving.com\/wp-content\/uploads\/2025\/06\/IMG_5637-scaled.png\" class=\"attachment-512x512 size-512x512\" alt=\"\" \/><\/div><div class=\"swiper-slide\"><img loading=\"lazy\" decoding=\"async\" width=\"512\" height=\"384\" src=\"https:\/\/www.formenteraliving.com\/wp-content\/uploads\/2025\/06\/NE-01-scaled.jpg\" class=\"attachment-512x512 size-512x512\" alt=\"\" \/><\/div><div class=\"swiper-slide\"><img loading=\"lazy\" decoding=\"async\" width=\"512\" height=\"343\" src=\"https:\/\/www.formenteraliving.com\/wp-content\/uploads\/2025\/06\/NE-02-scaled.jpg\" class=\"attachment-512x512 size-512x512\" alt=\"\" \/><\/div><div class=\"swiper-slide\"><img loading=\"lazy\" decoding=\"async\" width=\"512\" height=\"400\" src=\"https:\/\/www.formenteraliving.com\/wp-content\/uploads\/2025\/06\/NE-3-scaled.jpg\" class=\"attachment-512x512 size-512x512\" alt=\"\" \/><\/div><div class=\"swiper-slide\"><img loading=\"lazy\" decoding=\"async\" width=\"437\" height=\"512\" src=\"https:\/\/www.formenteraliving.com\/wp-content\/uploads\/2025\/06\/NE-4-scaled.jpg\" class=\"attachment-512x512 size-512x512\" alt=\"\" \/><\/div><div class=\"swiper-slide\"><img loading=\"lazy\" decoding=\"async\" width=\"512\" height=\"384\" src=\"https:\/\/www.formenteraliving.com\/wp-content\/uploads\/2025\/06\/NE-5-scaled.jpg\" class=\"attachment-512x512 size-512x512\" alt=\"\" \/><\/div><div class=\"swiper-slide\"><img loading=\"lazy\" decoding=\"async\" width=\"512\" height=\"384\" src=\"https:\/\/www.formenteraliving.com\/wp-content\/uploads\/2025\/06\/NO-01-scaled.jpg\" class=\"attachment-512x512 size-512x512\" alt=\"\" \/><\/div><div class=\"swiper-slide\"><img loading=\"lazy\" decoding=\"async\" width=\"512\" height=\"384\" src=\"https:\/\/www.formenteraliving.com\/wp-content\/uploads\/2025\/06\/NO-02-scaled.jpg\" class=\"attachment-512x512 size-512x512\" alt=\"\" \/><\/div><div class=\"swiper-slide\"><img loading=\"lazy\" decoding=\"async\" width=\"512\" height=\"288\" src=\"https:\/\/www.formenteraliving.com\/wp-content\/uploads\/2025\/06\/plano-casa.jpg\" class=\"attachment-512x512 size-512x512\" alt=\"\" \/><\/div><div class=\"swiper-slide\"><img loading=\"lazy\" decoding=\"async\" width=\"512\" height=\"339\" src=\"https:\/\/www.formenteraliving.com\/wp-content\/uploads\/2025\/06\/SO-01-scaled.jpg\" class=\"attachment-512x512 size-512x512\" alt=\"\" \/><\/div><div class=\"swiper-slide\"><img loading=\"lazy\" decoding=\"async\" width=\"512\" height=\"384\" src=\"https:\/\/www.formenteraliving.com\/wp-content\/uploads\/2025\/06\/SO-03-scaled.jpg\" class=\"attachment-512x512 size-512x512\" alt=\"\" \/><\/div><div class=\"swiper-slide\"><img loading=\"lazy\" decoding=\"async\" width=\"512\" height=\"357\" src=\"https:\/\/www.formenteraliving.com\/wp-content\/uploads\/2025\/06\/SO-04-scaled.jpg\" class=\"attachment-512x512 size-512x512\" alt=\"\" \/><\/div><div class=\"swiper-slide\"><img loading=\"lazy\" decoding=\"async\" width=\"512\" height=\"288\" src=\"https:\/\/www.formenteraliving.com\/wp-content\/uploads\/2025\/06\/IMG-20240723-WA0038.jpg\" class=\"attachment-512x512 size-512x512\" alt=\"\" \/><\/div><div class=\"swiper-slide\"><img loading=\"lazy\" decoding=\"async\" width=\"512\" height=\"288\" src=\"https:\/\/www.formenteraliving.com\/wp-content\/uploads\/2025\/06\/IMG-20240723-WA0035.jpg\" class=\"attachment-512x512 size-512x512\" alt=\"\" \/><\/div><div class=\"swiper-slide\"><img loading=\"lazy\" decoding=\"async\" width=\"512\" height=\"288\" src=\"https:\/\/www.formenteraliving.com\/wp-content\/uploads\/2025\/06\/IMG-20240723-WA0024.jpg\" class=\"attachment-512x512 size-512x512\" alt=\"\" \/><\/div><div class=\"swiper-slide\"><img loading=\"lazy\" decoding=\"async\" width=\"512\" height=\"288\" src=\"https:\/\/www.formenteraliving.com\/wp-content\/uploads\/2025\/06\/IMG-20240723-WA0023.jpg\" class=\"attachment-512x512 size-512x512\" alt=\"\" \/><\/div><div class=\"swiper-slide\"><img loading=\"lazy\" decoding=\"async\" width=\"384\" height=\"512\" src=\"https:\/\/www.formenteraliving.com\/wp-content\/uploads\/2025\/06\/IP-01-1.jpg\" class=\"attachment-512x512 size-512x512\" alt=\"\" \/><\/div><div class=\"swiper-slide\"><img loading=\"lazy\" decoding=\"async\" width=\"512\" height=\"384\" src=\"https:\/\/www.formenteraliving.com\/wp-content\/uploads\/2025\/06\/IS-01-1.jpg\" class=\"attachment-512x512 size-512x512\" alt=\"\" \/><\/div><div class=\"swiper-slide\"><img loading=\"lazy\" decoding=\"async\" width=\"512\" height=\"384\" src=\"https:\/\/www.formenteraliving.com\/wp-content\/uploads\/2025\/06\/IS-02-1.jpg\" class=\"attachment-512x512 size-512x512\" alt=\"\" \/><\/div><div class=\"swiper-slide\"><img loading=\"lazy\" decoding=\"async\" width=\"512\" height=\"384\" src=\"https:\/\/www.formenteraliving.com\/wp-content\/uploads\/2025\/06\/IS-03-1.jpg\" class=\"attachment-512x512 size-512x512\" alt=\"\" \/><\/div><div class=\"swiper-slide\"><img loading=\"lazy\" decoding=\"async\" width=\"512\" height=\"384\" src=\"https:\/\/www.formenteraliving.com\/wp-content\/uploads\/2025\/06\/IH1-01-1.jpg\" class=\"attachment-512x512 size-512x512\" alt=\"\" \/><\/div><div class=\"swiper-slide\"><img loading=\"lazy\" decoding=\"async\" width=\"512\" height=\"384\" src=\"https:\/\/www.formenteraliving.com\/wp-content\/uploads\/2025\/06\/IH1-02-1.jpg\" class=\"attachment-512x512 size-512x512\" alt=\"\" \/><\/div><\/div><div class=\"swiper-button-next swiper-button-next-23755\"><\/div><div class=\"swiper-button-prev swiper-button-prev-23755\"><\/div><\/div><script>var swiper = new Swiper( \".swiper-23755\", { navigation: { nextEl: \".swiper-button-next-23755\", prevEl: \".swiper-button-prev-23755\", }, });<\/script>\t\n<\/a>\n\t<div class=\"summary entry-summary\">\n\t\t<h2 class=\"entry-title\"><a href=\"https:\/\/www.formenteraliving.com\/ca\/immoble\/casa-en-venda-fomentera\/\">Casa en venda Fomentera<\/a><\/h2>\n\t\t\n\t\t<div class=\"entry-content\"><p>Casa en venda amb un gran potencial!<br \/>\nCasa es cap de Barbaria Venite a descobrir la casa dels seus somnis situada en una ubicaci\u00f3 excel\u00b7lent i amb un gran potencial de desenvolupament. Benvingut a aquesta encantadora propietat que li ofereix l&#8217;oportunitat de complir el seu desig de personalitzaci\u00f3! Hi ha la possibilitat d&#8217;augmentar els volums existents o construir una piscina dissenyant aix\u00ed el seu espai a mida creant una estada m\u00e9s \u00e0mplia o un oasi a l&#8217;aire lliure convidant, tot \u00e9s possible.Llegeix m\u00e9s&#8230;El sostre \u00e9s parcialment trepitjable i en realitzar una escala exterior es podria gaudir d&#8217;unes incre\u00efbles vistes a Eivissa i l&#8217;illot d&#8217;Es Vedra&#8217;. La ubicaci\u00f3 \u00e9s molt estrat\u00e8gica, a prop dels serveis, alguns restaurants i la platja de Cala Sahona. La capital S.En Francisco es troba a 5 minuts amb cotxe. Constru\u00efda amb excel\u00b7lents est\u00e0ndards de qualitat, la casa disposa de sostres de fusta de sabina, un material molt t\u00edpic a les Balears Actualment la casa est\u00e0 formada per una acollidora estada amb llar de foc i una cuina habitable separada, tots dos amb acc\u00e9s directe a la terrassa. A la part posterior de la casa hi ha la zona de nit que inclou quatre dormitoris i dos banys (un no acabat) i un garatge. Amb un atent treball d&#8217;ampliaci\u00f3 i redistribuci\u00f3 dels espais, la casa pot transformar-se en un objecte de valor absolut. Aquesta casa \u00e9s m\u00e9s que una simple oferta immobili\u00e0ria. \u00c9s una oportunitat per fer realitat l&#8217;ambici\u00f3 de viure en un oasi de tranquil\u00b7litat verda lluny del caos. Poseu-vos en contacte amb nosaltres avui mateix per fixar una cita per a una visita i obtenir m\u00e9s informaci\u00f3 sobre aquesta excel\u00b7lent oportunitat d&#8217;inversi\u00f3. Poseu-vos en contacte amb nosaltres avui mateix per fixar una cita de visi\u00f3 i obtenir m\u00e9s informaci\u00f3 sobre aquesta oferta \u00fanica.<\/p>\n<\/div>\n\t\t\n\t\t\n<ul class=\"more-info\">\n\t\t<li class=\"info-label\"><span>Ubicaci\u00f3<\/span><span>Cap de Barbaria<\/span><\/li>\n\t\t\n\t\t\n\t\t\t<li class=\"info-label\"><span>Superficie<\/span><span>180&nbsp;m&sup2;<\/span><\/li>\n\t\t\t\n\t\t<li class=\"info-label\"><span>Habitacions<\/span><span>4<\/span><\/li>\n\t\t\n\t\t\n\t<li class=\"info-label\"><span>Preu<\/span><span>1.950.000<\/span><\/li>\n<\/ul>\t<\/div>\n<\/div>\n<\/div><div class=\"property-wrapper\">\n<div id=\"property-24551\" class=\"property\">\n\t\n<a href=\"https:\/\/www.formenteraliving.com\/ca\/immoble\/can-oltre\/\" class=\"entry-featured-image-url\">\n\n\t\t<div class=\"swiper swiper-24551\"><div class=\"swiper-wrapper\"><div class=\"swiper-slide\"><img loading=\"lazy\" decoding=\"async\" width=\"512\" height=\"366\" src=\"https:\/\/www.formenteraliving.com\/wp-content\/uploads\/2026\/02\/canoltre_012.jpg\" class=\"attachment-512x512 size-512x512\" alt=\"Can Oltre...\" \/><\/div><div class=\"swiper-slide\"><img loading=\"lazy\" decoding=\"async\" width=\"512\" height=\"327\" src=\"https:\/\/www.formenteraliving.com\/wp-content\/uploads\/2026\/02\/canoltre_001.jpg\" class=\"attachment-512x512 size-512x512\" alt=\"Can Oltre...\" \/><\/div><div class=\"swiper-slide\"><img loading=\"lazy\" decoding=\"async\" width=\"384\" height=\"512\" src=\"https:\/\/www.formenteraliving.com\/wp-content\/uploads\/2026\/02\/canoltre_002.jpg\" class=\"attachment-512x512 size-512x512\" alt=\"Can Oltre...\" \/><\/div><div class=\"swiper-slide\"><img loading=\"lazy\" decoding=\"async\" width=\"384\" height=\"512\" src=\"https:\/\/www.formenteraliving.com\/wp-content\/uploads\/2026\/02\/canoltre_003.jpg\" class=\"attachment-512x512 size-512x512\" alt=\"Can Oltre...\" \/><\/div><div class=\"swiper-slide\"><img loading=\"lazy\" decoding=\"async\" width=\"305\" height=\"512\" src=\"https:\/\/www.formenteraliving.com\/wp-content\/uploads\/2026\/02\/canoltre_004.jpg\" class=\"attachment-512x512 size-512x512\" alt=\"Can Oltre...\" \/><\/div><div class=\"swiper-slide\"><img loading=\"lazy\" decoding=\"async\" width=\"393\" height=\"512\" src=\"https:\/\/www.formenteraliving.com\/wp-content\/uploads\/2026\/02\/canoltre_005.jpg\" class=\"attachment-512x512 size-512x512\" alt=\"Can Oltre...\" \/><\/div><div class=\"swiper-slide\"><img loading=\"lazy\" decoding=\"async\" width=\"385\" height=\"512\" src=\"https:\/\/www.formenteraliving.com\/wp-content\/uploads\/2026\/02\/canoltre_006.jpg\" class=\"attachment-512x512 size-512x512\" alt=\"Can Oltre...\" \/><\/div><div class=\"swiper-slide\"><img loading=\"lazy\" decoding=\"async\" width=\"384\" height=\"512\" src=\"https:\/\/www.formenteraliving.com\/wp-content\/uploads\/2026\/02\/canoltre_007.jpg\" class=\"attachment-512x512 size-512x512\" alt=\"Can Oltre...\" \/><\/div><div class=\"swiper-slide\"><img loading=\"lazy\" decoding=\"async\" width=\"384\" height=\"512\" src=\"https:\/\/www.formenteraliving.com\/wp-content\/uploads\/2026\/02\/canoltre_008.jpg\" class=\"attachment-512x512 size-512x512\" alt=\"Can Oltre...\" \/><\/div><div class=\"swiper-slide\"><img loading=\"lazy\" decoding=\"async\" width=\"384\" height=\"512\" src=\"https:\/\/www.formenteraliving.com\/wp-content\/uploads\/2026\/02\/canoltre_009.jpg\" class=\"attachment-512x512 size-512x512\" alt=\"Can Oltre...\" \/><\/div><div class=\"swiper-slide\"><img loading=\"lazy\" decoding=\"async\" width=\"384\" height=\"512\" src=\"https:\/\/www.formenteraliving.com\/wp-content\/uploads\/2026\/02\/canoltre_010.jpg\" class=\"attachment-512x512 size-512x512\" alt=\"Can Oltre...\" \/><\/div><div class=\"swiper-slide\"><img loading=\"lazy\" decoding=\"async\" width=\"512\" height=\"384\" src=\"https:\/\/www.formenteraliving.com\/wp-content\/uploads\/2026\/02\/canoltre_011.jpg\" class=\"attachment-512x512 size-512x512\" alt=\"Can Oltre...\" \/><\/div><div class=\"swiper-slide\"><img loading=\"lazy\" decoding=\"async\" width=\"512\" height=\"366\" src=\"https:\/\/www.formenteraliving.com\/wp-content\/uploads\/2026\/02\/canoltre_012.jpg\" class=\"attachment-512x512 size-512x512\" alt=\"Can Oltre...\" \/><\/div><div class=\"swiper-slide\"><img loading=\"lazy\" decoding=\"async\" width=\"405\" height=\"512\" src=\"https:\/\/www.formenteraliving.com\/wp-content\/uploads\/2026\/02\/canoltre_013.jpg\" class=\"attachment-512x512 size-512x512\" alt=\"Can Oltre...\" \/><\/div><div class=\"swiper-slide\"><img loading=\"lazy\" decoding=\"async\" width=\"512\" height=\"381\" src=\"https:\/\/www.formenteraliving.com\/wp-content\/uploads\/2026\/02\/canoltre_014.jpg\" class=\"attachment-512x512 size-512x512\" alt=\"Can Oltre...\" \/><\/div><div class=\"swiper-slide\"><img loading=\"lazy\" decoding=\"async\" width=\"512\" height=\"365\" src=\"https:\/\/www.formenteraliving.com\/wp-content\/uploads\/2026\/02\/canoltre_015.jpg\" class=\"attachment-512x512 size-512x512\" alt=\"Can Oltre...\" \/><\/div><div class=\"swiper-slide\"><img loading=\"lazy\" decoding=\"async\" width=\"512\" height=\"368\" src=\"https:\/\/www.formenteraliving.com\/wp-content\/uploads\/2026\/02\/canoltre_016.jpg\" class=\"attachment-512x512 size-512x512\" alt=\"Can Oltre...\" \/><\/div><div class=\"swiper-slide\"><img loading=\"lazy\" decoding=\"async\" width=\"512\" height=\"507\" src=\"https:\/\/www.formenteraliving.com\/wp-content\/uploads\/2026\/02\/canoltre_017.jpg\" class=\"attachment-512x512 size-512x512\" alt=\"Can Oltre...\" \/><\/div><div class=\"swiper-slide\"><img loading=\"lazy\" decoding=\"async\" width=\"404\" height=\"512\" src=\"https:\/\/www.formenteraliving.com\/wp-content\/uploads\/2026\/02\/canoltre_018.jpg\" class=\"attachment-512x512 size-512x512\" alt=\"Can Oltre...\" \/><\/div><div class=\"swiper-slide\"><img loading=\"lazy\" decoding=\"async\" width=\"390\" height=\"512\" src=\"https:\/\/www.formenteraliving.com\/wp-content\/uploads\/2026\/02\/canoltre_019.jpg\" class=\"attachment-512x512 size-512x512\" alt=\"Can Oltre...\" \/><\/div><div class=\"swiper-slide\"><img loading=\"lazy\" decoding=\"async\" width=\"367\" height=\"512\" src=\"https:\/\/www.formenteraliving.com\/wp-content\/uploads\/2026\/02\/canoltre_020.jpg\" class=\"attachment-512x512 size-512x512\" alt=\"Can Oltre...\" \/><\/div><div class=\"swiper-slide\"><img loading=\"lazy\" decoding=\"async\" width=\"512\" height=\"369\" src=\"https:\/\/www.formenteraliving.com\/wp-content\/uploads\/2026\/02\/canoltre_021.jpg\" class=\"attachment-512x512 size-512x512\" alt=\"Can Oltre...\" \/><\/div><div class=\"swiper-slide\"><img loading=\"lazy\" decoding=\"async\" width=\"512\" height=\"380\" src=\"https:\/\/www.formenteraliving.com\/wp-content\/uploads\/2026\/02\/canoltre_022.jpg\" class=\"attachment-512x512 size-512x512\" alt=\"Can Oltre...\" \/><\/div><div class=\"swiper-slide\"><img loading=\"lazy\" decoding=\"async\" width=\"424\" height=\"512\" src=\"https:\/\/www.formenteraliving.com\/wp-content\/uploads\/2026\/02\/canoltre_023.jpg\" class=\"attachment-512x512 size-512x512\" alt=\"Can Oltre...\" \/><\/div><div class=\"swiper-slide\"><img loading=\"lazy\" decoding=\"async\" width=\"413\" height=\"512\" src=\"https:\/\/www.formenteraliving.com\/wp-content\/uploads\/2026\/02\/canoltre_024.jpg\" class=\"attachment-512x512 size-512x512\" alt=\"Can Oltre...\" \/><\/div><div class=\"swiper-slide\"><img loading=\"lazy\" decoding=\"async\" width=\"512\" height=\"502\" src=\"https:\/\/www.formenteraliving.com\/wp-content\/uploads\/2026\/02\/canoltre_025.jpg\" class=\"attachment-512x512 size-512x512\" alt=\"Can Oltre...\" \/><\/div><div class=\"swiper-slide\"><img loading=\"lazy\" decoding=\"async\" width=\"421\" height=\"512\" src=\"https:\/\/www.formenteraliving.com\/wp-content\/uploads\/2026\/02\/canoltre_026.jpg\" class=\"attachment-512x512 size-512x512\" alt=\"Can Oltre...\" \/><\/div><div class=\"swiper-slide\"><img loading=\"lazy\" decoding=\"async\" width=\"382\" height=\"512\" src=\"https:\/\/www.formenteraliving.com\/wp-content\/uploads\/2026\/02\/canoltre_027.jpg\" class=\"attachment-512x512 size-512x512\" alt=\"Can Oltre...\" \/><\/div><div class=\"swiper-slide\"><img loading=\"lazy\" decoding=\"async\" width=\"512\" height=\"379\" src=\"https:\/\/www.formenteraliving.com\/wp-content\/uploads\/2026\/02\/canoltre_028.jpg\" class=\"attachment-512x512 size-512x512\" alt=\"Can Oltre...\" \/><\/div><div class=\"swiper-slide\"><img loading=\"lazy\" decoding=\"async\" width=\"391\" height=\"512\" src=\"https:\/\/www.formenteraliving.com\/wp-content\/uploads\/2026\/02\/canoltre_029.jpg\" class=\"attachment-512x512 size-512x512\" alt=\"Can Oltre...\" \/><\/div><div class=\"swiper-slide\"><img loading=\"lazy\" decoding=\"async\" width=\"390\" height=\"512\" src=\"https:\/\/www.formenteraliving.com\/wp-content\/uploads\/2026\/02\/canoltre_030.jpg\" class=\"attachment-512x512 size-512x512\" alt=\"Can Oltre...\" \/><\/div><div class=\"swiper-slide\"><img loading=\"lazy\" decoding=\"async\" width=\"391\" height=\"512\" src=\"https:\/\/www.formenteraliving.com\/wp-content\/uploads\/2026\/02\/canoltre_031.jpg\" class=\"attachment-512x512 size-512x512\" alt=\"Can Oltre...\" \/><\/div><div class=\"swiper-slide\"><img loading=\"lazy\" decoding=\"async\" width=\"415\" height=\"512\" src=\"https:\/\/www.formenteraliving.com\/wp-content\/uploads\/2026\/02\/canoltre_032.jpg\" class=\"attachment-512x512 size-512x512\" alt=\"Can Oltre...\" \/><\/div><div class=\"swiper-slide\"><img loading=\"lazy\" decoding=\"async\" width=\"512\" height=\"369\" src=\"https:\/\/www.formenteraliving.com\/wp-content\/uploads\/2026\/02\/canoltre_033.jpg\" class=\"attachment-512x512 size-512x512\" alt=\"Can Oltre...\" \/><\/div><div class=\"swiper-slide\"><img loading=\"lazy\" decoding=\"async\" width=\"384\" height=\"512\" src=\"https:\/\/www.formenteraliving.com\/wp-content\/uploads\/2026\/02\/canoltre_034.jpg\" class=\"attachment-512x512 size-512x512\" alt=\"Can Oltre...\" \/><\/div><div class=\"swiper-slide\"><img loading=\"lazy\" decoding=\"async\" width=\"384\" height=\"512\" src=\"https:\/\/www.formenteraliving.com\/wp-content\/uploads\/2026\/02\/canoltre_035.jpg\" class=\"attachment-512x512 size-512x512\" alt=\"Can Oltre...\" \/><\/div><div class=\"swiper-slide\"><img loading=\"lazy\" decoding=\"async\" width=\"403\" height=\"512\" src=\"https:\/\/www.formenteraliving.com\/wp-content\/uploads\/2026\/02\/canoltre_036.jpg\" class=\"attachment-512x512 size-512x512\" alt=\"Can Oltre...\" \/><\/div><div class=\"swiper-slide\"><img loading=\"lazy\" decoding=\"async\" width=\"499\" height=\"512\" src=\"https:\/\/www.formenteraliving.com\/wp-content\/uploads\/2026\/02\/canoltre_037.jpg\" class=\"attachment-512x512 size-512x512\" alt=\"Can Oltre...\" \/><\/div><div class=\"swiper-slide\"><img loading=\"lazy\" decoding=\"async\" width=\"384\" height=\"512\" src=\"https:\/\/www.formenteraliving.com\/wp-content\/uploads\/2026\/02\/canoltre_038.jpg\" class=\"attachment-512x512 size-512x512\" alt=\"Can Oltre...\" \/><\/div><div class=\"swiper-slide\"><img loading=\"lazy\" decoding=\"async\" width=\"400\" height=\"512\" src=\"https:\/\/www.formenteraliving.com\/wp-content\/uploads\/2026\/02\/canoltre_039.jpg\" class=\"attachment-512x512 size-512x512\" alt=\"Can Oltre...\" \/><\/div><div class=\"swiper-slide\"><img loading=\"lazy\" decoding=\"async\" width=\"410\" height=\"512\" src=\"https:\/\/www.formenteraliving.com\/wp-content\/uploads\/2026\/02\/canoltre_041.jpg\" class=\"attachment-512x512 size-512x512\" alt=\"Can Oltre...\" \/><\/div><div class=\"swiper-slide\"><img loading=\"lazy\" decoding=\"async\" width=\"384\" height=\"512\" src=\"https:\/\/www.formenteraliving.com\/wp-content\/uploads\/2026\/02\/canoltre_042.jpg\" class=\"attachment-512x512 size-512x512\" alt=\"Can Oltre...\" \/><\/div><div class=\"swiper-slide\"><img loading=\"lazy\" decoding=\"async\" width=\"387\" height=\"512\" src=\"https:\/\/www.formenteraliving.com\/wp-content\/uploads\/2026\/02\/canoltre_043.jpg\" class=\"attachment-512x512 size-512x512\" alt=\"Can Oltre...\" \/><\/div><div class=\"swiper-slide\"><img loading=\"lazy\" decoding=\"async\" width=\"389\" height=\"512\" src=\"https:\/\/www.formenteraliving.com\/wp-content\/uploads\/2026\/02\/canoltre_044.jpg\" class=\"attachment-512x512 size-512x512\" alt=\"Can Oltre...\" \/><\/div><div class=\"swiper-slide\"><img loading=\"lazy\" decoding=\"async\" width=\"387\" height=\"512\" src=\"https:\/\/www.formenteraliving.com\/wp-content\/uploads\/2026\/02\/canoltre_045.jpg\" class=\"attachment-512x512 size-512x512\" alt=\"Can Oltre...\" \/><\/div><div class=\"swiper-slide\"><img loading=\"lazy\" decoding=\"async\" width=\"512\" height=\"459\" src=\"https:\/\/www.formenteraliving.com\/wp-content\/uploads\/2026\/02\/canoltre_046.jpg\" class=\"attachment-512x512 size-512x512\" alt=\"Can Oltre...\" srcset=\"https:\/\/www.formenteraliving.com\/wp-content\/uploads\/2026\/02\/canoltre_046.jpg 512w, https:\/\/www.formenteraliving.com\/wp-content\/uploads\/2026\/02\/canoltre_046-480x430.jpg 480w\" sizes=\"(min-width: 0px) and (max-width: 480px) 480px, (min-width: 481px) 512px, 100vw\" \/><\/div><div class=\"swiper-slide\"><img loading=\"lazy\" decoding=\"async\" width=\"512\" height=\"327\" src=\"https:\/\/www.formenteraliving.com\/wp-content\/uploads\/2026\/02\/canoltre_047.jpg\" class=\"attachment-512x512 size-512x512\" alt=\"Can Oltre...\" \/><\/div><\/div><div class=\"swiper-button-next swiper-button-next-24551\"><\/div><div class=\"swiper-button-prev swiper-button-prev-24551\"><\/div><\/div><script>var swiper = new Swiper( \".swiper-24551\", { navigation: { nextEl: \".swiper-button-next-24551\", prevEl: \".swiper-button-prev-24551\", }, });<\/script>\t\n<\/a>\n\t<div class=\"summary entry-summary\">\n\t\t<h2 class=\"entry-title\"><a href=\"https:\/\/www.formenteraliving.com\/ca\/immoble\/can-oltre\/\">Casa amb lic\u00e8ncia tur\u00edstica  Formentera<\/a><\/h2>\n\t\t\n\t\t<div class=\"entry-content\"><h4>Casa amb lic\u00e8ncia turistica i vistes al mar Formentera<\/h4>\n<h5>Can Oltre<\/h5>\n<p>Situada en un entorn tranquil a Cap de Barbar\u00eda, envoltada de pinedes i un paisatge prist\u00ed, aquesta casa de dues plantes, ben cuidada, ofereix impressionants vistes al mar que s&#8217;estenen fins a Eivissa. La seva proximitat als imponents penya-segats recolza la unicitat de la ubicaci\u00f3 daquesta propietat. La casa compta amb llic\u00e8ncia tur\u00edstica, cosa que la converteix en una inversi\u00f3 encara m\u00e9s atractiva, considerant que les autoritats locals han tancat la tramitaci\u00f3 de noves llic\u00e8ncies. <a href=\"https:\/\/www.formenteraliving.com\/ca\/immoble\/can-oltre\/#more-24551\" class=\"more-link\"><span aria-label=\"Continua llegint Casa amb lic\u00e8ncia tur\u00edstica  Formentera\">(m\u00e9s&hellip;)<\/span><\/a><\/p>\n<\/div>\n\t\t\n\t\t\n<ul class=\"more-info\">\n\t\t<li class=\"info-label\"><span>Ubicaci\u00f3<\/span><span>Es Cap Barbaria<\/span><\/li>\n\t\t\n\t\t\n\t\t\t<li class=\"info-label\"><span>Superficie<\/span><span>103 mt2<\/span><\/li>\n\t\t\t\n\t\t<li class=\"info-label\"><span>Habitacions<\/span><span>3<\/span><\/li>\n\t\t\n\t\t\n\t<li class=\"info-label\"><span>Preu<\/span><span>2.100.000 \u20ac<\/span><\/li>\n<\/ul>\t<\/div>\n<\/div>\n<\/div><div class=\"property-wrapper\">\n<div id=\"property-23127\" class=\"property\">\n\t\n<a href=\"https:\/\/www.formenteraliving.com\/ca\/immoble\/complesso-turistico-a-formentera\/\" class=\"entry-featured-image-url\">\n\n\t\t<div class=\"swiper swiper-23127\"><div class=\"swiper-wrapper\"><div class=\"swiper-slide\"><img loading=\"lazy\" decoding=\"async\" width=\"512\" height=\"350\" src=\"https:\/\/www.formenteraliving.com\/wp-content\/uploads\/2025\/05\/Captura-de-pantalla-2022-03-09-a-las-17.56.05.jpg\" class=\"attachment-512x512 size-512x512\" alt=\"turistic complex for sale formentera\" \/><\/div><div class=\"swiper-slide\"><img loading=\"lazy\" decoding=\"async\" width=\"512\" height=\"345\" src=\"https:\/\/www.formenteraliving.com\/wp-content\/uploads\/2025\/05\/Captura-de-pantalla-2022-03-09-a-las-17.55.17.jpg\" class=\"attachment-512x512 size-512x512\" alt=\"\" \/><\/div><div class=\"swiper-slide\"><img loading=\"lazy\" decoding=\"async\" width=\"512\" height=\"352\" src=\"https:\/\/www.formenteraliving.com\/wp-content\/uploads\/2025\/05\/Captura-de-pantalla-2022-03-09-a-las-17.55.31.jpg\" class=\"attachment-512x512 size-512x512\" alt=\"\" \/><\/div><div class=\"swiper-slide\"><img loading=\"lazy\" decoding=\"async\" width=\"346\" height=\"512\" src=\"https:\/\/www.formenteraliving.com\/wp-content\/uploads\/2025\/05\/Captura-de-pantalla-2022-03-09-a-las-17.55.38.jpg\" class=\"attachment-512x512 size-512x512\" alt=\"\" \/><\/div><div class=\"swiper-slide\"><img loading=\"lazy\" decoding=\"async\" width=\"512\" height=\"340\" src=\"https:\/\/www.formenteraliving.com\/wp-content\/uploads\/2025\/05\/Captura-de-pantalla-2022-03-09-a-las-17.55.42.jpg\" class=\"attachment-512x512 size-512x512\" alt=\"\" \/><\/div><div class=\"swiper-slide\"><img loading=\"lazy\" decoding=\"async\" width=\"512\" height=\"339\" src=\"https:\/\/www.formenteraliving.com\/wp-content\/uploads\/2025\/05\/Captura-de-pantalla-2022-03-09-a-las-17.55.45.jpg\" class=\"attachment-512x512 size-512x512\" alt=\"\" \/><\/div><div class=\"swiper-slide\"><img loading=\"lazy\" decoding=\"async\" width=\"340\" height=\"512\" src=\"https:\/\/www.formenteraliving.com\/wp-content\/uploads\/2025\/05\/Captura-de-pantalla-2022-03-09-a-las-17.55.48.jpg\" class=\"attachment-512x512 size-512x512\" alt=\"\" \/><\/div><div class=\"swiper-slide\"><img loading=\"lazy\" decoding=\"async\" width=\"512\" height=\"353\" src=\"https:\/\/www.formenteraliving.com\/wp-content\/uploads\/2025\/05\/Captura-de-pantalla-2022-03-09-a-las-17.55.51.jpg\" class=\"attachment-512x512 size-512x512\" alt=\"\" \/><\/div><div class=\"swiper-slide\"><img loading=\"lazy\" decoding=\"async\" width=\"512\" height=\"353\" src=\"https:\/\/www.formenteraliving.com\/wp-content\/uploads\/2025\/05\/Captura-de-pantalla-2022-03-09-a-las-17.55.54.jpg\" class=\"attachment-512x512 size-512x512\" alt=\"\" \/><\/div><div class=\"swiper-slide\"><img loading=\"lazy\" decoding=\"async\" width=\"512\" height=\"348\" src=\"https:\/\/www.formenteraliving.com\/wp-content\/uploads\/2025\/05\/Captura-de-pantalla-2022-03-09-a-las-17.55.58.jpg\" class=\"attachment-512x512 size-512x512\" alt=\"\" \/><\/div><div class=\"swiper-slide\"><img loading=\"lazy\" decoding=\"async\" width=\"512\" height=\"350\" src=\"https:\/\/www.formenteraliving.com\/wp-content\/uploads\/2025\/05\/Captura-de-pantalla-2022-03-09-a-las-17.56.05.jpg\" class=\"attachment-512x512 size-512x512\" alt=\"\" \/><\/div><div class=\"swiper-slide\"><img loading=\"lazy\" decoding=\"async\" width=\"512\" height=\"352\" src=\"https:\/\/www.formenteraliving.com\/wp-content\/uploads\/2025\/05\/Captura-de-pantalla-2022-03-09-a-las-17.56.10.jpg\" class=\"attachment-512x512 size-512x512\" alt=\"\" \/><\/div><div class=\"swiper-slide\"><img loading=\"lazy\" decoding=\"async\" width=\"512\" height=\"339\" src=\"https:\/\/www.formenteraliving.com\/wp-content\/uploads\/2025\/05\/Captura-de-pantalla-2022-03-09-a-las-17.56.13.jpg\" class=\"attachment-512x512 size-512x512\" alt=\"\" \/><\/div><div class=\"swiper-slide\"><img loading=\"lazy\" decoding=\"async\" width=\"512\" height=\"331\" src=\"https:\/\/www.formenteraliving.com\/wp-content\/uploads\/2025\/05\/Captura-de-pantalla-2022-03-09-a-las-17.56.16.jpg\" class=\"attachment-512x512 size-512x512\" alt=\"\" \/><\/div><div class=\"swiper-slide\"><img loading=\"lazy\" decoding=\"async\" width=\"344\" height=\"512\" src=\"https:\/\/www.formenteraliving.com\/wp-content\/uploads\/2025\/05\/Captura-de-pantalla-2022-03-09-a-las-17.56.31.jpg\" class=\"attachment-512x512 size-512x512\" alt=\"\" \/><\/div><div class=\"swiper-slide\"><img loading=\"lazy\" decoding=\"async\" width=\"512\" height=\"334\" src=\"https:\/\/www.formenteraliving.com\/wp-content\/uploads\/2025\/05\/Captura-de-pantalla-2022-03-09-a-las-17.56.36.jpg\" class=\"attachment-512x512 size-512x512\" alt=\"\" \/><\/div><div class=\"swiper-slide\"><img loading=\"lazy\" decoding=\"async\" width=\"512\" height=\"384\" src=\"https:\/\/www.formenteraliving.com\/wp-content\/uploads\/2025\/05\/PHOTO-2021-06-21-21-13-06.jpg\" class=\"attachment-512x512 size-512x512\" alt=\"\" \/><\/div><div class=\"swiper-slide\"><img loading=\"lazy\" decoding=\"async\" width=\"512\" height=\"384\" src=\"https:\/\/www.formenteraliving.com\/wp-content\/uploads\/2025\/05\/PHOTO-2021-06-21-21-13-06-9.jpg\" class=\"attachment-512x512 size-512x512\" alt=\"\" \/><\/div><div class=\"swiper-slide\"><img loading=\"lazy\" decoding=\"async\" width=\"512\" height=\"384\" src=\"https:\/\/www.formenteraliving.com\/wp-content\/uploads\/2025\/05\/PHOTO-2021-06-21-21-13-06-13.jpg\" class=\"attachment-512x512 size-512x512\" alt=\"\" \/><\/div><div class=\"swiper-slide\"><img loading=\"lazy\" decoding=\"async\" width=\"512\" height=\"384\" src=\"https:\/\/www.formenteraliving.com\/wp-content\/uploads\/2025\/05\/PHOTO-2022-02-09-13-35-57-12-copia.jpg\" class=\"attachment-512x512 size-512x512\" alt=\"\" \/><\/div><div class=\"swiper-slide\"><img loading=\"lazy\" decoding=\"async\" width=\"512\" height=\"350\" src=\"https:\/\/www.formenteraliving.com\/wp-content\/uploads\/2025\/05\/Captura-de-pantalla-2022-03-09-a-las-17.40.28.jpg\" class=\"attachment-512x512 size-512x512\" alt=\"\" \/><\/div><div class=\"swiper-slide\"><img loading=\"lazy\" decoding=\"async\" width=\"512\" height=\"348\" src=\"https:\/\/www.formenteraliving.com\/wp-content\/uploads\/2025\/05\/Captura-de-pantalla-2022-03-09-a-las-17.40.34.jpg\" class=\"attachment-512x512 size-512x512\" alt=\"\" \/><\/div><div class=\"swiper-slide\"><img loading=\"lazy\" decoding=\"async\" width=\"512\" height=\"350\" src=\"https:\/\/www.formenteraliving.com\/wp-content\/uploads\/2025\/05\/Captura-de-pantalla-2022-03-09-a-las-17.40.40.jpg\" class=\"attachment-512x512 size-512x512\" alt=\"\" \/><\/div><div class=\"swiper-slide\"><img loading=\"lazy\" decoding=\"async\" width=\"512\" height=\"352\" src=\"https:\/\/www.formenteraliving.com\/wp-content\/uploads\/2025\/05\/Captura-de-pantalla-2022-03-09-a-las-17.40.44.jpg\" class=\"attachment-512x512 size-512x512\" alt=\"\" \/><\/div><div class=\"swiper-slide\"><img loading=\"lazy\" decoding=\"async\" width=\"512\" height=\"352\" src=\"https:\/\/www.formenteraliving.com\/wp-content\/uploads\/2025\/05\/Captura-de-pantalla-2022-03-09-a-las-17.40.47.jpg\" class=\"attachment-512x512 size-512x512\" alt=\"\" \/><\/div><div class=\"swiper-slide\"><img loading=\"lazy\" decoding=\"async\" width=\"512\" height=\"352\" src=\"https:\/\/www.formenteraliving.com\/wp-content\/uploads\/2025\/05\/Captura-de-pantalla-2022-03-09-a-las-17.40.49.jpg\" class=\"attachment-512x512 size-512x512\" alt=\"\" \/><\/div><div class=\"swiper-slide\"><img loading=\"lazy\" decoding=\"async\" width=\"512\" height=\"350\" src=\"https:\/\/www.formenteraliving.com\/wp-content\/uploads\/2025\/05\/Captura-de-pantalla-2022-03-09-a-las-17.40.54.jpg\" class=\"attachment-512x512 size-512x512\" alt=\"\" \/><\/div><\/div><div class=\"swiper-button-next swiper-button-next-23127\"><\/div><div class=\"swiper-button-prev swiper-button-prev-23127\"><\/div><\/div><script>var swiper = new Swiper( \".swiper-23127\", { navigation: { nextEl: \".swiper-button-next-23127\", prevEl: \".swiper-button-prev-23127\", }, });<\/script>\t\n<\/a>\n\t<div class=\"summary entry-summary\">\n\t\t<h2 class=\"entry-title\"><a href=\"https:\/\/www.formenteraliving.com\/ca\/immoble\/complesso-turistico-a-formentera\/\">Complejo tur\u00edstico en Formentera<\/a><\/h2>\n\t\t\n\t\t<div class=\"entry-content\"><p>Se vende un precioso complejo de bungalow, estrat\u00e9gicamente situado a s\u00f3lo unos minutos de Es Pujols, famoso por su vida nocturna, sus bonitos bares y restaurantes de moda y la playa. <a href=\"https:\/\/www.formenteraliving.com\/ca\/immoble\/complesso-turistico-a-formentera\/#more-23127\" class=\"more-link\"><span aria-label=\"Continua llegint Complejo tur\u00edstico en Formentera\">(m\u00e9s&hellip;)<\/span><\/a><\/p>\n<\/div>\n\t\t\n\t\t\n<ul class=\"more-info\">\n\t\t<li class=\"info-label\"><span>Ubicaci\u00f3<\/span><span>Es Pujols<\/span><\/li>\n\t\t\n\t\t\n\t\t\t<li class=\"info-label\"><span>Superficie<\/span><span>380 mt2 + 125 mt2<\/span><\/li>\n\t\t\t\n\t\t<li class=\"info-label\"><span>Habitacions<\/span><span>5 +2<\/span><\/li>\n\t\t\n\t\t\n\t<li class=\"info-label\"><span>Preu<\/span><span>Consultar preu<\/span><\/li>\n<\/ul>\t<\/div>\n<\/div>\n<\/div><div class=\"property-wrapper\">\n<div id=\"property-21796\" class=\"property\">\n\t\n<a href=\"https:\/\/www.formenteraliving.com\/ca\/immoble\/paraiso-de-los-pinos\/\" class=\"entry-featured-image-url\">\n\n\t\t<div class=\"swiper swiper-21796\"><div class=\"swiper-wrapper\"><div class=\"swiper-slide\"><img loading=\"lazy\" decoding=\"async\" width=\"512\" height=\"368\" src=\"https:\/\/www.formenteraliving.com\/wp-content\/uploads\/2024\/07\/IMG_0747.jpg\" class=\"attachment-512x512 size-512x512\" alt=\"maison a vendre formentera\" \/><\/div><div class=\"swiper-slide\"><img loading=\"lazy\" decoding=\"async\" width=\"384\" height=\"512\" src=\"https:\/\/www.formenteraliving.com\/wp-content\/uploads\/2024\/07\/IMG_0729.jpg\" class=\"attachment-512x512 size-512x512\" alt=\"\" \/><\/div><div class=\"swiper-slide\"><img loading=\"lazy\" decoding=\"async\" width=\"384\" height=\"512\" src=\"https:\/\/www.formenteraliving.com\/wp-content\/uploads\/2024\/07\/IMG_0730.jpg\" class=\"attachment-512x512 size-512x512\" alt=\"\" \/><\/div><div class=\"swiper-slide\"><img loading=\"lazy\" decoding=\"async\" width=\"384\" height=\"512\" src=\"https:\/\/www.formenteraliving.com\/wp-content\/uploads\/2024\/07\/IMG_0732.jpg\" class=\"attachment-512x512 size-512x512\" alt=\"\" \/><\/div><div class=\"swiper-slide\"><img loading=\"lazy\" decoding=\"async\" width=\"355\" height=\"512\" src=\"https:\/\/www.formenteraliving.com\/wp-content\/uploads\/2024\/07\/IMG_0734.jpg\" class=\"attachment-512x512 size-512x512\" alt=\"\" \/><\/div><div class=\"swiper-slide\"><img loading=\"lazy\" decoding=\"async\" width=\"384\" height=\"512\" src=\"https:\/\/www.formenteraliving.com\/wp-content\/uploads\/2024\/07\/IMG_0735.jpg\" class=\"attachment-512x512 size-512x512\" alt=\"\" \/><\/div><div class=\"swiper-slide\"><img loading=\"lazy\" decoding=\"async\" width=\"384\" height=\"512\" src=\"https:\/\/www.formenteraliving.com\/wp-content\/uploads\/2024\/07\/IMG_0736.jpg\" class=\"attachment-512x512 size-512x512\" alt=\"\" \/><\/div><div class=\"swiper-slide\"><img loading=\"lazy\" decoding=\"async\" width=\"384\" height=\"512\" src=\"https:\/\/www.formenteraliving.com\/wp-content\/uploads\/2024\/07\/IMG_0740.jpg\" class=\"attachment-512x512 size-512x512\" alt=\"\" \/><\/div><div class=\"swiper-slide\"><img loading=\"lazy\" decoding=\"async\" width=\"384\" height=\"512\" src=\"https:\/\/www.formenteraliving.com\/wp-content\/uploads\/2024\/07\/IMG_0741.jpg\" class=\"attachment-512x512 size-512x512\" alt=\"\" \/><\/div><div class=\"swiper-slide\"><img loading=\"lazy\" decoding=\"async\" width=\"387\" height=\"512\" src=\"https:\/\/www.formenteraliving.com\/wp-content\/uploads\/2024\/07\/IMG_0742.jpg\" class=\"attachment-512x512 size-512x512\" alt=\"\" \/><\/div><div class=\"swiper-slide\"><img loading=\"lazy\" decoding=\"async\" width=\"512\" height=\"278\" src=\"https:\/\/www.formenteraliving.com\/wp-content\/uploads\/2024\/07\/IMG_0745.jpg\" class=\"attachment-512x512 size-512x512\" alt=\"\" \/><\/div><div class=\"swiper-slide\"><img loading=\"lazy\" decoding=\"async\" width=\"512\" height=\"368\" src=\"https:\/\/www.formenteraliving.com\/wp-content\/uploads\/2024\/07\/IMG_0747.jpg\" class=\"attachment-512x512 size-512x512\" alt=\"\" \/><\/div><div class=\"swiper-slide\"><img loading=\"lazy\" decoding=\"async\" width=\"512\" height=\"500\" src=\"https:\/\/www.formenteraliving.com\/wp-content\/uploads\/2024\/07\/IMG_0748.jpg\" class=\"attachment-512x512 size-512x512\" alt=\"\" \/><\/div><div class=\"swiper-slide\"><img loading=\"lazy\" decoding=\"async\" width=\"344\" height=\"512\" src=\"https:\/\/www.formenteraliving.com\/wp-content\/uploads\/2024\/07\/IMG_0751.jpg\" class=\"attachment-512x512 size-512x512\" alt=\"\" \/><\/div><div class=\"swiper-slide\"><img loading=\"lazy\" decoding=\"async\" width=\"384\" height=\"512\" src=\"https:\/\/www.formenteraliving.com\/wp-content\/uploads\/2024\/07\/IMG_0752.jpg\" class=\"attachment-512x512 size-512x512\" alt=\"\" \/><\/div><div class=\"swiper-slide\"><img loading=\"lazy\" decoding=\"async\" width=\"384\" height=\"512\" src=\"https:\/\/www.formenteraliving.com\/wp-content\/uploads\/2024\/07\/IMG_0753.jpg\" class=\"attachment-512x512 size-512x512\" alt=\"\" \/><\/div><div class=\"swiper-slide\"><img loading=\"lazy\" decoding=\"async\" width=\"384\" height=\"512\" src=\"https:\/\/www.formenteraliving.com\/wp-content\/uploads\/2024\/07\/IMG_0754.jpg\" class=\"attachment-512x512 size-512x512\" alt=\"\" \/><\/div><div class=\"swiper-slide\"><img loading=\"lazy\" decoding=\"async\" width=\"384\" height=\"512\" src=\"https:\/\/www.formenteraliving.com\/wp-content\/uploads\/2024\/07\/IMG_0758.jpg\" class=\"attachment-512x512 size-512x512\" alt=\"\" \/><\/div><div class=\"swiper-slide\"><img loading=\"lazy\" decoding=\"async\" width=\"384\" height=\"512\" src=\"https:\/\/www.formenteraliving.com\/wp-content\/uploads\/2024\/07\/IMG_0761.jpg\" class=\"attachment-512x512 size-512x512\" alt=\"\" \/><\/div><div class=\"swiper-slide\"><img loading=\"lazy\" decoding=\"async\" width=\"384\" height=\"512\" src=\"https:\/\/www.formenteraliving.com\/wp-content\/uploads\/2024\/07\/IMG_0762.jpg\" class=\"attachment-512x512 size-512x512\" alt=\"\" \/><\/div><div class=\"swiper-slide\"><img loading=\"lazy\" decoding=\"async\" width=\"384\" height=\"512\" src=\"https:\/\/www.formenteraliving.com\/wp-content\/uploads\/2024\/07\/IMG_0763.jpg\" class=\"attachment-512x512 size-512x512\" alt=\"\" \/><\/div><div class=\"swiper-slide\"><img loading=\"lazy\" decoding=\"async\" width=\"384\" height=\"512\" src=\"https:\/\/www.formenteraliving.com\/wp-content\/uploads\/2024\/07\/IMG_0767.jpg\" class=\"attachment-512x512 size-512x512\" alt=\"\" \/><\/div><div class=\"swiper-slide\"><img loading=\"lazy\" decoding=\"async\" width=\"384\" height=\"512\" src=\"https:\/\/www.formenteraliving.com\/wp-content\/uploads\/2024\/07\/IMG_0769.jpg\" class=\"attachment-512x512 size-512x512\" alt=\"\" \/><\/div><div class=\"swiper-slide\"><img loading=\"lazy\" decoding=\"async\" width=\"384\" height=\"512\" src=\"https:\/\/www.formenteraliving.com\/wp-content\/uploads\/2024\/07\/IMG_0772.jpg\" class=\"attachment-512x512 size-512x512\" alt=\"\" \/><\/div><div class=\"swiper-slide\"><img loading=\"lazy\" decoding=\"async\" width=\"384\" height=\"512\" src=\"https:\/\/www.formenteraliving.com\/wp-content\/uploads\/2024\/07\/IMG_0773.jpg\" class=\"attachment-512x512 size-512x512\" alt=\"\" \/><\/div><div class=\"swiper-slide\"><img loading=\"lazy\" decoding=\"async\" width=\"512\" height=\"417\" src=\"https:\/\/www.formenteraliving.com\/wp-content\/uploads\/2024\/07\/IMG_0774.jpg\" class=\"attachment-512x512 size-512x512\" alt=\"\" \/><\/div><div class=\"swiper-slide\"><img loading=\"lazy\" decoding=\"async\" width=\"512\" height=\"384\" src=\"https:\/\/www.formenteraliving.com\/wp-content\/uploads\/2024\/07\/IMG_0776.jpg\" class=\"attachment-512x512 size-512x512\" alt=\"\" \/><\/div><div class=\"swiper-slide\"><img loading=\"lazy\" decoding=\"async\" width=\"384\" height=\"512\" src=\"https:\/\/www.formenteraliving.com\/wp-content\/uploads\/2024\/07\/IMG_0779.jpg\" class=\"attachment-512x512 size-512x512\" alt=\"\" \/><\/div><div class=\"swiper-slide\"><img loading=\"lazy\" decoding=\"async\" width=\"384\" height=\"512\" src=\"https:\/\/www.formenteraliving.com\/wp-content\/uploads\/2024\/07\/IMG_0782.jpg\" class=\"attachment-512x512 size-512x512\" alt=\"\" \/><\/div><div class=\"swiper-slide\"><img loading=\"lazy\" decoding=\"async\" width=\"415\" height=\"512\" src=\"https:\/\/www.formenteraliving.com\/wp-content\/uploads\/2024\/07\/IMG_0784.jpg\" class=\"attachment-512x512 size-512x512\" alt=\"\" \/><\/div><div class=\"swiper-slide\"><img loading=\"lazy\" decoding=\"async\" width=\"419\" height=\"512\" src=\"https:\/\/www.formenteraliving.com\/wp-content\/uploads\/2024\/07\/IMG_0786.jpg\" class=\"attachment-512x512 size-512x512\" alt=\"\" \/><\/div><div class=\"swiper-slide\"><img loading=\"lazy\" decoding=\"async\" width=\"423\" height=\"512\" src=\"https:\/\/www.formenteraliving.com\/wp-content\/uploads\/2024\/07\/IMG_0792.jpg\" class=\"attachment-512x512 size-512x512\" alt=\"\" \/><\/div><div class=\"swiper-slide\"><img loading=\"lazy\" decoding=\"async\" width=\"384\" height=\"512\" src=\"https:\/\/www.formenteraliving.com\/wp-content\/uploads\/2024\/07\/IMG_0794.jpg\" class=\"attachment-512x512 size-512x512\" alt=\"\" \/><\/div><div class=\"swiper-slide\"><img loading=\"lazy\" decoding=\"async\" width=\"384\" height=\"512\" src=\"https:\/\/www.formenteraliving.com\/wp-content\/uploads\/2024\/07\/IMG_0795.jpg\" class=\"attachment-512x512 size-512x512\" alt=\"\" \/><\/div><div class=\"swiper-slide\"><img loading=\"lazy\" decoding=\"async\" width=\"384\" height=\"512\" src=\"https:\/\/www.formenteraliving.com\/wp-content\/uploads\/2024\/07\/IMG_0798.jpg\" class=\"attachment-512x512 size-512x512\" alt=\"\" \/><\/div><div class=\"swiper-slide\"><img loading=\"lazy\" decoding=\"async\" width=\"384\" height=\"512\" src=\"https:\/\/www.formenteraliving.com\/wp-content\/uploads\/2024\/07\/IMG_0800.jpg\" class=\"attachment-512x512 size-512x512\" alt=\"\" \/><\/div><div class=\"swiper-slide\"><img loading=\"lazy\" decoding=\"async\" width=\"384\" height=\"512\" src=\"https:\/\/www.formenteraliving.com\/wp-content\/uploads\/2024\/07\/IMG_0801.jpg\" class=\"attachment-512x512 size-512x512\" alt=\"\" \/><\/div><div class=\"swiper-slide\"><img loading=\"lazy\" decoding=\"async\" width=\"384\" height=\"512\" src=\"https:\/\/www.formenteraliving.com\/wp-content\/uploads\/2024\/07\/IMG_0804.jpg\" class=\"attachment-512x512 size-512x512\" alt=\"\" \/><\/div><div class=\"swiper-slide\"><img loading=\"lazy\" decoding=\"async\" width=\"384\" height=\"512\" src=\"https:\/\/www.formenteraliving.com\/wp-content\/uploads\/2024\/07\/IMG_0807.jpg\" class=\"attachment-512x512 size-512x512\" alt=\"\" \/><\/div><\/div><div class=\"swiper-button-next swiper-button-next-21796\"><\/div><div class=\"swiper-button-prev swiper-button-prev-21796\"><\/div><\/div><script>var swiper = new Swiper( \".swiper-21796\", { navigation: { nextEl: \".swiper-button-next-21796\", prevEl: \".swiper-button-prev-21796\", }, });<\/script>\t\n<\/a>\n\t<div class=\"summary entry-summary\">\n\t\t<h2 class=\"entry-title\"><a href=\"https:\/\/www.formenteraliving.com\/ca\/immoble\/paraiso-de-los-pinos\/\">Casa en venda a prop de la platja Formentera<\/a><\/h2>\n\t\t\n\t\t<div class=\"entry-content\"><h4>Casa en venda a prop de la platja Migjorn<\/h4>\n<h5>Casa Paraiso<\/h5>\n<p>Dins la urbanitzaci\u00f3 \u201cParais de los Pinos\u201d, a la tranquil\u00b7la zona des Mal Pas, es ven aquesta acollidora casa a tan sols uns minuts de la platja de Migjorn. Gr\u00e0cies a la seva ubicaci\u00f3, la casa ofereix diverses comoditats i serveis. No menys important \u00e9s la possibilitat de fer servir gratu\u00eftament la gran piscina de l&#8217;hotel i els restaurants i supermercats propers. <a href=\"https:\/\/www.formenteraliving.com\/ca\/immoble\/paraiso-de-los-pinos\/#more-21796\" class=\"more-link\"><span aria-label=\"Continua llegint Casa en venda a prop de la platja Formentera\">(m\u00e9s&hellip;)<\/span><\/a><\/p>\n<\/div>\n\t\t\n\t\t\n<ul class=\"more-info\">\n\t\t<li class=\"info-label\"><span>Ubicaci\u00f3<\/span><span>Migjorn<\/span><\/li>\n\t\t\n\t\t\n\t\t\t<li class=\"info-label\"><span>Superficie<\/span><span>150&nbsp;m&sup2;<\/span><\/li>\n\t\t\t\n\t\t<li class=\"info-label\"><span>Habitacions<\/span><span>3+2 bungalows<\/span><\/li>\n\t\t\n\t\t\n\t<li class=\"info-label\"><span>Preu<\/span><span>1.350.000 \u20ac<\/span><\/li>\n<\/ul>\t<\/div>\n<\/div>\n<\/div><\/div><\/pee><!\u2013- [et_pb_br_holder] -\u2013><!-- [et_pb_line_break_holder] -->[\/et_pb_code][et_pb_cta button_url=\u00bbhttps:\/\/www.formenteraliving.com\/ca\/properties\/transaction\/venda\/?property-location=formentera\u00bb button_text=\u00bbVEURE M\u00c9S IMMOBLES EN VENDA\u00bb admin_label=\u00bbCall To Action\u00bb _builder_version=\u00bb4.21.0&#8243; body_text_color=\u00bb#000000&#8243; use_background_color=\u00bboff\u00bb background_size=\u00bbinitial\u00bb background_position=\u00bbtop_left\u00bb background_repeat=\u00bbrepeat\u00bb custom_button=\u00bbon\u00bb button_text_color=\u00bb#ffffff\u00bb button_bg_color=\u00bb#ae9f79&#8243; button_border_width=\u00bb0&#8243; button_border_radius=\u00bb10&#8243; button_icon=\u00bb&#x54;||divi||400&#8243; button_icon_color=\u00bb#ffffff\u00bb button_icon_placement=\u00bbleft\u00bb button_on_hover=\u00bboff\u00bb button_text_color_hover=\u00bbrgba(255,255,255,0.5)\u00bb button_border_color_hover=\u00bbrgba(255,255,255,0)\u00bb button_border_radius_hover=\u00bb10&#8243; button_bg_color_hover=\u00bbrgba(174,159,121,0.5)\u00bb use_border_color=\u00bboff\u00bb global_colors_info=\u00bb{}\u00bb button_text_size__hover_enabled=\u00bboff\u00bb button_one_text_size__hover_enabled=\u00bboff\u00bb button_two_text_size__hover_enabled=\u00bboff\u00bb button_text_color__hover_enabled=\u00bbon\u00bb button_text_color__hover=\u00bbrgba(255,255,255,0.5)\u00bb button_one_text_color__hover_enabled=\u00bboff\u00bb button_two_text_color__hover_enabled=\u00bboff\u00bb button_border_width__hover_enabled=\u00bboff\u00bb button_one_border_width__hover_enabled=\u00bboff\u00bb button_two_border_width__hover_enabled=\u00bboff\u00bb button_border_color__hover_enabled=\u00bbon\u00bb button_border_color__hover=\u00bbrgba(255,255,255,0)\u00bb button_one_border_color__hover_enabled=\u00bboff\u00bb button_two_border_color__hover_enabled=\u00bboff\u00bb button_border_radius__hover_enabled=\u00bbon\u00bb button_border_radius__hover=\u00bb10&#8243; button_one_border_radius__hover_enabled=\u00bboff\u00bb button_two_border_radius__hover_enabled=\u00bboff\u00bb button_letter_spacing__hover_enabled=\u00bboff\u00bb button_one_letter_spacing__hover_enabled=\u00bboff\u00bb button_two_letter_spacing__hover_enabled=\u00bboff\u00bb button_bg_color__hover_enabled=\u00bbon\u00bb button_bg_color__hover=\u00bbrgba(174,159,121,0.5)\u00bb button_one_bg_color__hover_enabled=\u00bboff\u00bb button_two_bg_color__hover_enabled=\u00bboff\u00bb][\/et_pb_cta][\/et_pb_column][\/et_pb_row][\/et_pb_section][et_pb_section fb_built=\u00bb1&#8243; custom_padding_last_edited=\u00bbon|desktop\u00bb admin_label=\u00bbPRENOTA\u00bb _builder_version=\u00bb4.23.1&#8243; background_color=\u00bb#c3d1da\u00bb custom_padding_tablet=\u00bb50px|0|50px|0&#8243; custom_padding_phone=\u00bb\u00bb top_divider_style=\u00bbwaves2&#8243; top_divider_color=\u00bb#FFFFFF\u00bb bottom_divider_style=\u00bbwaves2&#8243; bottom_divider_color=\u00bb#FFFFFF\u00bb da_disable_devices=\u00bboff|off|off\u00bb transparent_background=\u00bboff\u00bb padding_mobile=\u00bboff\u00bb collapsed=\u00bbon\u00bb global_colors_info=\u00bb{}\u00bb da_is_popup=\u00bboff\u00bb da_exit_intent=\u00bboff\u00bb da_has_close=\u00bbon\u00bb da_alt_close=\u00bboff\u00bb da_dark_close=\u00bboff\u00bb da_not_modal=\u00bbon\u00bb da_is_singular=\u00bboff\u00bb da_with_loader=\u00bboff\u00bb da_has_shadow=\u00bbon\u00bb][et_pb_row admin_label=\u00bbRow\u00bb _builder_version=\u00bb4.16&#8243; background_size=\u00bbinitial\u00bb background_position=\u00bbtop_left\u00bb background_repeat=\u00bbrepeat\u00bb collapsed=\u00bbon\u00bb global_colors_info=\u00bb{}\u00bb][et_pb_column type=\u00bb4_4&#8243; _builder_version=\u00bb4.16&#8243; custom_padding=\u00bb|||\u00bb global_colors_info=\u00bb{}\u00bb custom_padding__hover=\u00bb|||\u00bb][et_pb_text admin_label=\u00bbText\u00bb _builder_version=\u00bb4.24.0&#8243; header_3_font=\u00bb|800|||||||\u00bb header_3_font_size=\u00bb32px\u00bb background_size=\u00bbinitial\u00bb background_position=\u00bbtop_left\u00bb background_repeat=\u00bbrepeat\u00bb use_border_color=\u00bboff\u00bb border_color=\u00bb#ffffff\u00bb border_style=\u00bbsolid\u00bb global_colors_info=\u00bb{}\u00bb]<\/p>\n<h3 style=\"text-align: center;\">RESERVA AQU\u00cd EL TEU COTXE, MOTO I FERRI A UN PREU ESPECIAL&#8230;<\/h3>\n<p>[\/et_pb_text][\/et_pb_column][\/et_pb_row][et_pb_row column_structure=\u00bb1_3,1_3,1_3&#8243; admin_label=\u00bbRow\u00bb _builder_version=\u00bb4.16&#8243; background_size=\u00bbinitial\u00bb background_position=\u00bbtop_left\u00bb background_repeat=\u00bbrepeat\u00bb collapsed=\u00bbon\u00bb global_colors_info=\u00bb{}\u00bb][et_pb_column type=\u00bb1_3&#8243; _builder_version=\u00bb4.16&#8243; custom_padding=\u00bb|||\u00bb global_colors_info=\u00bb{}\u00bb custom_padding__hover=\u00bb|||\u00bb][et_pb_blurb title=\u00bbPROAUTORENTACAR\u00bb url=\u00bb#proautorentacar\u00bb image=\u00bbhttps:\/\/www.formenteraliving.com\/wp-content\/uploads\/2016\/01\/proauto.jpg\u00bb alt=\u00bbPROAUTORENTACAR\u00bb admin_label=\u00bbBlurb\u00bb module_class=\u00bbmymodal\u00bb _builder_version=\u00bb4.24.0&#8243; header_font=\u00bb|800|||||||\u00bb background_size=\u00bbinitial\u00bb background_position=\u00bbtop_left\u00bb background_repeat=\u00bbrepeat\u00bb text_orientation=\u00bbcenter\u00bb max_width_tablet=\u00bb50px\u00bb link_option_url=\u00bb#proautorentacar\u00bb use_border_color=\u00bboff\u00bb global_colors_info=\u00bb{}\u00bb][\/et_pb_blurb][\/et_pb_column][et_pb_column type=\u00bb1_3&#8243; _builder_version=\u00bb4.16&#8243; custom_padding=\u00bb|||\u00bb global_colors_info=\u00bb{}\u00bb custom_padding__hover=\u00bb|||\u00bb][et_pb_blurb title=\u00bbMOTORENTPUJOLS\u00bb url=\u00bb#motorentpujols\u00bb image=\u00bbhttps:\/\/www.formenteraliving.com\/wp-content\/uploads\/2016\/01\/motorent-pujols.jpg\u00bb alt=\u00bbMOTORENTPUJOLS\u00bb admin_label=\u00bbBlurb\u00bb _builder_version=\u00bb4.24.0&#8243; header_font=\u00bb|800|||||||\u00bb background_size=\u00bbinitial\u00bb background_position=\u00bbtop_left\u00bb background_repeat=\u00bbrepeat\u00bb text_orientation=\u00bbcenter\u00bb max_width_tablet=\u00bb50px\u00bb link_option_url=\u00bb#motorentpujols\u00bb use_border_color=\u00bboff\u00bb global_colors_info=\u00bb{}\u00bb][\/et_pb_blurb][\/et_pb_column][et_pb_column type=\u00bb1_3&#8243; _builder_version=\u00bb4.16&#8243; custom_padding=\u00bb|||\u00bb global_colors_info=\u00bb{}\u00bb custom_padding__hover=\u00bb|||\u00bb][et_pb_blurb title=\u00bbFERRY IBIZA-FORMENTERA\u00bb url=\u00bb#trasmapi\u00bb image=\u00bbhttps:\/\/www.formenteraliving.com\/wp-content\/uploads\/2016\/01\/trasmapi.jpg\u00bb alt=\u00bbTRASMAPI\u00bb admin_label=\u00bbBlurb\u00bb _builder_version=\u00bb4.24.0&#8243; header_font=\u00bb|800|||||||\u00bb background_size=\u00bbinitial\u00bb background_position=\u00bbtop_left\u00bb background_repeat=\u00bbrepeat\u00bb text_orientation=\u00bbcenter\u00bb max_width_tablet=\u00bb50px\u00bb link_option_url=\u00bb#trasmapi\u00bb use_border_color=\u00bboff\u00bb global_colors_info=\u00bb{}\u00bb][\/et_pb_blurb][\/et_pb_column][\/et_pb_row][\/et_pb_section][et_pb_section fb_built=\u00bb1&#8243; custom_padding_last_edited=\u00bbon|desktop\u00bb disabled_on=\u00bbon|on|on\u00bb admin_label=\u00bbPRENOTA\u00bb _builder_version=\u00bb4.16&#8243; background_color=\u00bb#c3d1da\u00bb custom_padding_tablet=\u00bb50px|0|50px|0&#8243; custom_padding_phone=\u00bb\u00bb da_disable_devices=\u00bboff|off|off\u00bb transparent_background=\u00bboff\u00bb padding_mobile=\u00bboff\u00bb disabled=\u00bbon\u00bb collapsed=\u00bbon\u00bb global_colors_info=\u00bb{}\u00bb da_is_popup=\u00bboff\u00bb da_exit_intent=\u00bboff\u00bb da_has_close=\u00bbon\u00bb da_alt_close=\u00bboff\u00bb da_dark_close=\u00bboff\u00bb da_not_modal=\u00bbon\u00bb da_is_singular=\u00bboff\u00bb da_with_loader=\u00bboff\u00bb da_has_shadow=\u00bbon\u00bb][et_pb_row admin_label=\u00bbRow\u00bb _builder_version=\u00bb4.16&#8243; background_size=\u00bbinitial\u00bb background_position=\u00bbtop_left\u00bb background_repeat=\u00bbrepeat\u00bb collapsed=\u00bboff\u00bb global_colors_info=\u00bb{}\u00bb][et_pb_column type=\u00bb4_4&#8243; _builder_version=\u00bb4.16&#8243; custom_padding=\u00bb|||\u00bb global_colors_info=\u00bb{}\u00bb custom_padding__hover=\u00bb|||\u00bb][et_pb_text admin_label=\u00bbText\u00bb _builder_version=\u00bb4.16&#8243; background_size=\u00bbinitial\u00bb background_position=\u00bbtop_left\u00bb background_repeat=\u00bbrepeat\u00bb use_border_color=\u00bboff\u00bb border_color=\u00bb#ffffff\u00bb border_style=\u00bbsolid\u00bb global_colors_info=\u00bb{}\u00bb]<\/p>\n<h3 style=\"text-align: center;\">RESERVI AQU\u00cd EL SEU COTXE, MOTO O FERRI A UN PREU ESPECIAL \u2026<\/h3>\n<p>[\/et_pb_text][\/et_pb_column][\/et_pb_row][et_pb_row column_structure=\u00bb1_3,1_3,1_3&#8243; admin_label=\u00bbRow\u00bb _builder_version=\u00bb4.16&#8243; background_size=\u00bbinitial\u00bb background_position=\u00bbtop_left\u00bb background_repeat=\u00bbrepeat\u00bb collapsed=\u00bboff\u00bb global_colors_info=\u00bb{}\u00bb][et_pb_column type=\u00bb1_3&#8243; _builder_version=\u00bb4.16&#8243; custom_padding=\u00bb|||\u00bb global_colors_info=\u00bb{}\u00bb custom_padding__hover=\u00bb|||\u00bb][et_pb_blurb title=\u00bbPROAUTORENTACAR\u00bb url=\u00bb#proautorentacar\u00bb image=\u00bbhttps:\/\/www.formenteraliving.com\/wp-content\/uploads\/2016\/01\/proauto.jpg\u00bb alt=\u00bbPROAUTORENTACAR\u00bb admin_label=\u00bbBlurb\u00bb module_class=\u00bbmymodal\u00bb _builder_version=\u00bb4.16&#8243; background_size=\u00bbinitial\u00bb background_position=\u00bbtop_left\u00bb background_repeat=\u00bbrepeat\u00bb text_orientation=\u00bbcenter\u00bb max_width_tablet=\u00bb50px\u00bb link_option_url=\u00bb#proautorentacar\u00bb use_border_color=\u00bboff\u00bb global_colors_info=\u00bb{}\u00bb][\/et_pb_blurb][\/et_pb_column][et_pb_column type=\u00bb1_3&#8243; _builder_version=\u00bb4.16&#8243; custom_padding=\u00bb|||\u00bb global_colors_info=\u00bb{}\u00bb custom_padding__hover=\u00bb|||\u00bb][et_pb_blurb title=\u00bbMOTORENTPUJOLS\u00bb url=\u00bb#motorentpujols\u00bb image=\u00bbhttps:\/\/www.formenteraliving.com\/wp-content\/uploads\/2016\/01\/motorent-pujols.jpg\u00bb alt=\u00bbMOTORENTPUJOLS\u00bb admin_label=\u00bbBlurb\u00bb _builder_version=\u00bb4.16&#8243; background_size=\u00bbinitial\u00bb background_position=\u00bbtop_left\u00bb background_repeat=\u00bbrepeat\u00bb text_orientation=\u00bbcenter\u00bb max_width_tablet=\u00bb50px\u00bb link_option_url=\u00bb#motorentpujols\u00bb use_border_color=\u00bboff\u00bb global_colors_info=\u00bb{}\u00bb][\/et_pb_blurb][\/et_pb_column][et_pb_column type=\u00bb1_3&#8243; _builder_version=\u00bb4.16&#8243; custom_padding=\u00bb|||\u00bb global_colors_info=\u00bb{}\u00bb custom_padding__hover=\u00bb|||\u00bb][et_pb_blurb title=\u00bbTRASMAPI\u00bb url=\u00bb#trasmapi\u00bb image=\u00bbhttps:\/\/www.formenteraliving.com\/wp-content\/uploads\/2016\/01\/trasmapi.jpg\u00bb alt=\u00bbTRASMAPI\u00bb admin_label=\u00bbBlurb\u00bb _builder_version=\u00bb4.16&#8243; background_size=\u00bbinitial\u00bb background_position=\u00bbtop_left\u00bb background_repeat=\u00bbrepeat\u00bb text_orientation=\u00bbcenter\u00bb max_width_tablet=\u00bb50px\u00bb link_option_url=\u00bb#trasmapi\u00bb use_border_color=\u00bboff\u00bb global_colors_info=\u00bb{}\u00bb][\/et_pb_blurb][\/et_pb_column][\/et_pb_row][\/et_pb_section][et_pb_section fb_built=\u00bb1&#8243; admin_label=\u00bb#proautorentacar\u00bb module_id=\u00bbproautorentacar\u00bb module_class=\u00bbpopup\u00bb _builder_version=\u00bb4.16&#8243; da_is_popup=\u00bbon\u00bb da_popup_slug=\u00bbproautorentacar\u00bb da_disable_devices=\u00bboff|off|off\u00bb collapsed=\u00bbon\u00bb global_colors_info=\u00bb{}\u00bb da_exit_intent=\u00bboff\u00bb da_has_close=\u00bbon\u00bb da_alt_close=\u00bboff\u00bb da_dark_close=\u00bboff\u00bb da_not_modal=\u00bbon\u00bb da_is_singular=\u00bboff\u00bb da_with_loader=\u00bboff\u00bb da_has_shadow=\u00bbon\u00bb][et_pb_row column_structure=\u00bb1_2,1_2&#8243; admin_label=\u00bbRow\u00bb _builder_version=\u00bb4.16&#8243; background_size=\u00bbinitial\u00bb background_position=\u00bbtop_left\u00bb background_repeat=\u00bbrepeat\u00bb collapsed=\u00bbon\u00bb global_colors_info=\u00bb{}\u00bb][et_pb_column type=\u00bb1_2&#8243; _builder_version=\u00bb4.16&#8243; custom_padding=\u00bb|||\u00bb global_colors_info=\u00bb{}\u00bb custom_padding__hover=\u00bb|||\u00bb][et_pb_text admin_label=\u00bbText\u00bb _builder_version=\u00bb4.27.4&#8243; background_size=\u00bbinitial\u00bb background_position=\u00bbtop_left\u00bb background_repeat=\u00bbrepeat\u00bb use_border_color=\u00bboff\u00bb border_color=\u00bb#ffffff\u00bb border_style=\u00bbsolid\u00bb global_colors_info=\u00bb{}\u00bb]<\/p>\n<p>\u00a0 El panorama del Mirador de la Mola o del far d&#8217;Es Cap de Barberia, els mercats, el camp i les platges menys contaminades de la Mediterr\u00e0nia, s\u00f3n nom\u00e9s alguns dels llocs que podr\u00e0s descobrir i viure a Formentera. LLOGA UN COTXE per temps amb Proauto, el nostre Partner a l&#8217;illa. Despla\u00e7a&#8217;t en total llibertat per con\u00e8ixer m\u00e9s a fons aquesta magn\u00edfica terra. Fes click al seg\u00fcent enlla\u00e7 i demana un pressupost \u00abon line\u00bb. Inserint despr\u00e9s en l&#8217;espai de promoci\u00f3 corresponent, el nostre codi de descompte (OCEANLIVING) per aconseguir un descompte per als nostres clients. Reserva aqu\u00ed el teu cotxe.<\/p>\n<p><\/p>\n<h3>\u00a0<\/h3>\n<p>[\/et_pb_text][et_pb_image src=\u00bbhttps:\/\/www.formenteraliving.com\/wp-content\/uploads\/2016\/01\/proauto-promocion.jpg\u00bb align_tablet=\u00bbcenter\u00bb align_phone=\u00bb\u00bb align_last_edited=\u00bbon|desktop\u00bb admin_label=\u00bbImage\u00bb _builder_version=\u00bb4.16&#8243; animation_style=\u00bbslide\u00bb animation_direction=\u00bbleft\u00bb animation_duration=\u00bb500ms\u00bb animation_intensity_slide=\u00bb10%\u00bb use_border_color=\u00bboff\u00bb global_colors_info=\u00bb{}\u00bb][\/et_pb_image][\/et_pb_column][et_pb_column type=\u00bb1_2&#8243; _builder_version=\u00bb4.16&#8243; custom_padding=\u00bb|||\u00bb global_colors_info=\u00bb{}\u00bb custom_padding__hover=\u00bb|||\u00bb][et_pb_image src=\u00bbhttps:\/\/formenteraliving.com\/wp-content\/uploads\/2016\/01\/proauto.jpg\u00bb alt=\u00bbInmobiliaria Oceanliving &#8211; Alquiler y venta de casas &#8211; Ofrece un descuento para Proautorentacar\u00bb title_text=\u00bbproauto\u00bb url=\u00bbhttp:\/\/www.proautorentacar.com\/?promo=OCEANLIVING\u00bb url_new_window=\u00bbon\u00bb align_tablet=\u00bbcenter\u00bb align_phone=\u00bb\u00bb align_last_edited=\u00bbon|desktop\u00bb admin_label=\u00bbImage\u00bb _builder_version=\u00bb4.27.4&#8243; animation_style=\u00bbslide\u00bb animation_direction=\u00bbleft\u00bb animation_duration=\u00bb500ms\u00bb animation_intensity_slide=\u00bb10%\u00bb use_border_color=\u00bboff\u00bb global_colors_info=\u00bb{}\u00bb][\/et_pb_image][\/et_pb_column][\/et_pb_row][\/et_pb_section][et_pb_section fb_built=\u00bb1&#8243; admin_label=\u00bb#motorentpujols\u00bb module_id=\u00bbmotorentpujols\u00bb module_class=\u00bbpopup\u00bb _builder_version=\u00bb4.16&#8243; da_is_popup=\u00bbon\u00bb da_popup_slug=\u00bbmotorentpujols\u00bb da_disable_devices=\u00bboff|off|off\u00bb collapsed=\u00bbon\u00bb global_colors_info=\u00bb{}\u00bb da_exit_intent=\u00bboff\u00bb da_has_close=\u00bbon\u00bb da_alt_close=\u00bboff\u00bb da_dark_close=\u00bboff\u00bb da_not_modal=\u00bbon\u00bb da_is_singular=\u00bboff\u00bb da_with_loader=\u00bboff\u00bb da_has_shadow=\u00bbon\u00bb][et_pb_row column_structure=\u00bb1_2,1_2&#8243; admin_label=\u00bbRow\u00bb _builder_version=\u00bb4.16&#8243; background_size=\u00bbinitial\u00bb background_position=\u00bbtop_left\u00bb background_repeat=\u00bbrepeat\u00bb collapsed=\u00bbon\u00bb global_colors_info=\u00bb{}\u00bb][et_pb_column type=\u00bb1_2&#8243; _builder_version=\u00bb4.16&#8243; custom_padding=\u00bb|||\u00bb global_colors_info=\u00bb{}\u00bb custom_padding__hover=\u00bb|||\u00bb][et_pb_text admin_label=\u00bbText\u00bb _builder_version=\u00bb4.27.4&#8243; background_size=\u00bbinitial\u00bb background_position=\u00bbtop_left\u00bb background_repeat=\u00bbrepeat\u00bb use_border_color=\u00bboff\u00bb border_color=\u00bb#ffffff\u00bb border_style=\u00bbsolid\u00bb global_colors_info=\u00bb{}\u00bb]<\/p>\n<p>\u00a0 Vacances sobre dues rodes? LLOGAR un esc\u00fater, una moto o un quad amb el nostre Partner a l&#8217;illa MotoRent Pujols. Les nombroses oficina a l&#8217;illa garanteixen m\u00e0xima assist\u00e8ncia. Fes click al seg\u00fcent enlla\u00e7 i demana un pressupost \u00abon line\u00bb. Inserint despr\u00e9s en l&#8217;espai de promoci\u00f3 corresponent nostre codi de descompte (OCEANLIVING) aconseguissis un ulterior descompte per als nostres clients. Reserva aqu\u00ed la teva moto.<\/p>\n<p><\/p>\n<h3>\u00a0<\/h3>\n<p>[\/et_pb_text][et_pb_image src=\u00bbhttps:\/\/www.formenteraliving.com\/wp-content\/uploads\/2016\/01\/proauto-promocion.jpg\u00bb align_tablet=\u00bbcenter\u00bb align_phone=\u00bb\u00bb align_last_edited=\u00bbon|desktop\u00bb admin_label=\u00bbImage\u00bb _builder_version=\u00bb4.16&#8243; animation_style=\u00bbslide\u00bb animation_direction=\u00bbleft\u00bb animation_duration=\u00bb500ms\u00bb animation_intensity_slide=\u00bb10%\u00bb use_border_color=\u00bboff\u00bb global_colors_info=\u00bb{}\u00bb][\/et_pb_image][\/et_pb_column][et_pb_column type=\u00bb1_2&#8243; _builder_version=\u00bb4.16&#8243; custom_padding=\u00bb|||\u00bb global_colors_info=\u00bb{}\u00bb custom_padding__hover=\u00bb|||\u00bb][et_pb_image src=\u00bbhttps:\/\/formenteraliving.com\/wp-content\/uploads\/2016\/01\/motorent-pujols.jpg\u00bb alt=\u00bbInmobiliaria Oceanliving &#8211; Alquiler y venta de casas &#8211; Ofrece un descuento para Motor rent Pujols\u00bb title_text=\u00bbmotorent-pujols\u00bb url=\u00bbhttp:\/\/www.motorentpujols.com\/?promo=OCEANLIVING\u00bb url_new_window=\u00bbon\u00bb align_tablet=\u00bbcenter\u00bb align_phone=\u00bb\u00bb align_last_edited=\u00bbon|desktop\u00bb admin_label=\u00bbImage\u00bb _builder_version=\u00bb4.27.4&#8243; animation_style=\u00bbslide\u00bb animation_direction=\u00bbleft\u00bb animation_duration=\u00bb500ms\u00bb animation_intensity_slide=\u00bb10%\u00bb use_border_color=\u00bboff\u00bb global_colors_info=\u00bb{}\u00bb][\/et_pb_image][\/et_pb_column][\/et_pb_row][\/et_pb_section][et_pb_section fb_built=\u00bb1&#8243; admin_label=\u00bb#trasmapi\u00bb module_id=\u00bbtrasmapi\u00bb module_class=\u00bbpopup\u00bb _builder_version=\u00bb4.16&#8243; da_is_popup=\u00bbon\u00bb da_popup_slug=\u00bbtrasmapi\u00bb da_disable_devices=\u00bboff|off|off\u00bb collapsed=\u00bbon\u00bb global_colors_info=\u00bb{}\u00bb da_exit_intent=\u00bboff\u00bb da_has_close=\u00bbon\u00bb da_alt_close=\u00bboff\u00bb da_dark_close=\u00bboff\u00bb da_not_modal=\u00bbon\u00bb da_is_singular=\u00bboff\u00bb da_with_loader=\u00bboff\u00bb da_has_shadow=\u00bbon\u00bb][et_pb_row column_structure=\u00bb1_2,1_2&#8243; admin_label=\u00bbRow\u00bb _builder_version=\u00bb4.16&#8243; background_size=\u00bbinitial\u00bb background_position=\u00bbtop_left\u00bb background_repeat=\u00bbrepeat\u00bb collapsed=\u00bbon\u00bb global_colors_info=\u00bb{}\u00bb][et_pb_column type=\u00bb1_2&#8243; _builder_version=\u00bb4.16&#8243; custom_padding=\u00bb|||\u00bb global_colors_info=\u00bb{}\u00bb custom_padding__hover=\u00bb|||\u00bb][et_pb_text admin_label=\u00bbText\u00bb _builder_version=\u00bb4.27.5&#8243; background_size=\u00bbinitial\u00bb background_position=\u00bbtop_left\u00bb background_repeat=\u00bbrepeat\u00bb use_border_color=\u00bboff\u00bb global_colors_info=\u00bb{}\u00bb]<\/p>\n<p>Evita cues innecess\u00e0ries, p\u00e8rdua de temps i aconsegueix un preu molt avantatj\u00f3s en comparaci\u00f3 amb les taquilles del port d&#8217;Eivissa i Formentera.<\/p>\n<p><\/p>\n<p>Compra la teva entrada online amb l&#8217;empresa TRASMAPI.<\/p>\n<p><\/p>\n<h3><span style=\"color: #ff0000;\"><strong>CODI: 2026OCEANLIVING<\/strong><\/span><\/h3>\n<p><\/p>\n<p><span style=\"color: #ff0000;\"><strong>Fes clic a la imatge i aconsegueix el teu descompte<\/strong><\/span><\/p>\n<p>[\/et_pb_text][\/et_pb_column][et_pb_column type=\u00bb1_2&#8243; _builder_version=\u00bb4.16&#8243; custom_padding=\u00bb|||\u00bb global_colors_info=\u00bb{}\u00bb custom_padding__hover=\u00bb|||\u00bb][et_pb_image src=\u00bbhttps:\/\/formenteraliving.com\/wp-content\/uploads\/2016\/01\/trasmapi.jpg\u00bb alt=\u00bbInmobiliaria Oceanliving &#8211; Alquiler y venta de casas &#8211; Ofrece un descuento para Trasmapi\u00bb title_text=\u00bbtrasmapi\u00bb url=\u00bbhttps:\/\/www.trasmapi.com\/?origin=www.formenteraliving.com&amp;promo=2026OCEANLIVING\u00bb url_new_window=\u00bbon\u00bb align_tablet=\u00bbcenter\u00bb align_phone=\u00bb\u00bb align_last_edited=\u00bbon|desktop\u00bb admin_label=\u00bbImage\u00bb _builder_version=\u00bb4.27.5&#8243; animation_style=\u00bbslide\u00bb animation_direction=\u00bbleft\u00bb animation_duration=\u00bb500ms\u00bb animation_intensity_slide=\u00bb10%\u00bb use_border_color=\u00bboff\u00bb global_colors_info=\u00bb{}\u00bb][\/et_pb_image][\/et_pb_column][\/et_pb_row][\/et_pb_section][et_pb_section fb_built=\u00bb1&#8243; admin_label=\u00bbPromuovi\u00bb _builder_version=\u00bb4.16&#8243; _module_preset=\u00bbdefault\u00bb da_disable_devices=\u00bboff|off|off\u00bb collapsed=\u00bbon\u00bb global_colors_info=\u00bb{}\u00bb da_is_popup=\u00bboff\u00bb da_exit_intent=\u00bboff\u00bb da_has_close=\u00bbon\u00bb da_alt_close=\u00bboff\u00bb da_dark_close=\u00bboff\u00bb da_not_modal=\u00bbon\u00bb da_is_singular=\u00bboff\u00bb da_with_loader=\u00bboff\u00bb da_has_shadow=\u00bbon\u00bb][et_pb_row _builder_version=\u00bb4.16&#8243; _module_preset=\u00bbdefault\u00bb collapsed=\u00bboff\u00bb global_colors_info=\u00bb{}\u00bb][et_pb_column type=\u00bb4_4&#8243; _builder_version=\u00bb4.16&#8243; _module_preset=\u00bbdefault\u00bb global_colors_info=\u00bb{}\u00bb][et_pb_text _builder_version=\u00bb4.24.0&#8243; background_size=\u00bbinitial\u00bb background_position=\u00bbtop_left\u00bb background_repeat=\u00bbrepeat\u00bb global_colors_info=\u00bb{}\u00bb]<\/p>\n<h1 style=\"text-align: center;\">Promociona la teva casa a Formentera<\/h1>\n<p>[\/et_pb_text][et_pb_text _builder_version=\u00bb4.16&#8243; background_size=\u00bbinitial\u00bb background_position=\u00bbtop_left\u00bb background_repeat=\u00bbrepeat\u00bb animation_style=\u00bbslide\u00bb animation_direction=\u00bbleft\u00bb animation_duration=\u00bb500ms\u00bb animation_intensity_slide=\u00bb10%\u00bb global_colors_info=\u00bb{}\u00bb]<\/p>\n<p style=\"text-align: center;\"><strong>Ets propietari d\u2019una casa, vila, apartament o terreny a Formentera? <\/strong>Posa\u2019t en contacte amb nosaltres per vendre o llogar la teva propietat.<\/p>\n<p>[\/et_pb_text][et_pb_button button_url=\u00bbhttps:\/\/www.formenteraliving.com\/ca\/contacte\/\u00bb button_text=\u00bbContacta amb nosaltres\u00bb button_alignment=\u00bbcenter\u00bb _builder_version=\u00bb4.16&#8243; global_colors_info=\u00bb{}\u00bb button_text_size__hover_enabled=\u00bboff\u00bb button_one_text_size__hover_enabled=\u00bboff\u00bb button_two_text_size__hover_enabled=\u00bboff\u00bb button_text_color__hover_enabled=\u00bboff\u00bb button_one_text_color__hover_enabled=\u00bboff\u00bb button_two_text_color__hover_enabled=\u00bboff\u00bb button_border_width__hover_enabled=\u00bboff\u00bb button_one_border_width__hover_enabled=\u00bboff\u00bb button_two_border_width__hover_enabled=\u00bboff\u00bb button_border_color__hover_enabled=\u00bboff\u00bb button_one_border_color__hover_enabled=\u00bboff\u00bb button_two_border_color__hover_enabled=\u00bboff\u00bb button_border_radius__hover_enabled=\u00bboff\u00bb button_one_border_radius__hover_enabled=\u00bboff\u00bb button_two_border_radius__hover_enabled=\u00bboff\u00bb button_letter_spacing__hover_enabled=\u00bboff\u00bb button_one_letter_spacing__hover_enabled=\u00bboff\u00bb button_two_letter_spacing__hover_enabled=\u00bboff\u00bb button_bg_color__hover_enabled=\u00bboff\u00bb button_one_bg_color__hover_enabled=\u00bboff\u00bb button_two_bg_color__hover_enabled=\u00bboff\u00bb][\/et_pb_button][\/et_pb_column][\/et_pb_row][\/et_pb_section]<\/p>\n","protected":false},"excerpt":{"rendered":"<p>[et_pb_section fb_built=\u00bb1&#8243; fullwidth=\u00bbon\u00bb admin_label=\u00bbSLIDER\u00bb _builder_version=\u00bb4.10.7&#8243; da_disable_devices=\u00bboff|off|off\u00bb global_module=\u00bb13517&#8243; collapsed=\u00bbon\u00bb global_colors_info=\u00bb{}\u00bb da_is_popup=\u00bboff\u00bb da_exit_intent=\u00bboff\u00bb da_has_close=\u00bbon\u00bb da_alt_close=\u00bboff\u00bb da_dark_close=\u00bboff\u00bb da_not_modal=\u00bbon\u00bb da_is_singular=\u00bboff\u00bb da_with_loader=\u00bboff\u00bb da_has_shadow=\u00bbon\u00bb][et_pb_fullwidth_slider _builder_version=\u00bb4.16&#8243; _module_preset=\u00bbdefault\u00bb max_height=\u00bb350px\u00bb auto=\u00bbon\u00bb global_colors_info=\u00bb{}\u00bb][et_pb_slide _builder_version=\u00bb4.16&#8243; _module_preset=\u00bbdefault\u00bb background_image=\u00bbhttps:\/\/formenteraliving.com\/wp-content\/uploads\/2016\/01\/DSC_0034.jpeg\u00bb background_enable_image=\u00bbon\u00bb global_colors_info=\u00bb{}\u00bb sticky_transition=\u00bbon\u00bb][\/et_pb_slide][et_pb_slide _builder_version=\u00bb4.16&#8243; _module_preset=\u00bbdefault\u00bb background_image=\u00bbhttps:\/\/formenteraliving.com\/wp-content\/uploads\/2016\/01\/DSC_0868.jpeg\u00bb background_enable_image=\u00bbon\u00bb global_colors_info=\u00bb{}\u00bb sticky_transition=\u00bbon\u00bb][\/et_pb_slide][et_pb_slide _builder_version=\u00bb4.16&#8243; _module_preset=\u00bbdefault\u00bb background_image=\u00bbhttps:\/\/formenteraliving.com\/wp-content\/uploads\/2016\/01\/DSC_0859.jpeg\u00bb background_enable_image=\u00bbon\u00bb global_colors_info=\u00bb{}\u00bb sticky_transition=\u00bbon\u00bb][\/et_pb_slide][et_pb_slide _builder_version=\u00bb4.16&#8243; _module_preset=\u00bbdefault\u00bb background_image=\u00bbhttps:\/\/formenteraliving.com\/wp-content\/uploads\/2016\/01\/DSC_0652.jpeg\u00bb background_enable_image=\u00bbon\u00bb global_colors_info=\u00bb{}\u00bb sticky_transition=\u00bbon\u00bb][\/et_pb_slide][et_pb_slide _builder_version=\u00bb4.16&#8243; _module_preset=\u00bbdefault\u00bb background_image=\u00bbhttps:\/\/www.formenteraliving.com\/wp-content\/uploads\/2021\/09\/Fachada-principal.jpeg\u00bb background_enable_image=\u00bbon\u00bb global_colors_info=\u00bb{}\u00bb sticky_transition=\u00bbon\u00bb][\/et_pb_slide][\/et_pb_fullwidth_slider][\/et_pb_section][et_pb_section fb_built=\u00bb1&#8243; specialty=\u00bbon\u00bb [&hellip;]<\/p>\n","protected":false},"author":3,"featured_media":24208,"parent":0,"menu_order":0,"comment_status":"closed","ping_status":"open","template":"","meta":{"_acf_changed":false,"_et_pb_use_builder":"on","_et_pb_old_content":"","_et_gb_content_width":"","footnotes":""},"class_list":["post-7078","page","type-page","status-publish","has-post-thumbnail","hentry"],"acf":[],"yoast_head":"<!-- This site is optimized with the Yoast SEO plugin v28.3 - https:\/\/yoast.com\/product\/yoast-seo-wordpress\/ -->\n<title>Lloguer i venda de cases amb piscina a Formentera | Immobili\u00e0ria Oceanliving<\/title>\n<meta name=\"description\" content=\"Immobili\u00e0ria Oceanliving ofereix una \u00e0mplia selecci\u00f3, en lloguer i venda de cases, viles de luxe i apartaments amb piscina, a Formentera.\" \/>\n<meta name=\"robots\" content=\"index, follow, max-snippet:-1, max-image-preview:large, max-video-preview:-1\" \/>\n<link rel=\"canonical\" href=\"https:\/\/www.formenteraliving.com\/ca\/\" \/>\n<meta property=\"og:locale\" content=\"ca_ES\" \/>\n<meta property=\"og:type\" content=\"article\" \/>\n<meta property=\"og:title\" content=\"Case a Formentera - Affitto e vendita \/ Oceanliving Immobiliaria\" \/>\n<meta property=\"og:description\" content=\"Affitto e vendita case, ville di prestigio e appartamenti a Formentera. Fatti consigliare per vivere la tua vacanza e un&#039;esperienza unica in totale liberta\" \/>\n<meta property=\"og:url\" content=\"https:\/\/www.formenteraliving.com\/ca\/\" \/>\n<meta property=\"og:site_name\" content=\"Formenteraliving\" \/>\n<meta property=\"article:publisher\" content=\"https:\/\/www.facebook.com\/Oceanliving-276519762415611\/\" \/>\n<meta property=\"article:modified_time\" content=\"2026-07-08T07:46:45+00:00\" \/>\n<meta property=\"og:image\" content=\"http:\/\/www.formenteraliving.com\/wp-content\/uploads\/2016\/01\/logo_portada.png\" \/>\n<meta name=\"twitter:card\" content=\"summary_large_image\" \/>\n<meta name=\"twitter:label1\" content=\"Temps estimat de lectura\" \/>\n\t<meta name=\"twitter:data1\" content=\"47 minuts\" \/>\n<script type=\"application\/ld+json\" class=\"yoast-schema-graph\">{\"@context\":\"https:\\\/\\\/schema.org\",\"@graph\":[{\"@type\":\"WebPage\",\"@id\":\"https:\\\/\\\/www.formenteraliving.com\\\/ca\\\/\",\"url\":\"https:\\\/\\\/www.formenteraliving.com\\\/ca\\\/\",\"name\":\"Lloguer i venda de cases amb piscina a Formentera | Immobili\u00e0ria Oceanliving\",\"isPartOf\":{\"@id\":\"https:\\\/\\\/www.formenteraliving.com\\\/ca\\\/#website\"},\"primaryImageOfPage\":{\"@id\":\"https:\\\/\\\/www.formenteraliving.com\\\/ca\\\/#primaryimage\"},\"image\":{\"@id\":\"https:\\\/\\\/www.formenteraliving.com\\\/ca\\\/#primaryimage\"},\"thumbnailUrl\":\"https:\\\/\\\/www.formenteraliving.com\\\/wp-content\\\/uploads\\\/2025\\\/10\\\/logotipo-formenteraliving.png\",\"datePublished\":\"2018-08-03T09:11:18+00:00\",\"dateModified\":\"2026-07-08T07:46:45+00:00\",\"description\":\"Immobili\u00e0ria Oceanliving ofereix una \u00e0mplia selecci\u00f3, en lloguer i venda de cases, viles de luxe i apartaments amb piscina, a Formentera.\",\"breadcrumb\":{\"@id\":\"https:\\\/\\\/www.formenteraliving.com\\\/ca\\\/#breadcrumb\"},\"inLanguage\":\"ca\",\"potentialAction\":[{\"@type\":\"ReadAction\",\"target\":[\"https:\\\/\\\/www.formenteraliving.com\\\/ca\\\/\"]}]},{\"@type\":\"ImageObject\",\"inLanguage\":\"ca\",\"@id\":\"https:\\\/\\\/www.formenteraliving.com\\\/ca\\\/#primaryimage\",\"url\":\"https:\\\/\\\/www.formenteraliving.com\\\/wp-content\\\/uploads\\\/2025\\\/10\\\/logotipo-formenteraliving.png\",\"contentUrl\":\"https:\\\/\\\/www.formenteraliving.com\\\/wp-content\\\/uploads\\\/2025\\\/10\\\/logotipo-formenteraliving.png\",\"width\":512,\"height\":512},{\"@type\":\"BreadcrumbList\",\"@id\":\"https:\\\/\\\/www.formenteraliving.com\\\/ca\\\/#breadcrumb\",\"itemListElement\":[{\"@type\":\"ListItem\",\"position\":1,\"name\":\"Inici\",\"item\":\"https:\\\/\\\/www.formenteraliving.com\\\/ca\\\/inici\\\/\"},{\"@type\":\"ListItem\",\"position\":2,\"name\":\"Inici\"}]},{\"@type\":\"WebSite\",\"@id\":\"https:\\\/\\\/www.formenteraliving.com\\\/ca\\\/#website\",\"url\":\"https:\\\/\\\/www.formenteraliving.com\\\/ca\\\/\",\"name\":\"Formenteraliving\",\"description\":\"Ocealiving Real Estate - Vacanze Formentera con stile: Affitto case, appartamenti, Finca. Vendita Casa, Finca, Appartamenti, Real estate Formentera. Servizio affito auto, scooter ...\",\"publisher\":{\"@id\":\"https:\\\/\\\/www.formenteraliving.com\\\/ca\\\/#organization\"},\"potentialAction\":[{\"@type\":\"SearchAction\",\"target\":{\"@type\":\"EntryPoint\",\"urlTemplate\":\"https:\\\/\\\/www.formenteraliving.com\\\/ca\\\/?s={search_term_string}\"},\"query-input\":{\"@type\":\"PropertyValueSpecification\",\"valueRequired\":true,\"valueName\":\"search_term_string\"}}],\"inLanguage\":\"ca\"},{\"@type\":\"Organization\",\"@id\":\"https:\\\/\\\/www.formenteraliving.com\\\/ca\\\/#organization\",\"name\":\"Oceanliving Formentera\",\"url\":\"https:\\\/\\\/www.formenteraliving.com\\\/ca\\\/\",\"logo\":{\"@type\":\"ImageObject\",\"inLanguage\":\"ca\",\"@id\":\"https:\\\/\\\/www.formenteraliving.com\\\/ca\\\/#\\\/schema\\\/logo\\\/image\\\/\",\"url\":\"https:\\\/\\\/www.formenteraliving.com\\\/wp-content\\\/uploads\\\/2018\\\/08\\\/IMG_9086.jpg\",\"contentUrl\":\"https:\\\/\\\/www.formenteraliving.com\\\/wp-content\\\/uploads\\\/2018\\\/08\\\/IMG_9086.jpg\",\"width\":2995,\"height\":2840,\"caption\":\"Oceanliving Formentera\"},\"image\":{\"@id\":\"https:\\\/\\\/www.formenteraliving.com\\\/ca\\\/#\\\/schema\\\/logo\\\/image\\\/\"},\"sameAs\":[\"https:\\\/\\\/www.facebook.com\\\/Oceanliving-276519762415611\\\/\",\"https:\\\/\\\/www.instagram.com\\\/formenteraliving\\\/\"]}]}<\/script>\n<!-- \/ Yoast SEO plugin. -->","yoast_head_json":{"title":"Lloguer i venda de cases amb piscina a Formentera | Immobili\u00e0ria Oceanliving","description":"Immobili\u00e0ria Oceanliving ofereix una \u00e0mplia selecci\u00f3, en lloguer i venda de cases, viles de luxe i apartaments amb piscina, a Formentera.","robots":{"index":"index","follow":"follow","max-snippet":"max-snippet:-1","max-image-preview":"max-image-preview:large","max-video-preview":"max-video-preview:-1"},"canonical":"https:\/\/www.formenteraliving.com\/ca\/","og_locale":"ca_ES","og_type":"article","og_title":"Case a Formentera - Affitto e vendita \/ Oceanliving Immobiliaria","og_description":"Affitto e vendita case, ville di prestigio e appartamenti a Formentera. Fatti consigliare per vivere la tua vacanza e un'esperienza unica in totale liberta","og_url":"https:\/\/www.formenteraliving.com\/ca\/","og_site_name":"Formenteraliving","article_publisher":"https:\/\/www.facebook.com\/Oceanliving-276519762415611\/","article_modified_time":"2026-07-08T07:46:45+00:00","og_image":[{"url":"http:\/\/www.formenteraliving.com\/wp-content\/uploads\/2016\/01\/logo_portada.png","type":"","width":"","height":""}],"twitter_card":"summary_large_image","twitter_misc":{"Temps estimat de lectura":"47 minuts"},"schema":{"@context":"https:\/\/schema.org","@graph":[{"@type":"WebPage","@id":"https:\/\/www.formenteraliving.com\/ca\/","url":"https:\/\/www.formenteraliving.com\/ca\/","name":"Lloguer i venda de cases amb piscina a Formentera | Immobili\u00e0ria Oceanliving","isPartOf":{"@id":"https:\/\/www.formenteraliving.com\/ca\/#website"},"primaryImageOfPage":{"@id":"https:\/\/www.formenteraliving.com\/ca\/#primaryimage"},"image":{"@id":"https:\/\/www.formenteraliving.com\/ca\/#primaryimage"},"thumbnailUrl":"https:\/\/www.formenteraliving.com\/wp-content\/uploads\/2025\/10\/logotipo-formenteraliving.png","datePublished":"2018-08-03T09:11:18+00:00","dateModified":"2026-07-08T07:46:45+00:00","description":"Immobili\u00e0ria Oceanliving ofereix una \u00e0mplia selecci\u00f3, en lloguer i venda de cases, viles de luxe i apartaments amb piscina, a Formentera.","breadcrumb":{"@id":"https:\/\/www.formenteraliving.com\/ca\/#breadcrumb"},"inLanguage":"ca","potentialAction":[{"@type":"ReadAction","target":["https:\/\/www.formenteraliving.com\/ca\/"]}]},{"@type":"ImageObject","inLanguage":"ca","@id":"https:\/\/www.formenteraliving.com\/ca\/#primaryimage","url":"https:\/\/www.formenteraliving.com\/wp-content\/uploads\/2025\/10\/logotipo-formenteraliving.png","contentUrl":"https:\/\/www.formenteraliving.com\/wp-content\/uploads\/2025\/10\/logotipo-formenteraliving.png","width":512,"height":512},{"@type":"BreadcrumbList","@id":"https:\/\/www.formenteraliving.com\/ca\/#breadcrumb","itemListElement":[{"@type":"ListItem","position":1,"name":"Inici","item":"https:\/\/www.formenteraliving.com\/ca\/inici\/"},{"@type":"ListItem","position":2,"name":"Inici"}]},{"@type":"WebSite","@id":"https:\/\/www.formenteraliving.com\/ca\/#website","url":"https:\/\/www.formenteraliving.com\/ca\/","name":"Formenteraliving","description":"Ocealiving Real Estate - Vacanze Formentera con stile: Affitto case, appartamenti, Finca. Vendita Casa, Finca, Appartamenti, Real estate Formentera. Servizio affito auto, scooter ...","publisher":{"@id":"https:\/\/www.formenteraliving.com\/ca\/#organization"},"potentialAction":[{"@type":"SearchAction","target":{"@type":"EntryPoint","urlTemplate":"https:\/\/www.formenteraliving.com\/ca\/?s={search_term_string}"},"query-input":{"@type":"PropertyValueSpecification","valueRequired":true,"valueName":"search_term_string"}}],"inLanguage":"ca"},{"@type":"Organization","@id":"https:\/\/www.formenteraliving.com\/ca\/#organization","name":"Oceanliving Formentera","url":"https:\/\/www.formenteraliving.com\/ca\/","logo":{"@type":"ImageObject","inLanguage":"ca","@id":"https:\/\/www.formenteraliving.com\/ca\/#\/schema\/logo\/image\/","url":"https:\/\/www.formenteraliving.com\/wp-content\/uploads\/2018\/08\/IMG_9086.jpg","contentUrl":"https:\/\/www.formenteraliving.com\/wp-content\/uploads\/2018\/08\/IMG_9086.jpg","width":2995,"height":2840,"caption":"Oceanliving Formentera"},"image":{"@id":"https:\/\/www.formenteraliving.com\/ca\/#\/schema\/logo\/image\/"},"sameAs":["https:\/\/www.facebook.com\/Oceanliving-276519762415611\/","https:\/\/www.instagram.com\/formenteraliving\/"]}]}},"_links":{"self":[{"href":"https:\/\/www.formenteraliving.com\/ca\/wp-json\/wp\/v2\/pages\/7078","targetHints":{"allow":["GET"]}}],"collection":[{"href":"https:\/\/www.formenteraliving.com\/ca\/wp-json\/wp\/v2\/pages"}],"about":[{"href":"https:\/\/www.formenteraliving.com\/ca\/wp-json\/wp\/v2\/types\/page"}],"author":[{"embeddable":true,"href":"https:\/\/www.formenteraliving.com\/ca\/wp-json\/wp\/v2\/users\/3"}],"replies":[{"embeddable":true,"href":"https:\/\/www.formenteraliving.com\/ca\/wp-json\/wp\/v2\/comments?post=7078"}],"version-history":[{"count":38,"href":"https:\/\/www.formenteraliving.com\/ca\/wp-json\/wp\/v2\/pages\/7078\/revisions"}],"predecessor-version":[{"id":26716,"href":"https:\/\/www.formenteraliving.com\/ca\/wp-json\/wp\/v2\/pages\/7078\/revisions\/26716"}],"wp:featuredmedia":[{"embeddable":true,"href":"https:\/\/www.formenteraliving.com\/ca\/wp-json\/wp\/v2\/media\/24208"}],"wp:attachment":[{"href":"https:\/\/www.formenteraliving.com\/ca\/wp-json\/wp\/v2\/media?parent=7078"}],"curies":[{"name":"wp","href":"https:\/\/api.w.org\/{rel}","templated":true}]}}